{"id":12604,"date":"2025-05-12T11:11:55","date_gmt":"2025-05-12T09:11:55","guid":{"rendered":"https:\/\/viseca-payment.ch\/?page_id=12604"},"modified":"2026-04-17T10:59:23","modified_gmt":"2026-04-17T08:59:23","slug":"corporate-governance","status":"publish","type":"page","link":"https:\/\/viseca-payment.ch\/de\/unternehmen\/corporate-governance\/","title":{"rendered":"Corporate Governance"},"content":{"rendered":"\t\t<div data-elementor-type=\"wp-page\" data-elementor-id=\"12604\" class=\"elementor elementor-12604\" data-elementor-post-type=\"page\">\n\t\t\t\t\t\t<section class=\"elementor-section elementor-top-section elementor-element elementor-element-4ed70a5 elementor-section-height-min-height elementor-section-boxed elementor-section-height-default elementor-section-items-middle\" data-id=\"4ed70a5\" data-element_type=\"section\" data-e-type=\"section\" data-settings=\"{&quot;background_background&quot;:&quot;classic&quot;,&quot;animation&quot;:&quot;none&quot;}\">\n\t\t\t\t\t\t<div class=\"elementor-container elementor-column-gap-default\">\n\t\t\t\t\t<div class=\"elementor-column elementor-col-100 elementor-top-column elementor-element elementor-element-83b4de9\" data-id=\"83b4de9\" data-element_type=\"column\" data-e-type=\"column\">\n\t\t\t<div class=\"elementor-widget-wrap elementor-element-populated\">\n\t\t\t\t\t\t<div class=\"elementor-element elementor-element-08544c5 elementor-widget elementor-widget-heading\" data-id=\"08544c5\" data-element_type=\"widget\" data-e-type=\"widget\" data-widget_type=\"heading.default\">\n\t\t\t\t<div class=\"elementor-widget-container\">\n\t\t\t\t\t<h1 class=\"elementor-heading-title elementor-size-default\">Corporate Governance<\/h1>\t\t\t\t<\/div>\n\t\t\t\t<\/div>\n\t\t\t\t\t<\/div>\n\t\t<\/div>\n\t\t\t\t\t<\/div>\n\t\t<\/section>\n\t\t\t\t<section class=\"elementor-section elementor-top-section elementor-element elementor-element-0ba45c9 elementor-section-boxed elementor-section-height-default elementor-section-height-default\" data-id=\"0ba45c9\" data-element_type=\"section\" data-e-type=\"section\">\n\t\t\t\t\t\t<div class=\"elementor-container elementor-column-gap-default\">\n\t\t\t\t\t<div class=\"elementor-column elementor-col-100 elementor-top-column elementor-element elementor-element-c65dd03\" data-id=\"c65dd03\" data-element_type=\"column\" data-e-type=\"column\">\n\t\t\t<div class=\"elementor-widget-wrap elementor-element-populated\">\n\t\t\t\t\t\t<div class=\"elementor-element elementor-element-1500d48 elementor-widget elementor-widget-text-editor\" data-id=\"1500d48\" data-element_type=\"widget\" data-e-type=\"widget\" data-widget_type=\"text-editor.default\">\n\t\t\t\t<div class=\"elementor-widget-container\">\n\t\t\t\t\t\t\t\t\t<p>Die Viseca bekennt sich zu klaren, transparenten Informationen und zur Wahrung der Interessen von Aktion\u00e4ren und Kapitalgebern. Die zentralen F\u00fchrungsorgane bestehen aus Verwaltungsrat und Gesch\u00e4ftsleitung. Bei der Aus\u00fcbung ihrer T\u00e4tigkeiten orientieren sie sich am Verhaltenskodex der Viseca.<\/p>\t\t\t\t\t\t\t\t<\/div>\n\t\t\t\t<\/div>\n\t\t\t\t<div class=\"elementor-element elementor-element-3be8668 elementor-widget elementor-widget-html\" data-id=\"3be8668\" data-element_type=\"widget\" data-e-type=\"widget\" data-widget_type=\"html.default\">\n\t\t\t\t<div class=\"elementor-widget-container\">\n\t\t\t\t\t<script src=\"https:\/\/viseca-payment.ch\/wp-includes\/js\/dist\/i18n.min.js?ver=5f1269854226b4dd90450db411a12b79\"><\/script>\t\t\t\t<\/div>\n\t\t\t\t<\/div>\n\t\t\t\t\t<\/div>\n\t\t<\/div>\n\t\t\t\t\t<\/div>\n\t\t<\/section>\n\t\t\t\t<section class=\"elementor-section elementor-top-section elementor-element elementor-element-d7483b3 elementor-section-boxed elementor-section-height-default elementor-section-height-default\" data-id=\"d7483b3\" data-element_type=\"section\" data-e-type=\"section\">\n\t\t\t\t\t\t<div class=\"elementor-container elementor-column-gap-default\">\n\t\t\t\t\t<div class=\"elementor-column elementor-col-100 elementor-top-column elementor-element elementor-element-945e4c3\" data-id=\"945e4c3\" data-element_type=\"column\" data-e-type=\"column\">\n\t\t\t<div class=\"elementor-widget-wrap elementor-element-populated\">\n\t\t\t\t\t\t<div class=\"elementor-element elementor-element-a0b89fc elementor-widget elementor-widget-spacer\" data-id=\"a0b89fc\" data-element_type=\"widget\" data-e-type=\"widget\" data-widget_type=\"spacer.default\">\n\t\t\t\t<div class=\"elementor-widget-container\">\n\t\t\t\t\t\t\t<div class=\"elementor-spacer\">\n\t\t\t<div class=\"elementor-spacer-inner\"><\/div>\n\t\t<\/div>\n\t\t\t\t\t\t<\/div>\n\t\t\t\t<\/div>\n\t\t\t\t\t<\/div>\n\t\t<\/div>\n\t\t\t\t\t<\/div>\n\t\t<\/section>\n\t\t\t\t<section class=\"elementor-section elementor-top-section elementor-element elementor-element-763df0a elementor-section-boxed elementor-section-height-default elementor-section-height-default\" data-id=\"763df0a\" data-element_type=\"section\" data-e-type=\"section\" data-settings=\"{&quot;background_background&quot;:&quot;classic&quot;}\">\n\t\t\t\t\t\t<div class=\"elementor-container elementor-column-gap-default\">\n\t\t\t\t\t<div class=\"elementor-column elementor-col-100 elementor-top-column elementor-element elementor-element-5152b61\" data-id=\"5152b61\" data-element_type=\"column\" data-e-type=\"column\">\n\t\t\t<div class=\"elementor-widget-wrap elementor-element-populated\">\n\t\t\t\t\t\t<div class=\"elementor-element elementor-element-9df9b03 elementor-widget elementor-widget-heading\" data-id=\"9df9b03\" data-element_type=\"widget\" data-e-type=\"widget\" data-widget_type=\"heading.default\">\n\t\t\t\t<div class=\"elementor-widget-container\">\n\t\t\t\t\t<h2 class=\"elementor-heading-title elementor-size-default\">Verwaltungsrat<\/h2>\t\t\t\t<\/div>\n\t\t\t\t<\/div>\n\t\t\t\t<div class=\"elementor-element elementor-element-d4bd63e elementor-widget elementor-widget-text-editor\" data-id=\"d4bd63e\" data-element_type=\"widget\" data-e-type=\"widget\" data-widget_type=\"text-editor.default\">\n\t\t\t\t<div class=\"elementor-widget-container\">\n\t\t\t\t\t\t\t\t\t<p>Der Verwaltungsrat \u00fcbt die Oberleitung der Viseca aus. Er ist befugt, \u00fcber alle Angelegenheiten Beschluss zu fassen, die nicht der Generalversammlung oder einem anderen Organ der Gesellschaft vorbehalten oder \u00fcbertragen sind. Er besteht aus sieben Mitgliedern und wird nach dem Gesamterneuerungsprinzip an der ordentlichen Generalversammlung f\u00fcr die Dauer von drei Jahren gew\u00e4hlt. Die maximale Amtsdauer betr\u00e4gt 12 Jahre.\u00a0<\/p>\t\t\t\t\t\t\t\t<\/div>\n\t\t\t\t<\/div>\n\t\t\t\t\t<\/div>\n\t\t<\/div>\n\t\t\t\t\t<\/div>\n\t\t<\/section>\n\t\t\t\t<section class=\"elementor-section elementor-top-section elementor-element elementor-element-d1baaad elementor-section-boxed elementor-section-height-default elementor-section-height-default\" data-id=\"d1baaad\" data-element_type=\"section\" data-e-type=\"section\">\n\t\t\t\t\t\t<div class=\"elementor-container elementor-column-gap-default\">\n\t\t\t\t\t<div class=\"elementor-column elementor-col-100 elementor-top-column elementor-element elementor-element-16327f9\" data-id=\"16327f9\" data-element_type=\"column\" data-e-type=\"column\">\n\t\t\t<div class=\"elementor-widget-wrap elementor-element-populated\">\n\t\t\t\t\t\t<div class=\"elementor-element elementor-element-60d47f4 elementor-widget elementor-widget-spacer\" data-id=\"60d47f4\" data-element_type=\"widget\" data-e-type=\"widget\" data-widget_type=\"spacer.default\">\n\t\t\t\t<div class=\"elementor-widget-container\">\n\t\t\t\t\t\t\t<div class=\"elementor-spacer\">\n\t\t\t<div class=\"elementor-spacer-inner\"><\/div>\n\t\t<\/div>\n\t\t\t\t\t\t<\/div>\n\t\t\t\t<\/div>\n\t\t\t\t\t<\/div>\n\t\t<\/div>\n\t\t\t\t\t<\/div>\n\t\t<\/section>\n\t\t\t\t<section class=\"elementor-section elementor-top-section elementor-element elementor-element-926ad6c elementor-section-boxed elementor-section-height-default elementor-section-height-default\" data-id=\"926ad6c\" data-element_type=\"section\" data-e-type=\"section\">\n\t\t\t\t\t\t<div class=\"elementor-container elementor-column-gap-default\">\n\t\t\t\t\t<div class=\"elementor-column elementor-col-100 elementor-top-column elementor-element elementor-element-a3c6727\" data-id=\"a3c6727\" data-element_type=\"column\" data-e-type=\"column\">\n\t\t\t<div class=\"elementor-widget-wrap\">\n\t\t\t\t\t\t\t<\/div>\n\t\t<\/div>\n\t\t\t\t\t<\/div>\n\t\t<\/section>\n\t\t\t\t<section class=\"elementor-section elementor-top-section elementor-element elementor-element-6b22545 elementor-section-boxed elementor-section-height-default elementor-section-height-default\" data-id=\"6b22545\" data-element_type=\"section\" data-e-type=\"section\">\n\t\t\t\t\t\t<div class=\"elementor-container elementor-column-gap-default\">\n\t\t\t\t\t<div class=\"elementor-column elementor-col-100 elementor-top-column elementor-element elementor-element-f573b19\" data-id=\"f573b19\" data-element_type=\"column\" data-e-type=\"column\">\n\t\t\t<div class=\"elementor-widget-wrap elementor-element-populated\">\n\t\t\t\t\t\t<div class=\"elementor-element elementor-element-844b53b elementor-widget elementor-widget-Employees\" data-id=\"844b53b\" data-element_type=\"widget\" data-e-type=\"widget\" data-widget_type=\"Employees.default\">\n\t\t\t\t<div class=\"elementor-widget-container\">\n\t\t\t\t\t        <div class=\"mxm-employees-widget-wrapper\">\n            <div class=\"mxm-employees-container mxm-employees-desktop\">\n                            <div class=\"mxm-employee-row\">\n                <div class=\"mxm-employee-cards\">\n                                            <div class=\"mxm-employee-card\" id=\"mxm-employee-844b53b-1873eb4-desktop-card\">\n                                                            <div class=\"mxm-employee-image\">\n                                    <img decoding=\"async\" src=\"https:\/\/viseca-payment.ch\/wp-content\/uploads\/2025\/05\/Corporate_Governance_Bild_6-1.jpg\"\n                                        alt=\"Daniel Salzmann, Pr\u00e4sident\">\n                                <\/div>\n                            \n                                                            <div class=\"mxm-employee-title-wrapper\">\n                                    <span class=\"mxm-employee-title\">Daniel Salzmann, Pr\u00e4sident<\/span>\n                                    <button class=\"mxm-employee-toggle-button\" data-target=\"#mxm-employee-844b53b-1873eb4-desktop-details\">\n                                        <svg class=\"arrow-down\" xmlns=\"http:\/\/www.w3.org\/2000\/svg\" viewBox=\"0 0 512 512\" width=\"15\"\n                                            height=\"15\" fill=\"currentColor\">\n                                            <path\n                                                d=\"M256 417.9l17-17L465 209l17-17L448 158.1l-17 17-175 175L81 175l-17-17L30.1 192l17 17L239 401l17 17z\">\n                                            <\/path>\n                                        <\/svg>\n                                    <\/button>\n                                <\/div>\n                                                    <\/div>\n                                            <div class=\"mxm-employee-card\" id=\"mxm-employee-844b53b-1667649-desktop-card\">\n                                                            <div class=\"mxm-employee-image\">\n                                    <img decoding=\"async\" src=\"https:\/\/viseca-payment.ch\/wp-content\/uploads\/2025\/05\/Corporate_Governance_Bild_2-1.jpg\"\n                                        alt=\"Roland Altwegg, Mitglied\">\n                                <\/div>\n                            \n                                                            <div class=\"mxm-employee-title-wrapper\">\n                                    <span class=\"mxm-employee-title\">Roland Altwegg, Mitglied<\/span>\n                                    <button class=\"mxm-employee-toggle-button\" data-target=\"#mxm-employee-844b53b-1667649-desktop-details\">\n                                        <svg class=\"arrow-down\" xmlns=\"http:\/\/www.w3.org\/2000\/svg\" viewBox=\"0 0 512 512\" width=\"15\"\n                                            height=\"15\" fill=\"currentColor\">\n                                            <path\n                                                d=\"M256 417.9l17-17L465 209l17-17L448 158.1l-17 17-175 175L81 175l-17-17L30.1 192l17 17L239 401l17 17z\">\n                                            <\/path>\n                                        <\/svg>\n                                    <\/button>\n                                <\/div>\n                                                    <\/div>\n                                            <div class=\"mxm-employee-card\" id=\"mxm-employee-844b53b-752199a-desktop-card\">\n                                                            <div class=\"mxm-employee-image\">\n                                    <img decoding=\"async\" src=\"https:\/\/viseca-payment.ch\/wp-content\/uploads\/2025\/05\/Corporate_Governance_Bild_3-1.jpg\"\n                                        alt=\"Pedro Chapinal, Mitglied\">\n                                <\/div>\n                            \n                                                            <div class=\"mxm-employee-title-wrapper\">\n                                    <span class=\"mxm-employee-title\">Pedro Chapinal, Mitglied<\/span>\n                                    <button class=\"mxm-employee-toggle-button\" data-target=\"#mxm-employee-844b53b-752199a-desktop-details\">\n                                        <svg class=\"arrow-down\" xmlns=\"http:\/\/www.w3.org\/2000\/svg\" viewBox=\"0 0 512 512\" width=\"15\"\n                                            height=\"15\" fill=\"currentColor\">\n                                            <path\n                                                d=\"M256 417.9l17-17L465 209l17-17L448 158.1l-17 17-175 175L81 175l-17-17L30.1 192l17 17L239 401l17 17z\">\n                                            <\/path>\n                                        <\/svg>\n                                    <\/button>\n                                <\/div>\n                                                    <\/div>\n                                    <\/div>\n                <div class=\"mxm-employee-details-wrapper\">\n                                                                        <div class=\"mxm-employee-details\" id=\"mxm-employee-844b53b-1873eb4-desktop-details\">\n                                <div class=\"details-inner\">\n                                    <p>Daniel Salzmann wurde 2025 Mitglied des Verwaltungsrats und ist seit 2026 Verwaltungsratspr\u00e4sident der Viseca Payment Services <span class=\"acronym-highlight\">SA<\/span>. Seit 2014 ist er CEO der Luzerner Kantonalbank (LUKB). Davor leitete er w\u00e4hrend zehn Jahren das Departement Privat- und Gewerbekunden. Vor seinem Wechsel zur Luzerner Kantonalbank war Daniel Salzmann Mitglied der Gesch\u00e4ftsleitung der Bank Coop sowie in verschiedenen F\u00fchrungsfunktionen im Retailbanking und Firmenkundengesch\u00e4ft bei der damaligen SBG (heute UBS) und der Credit Suisse t\u00e4tig. Daniel Salzmann hat an der Hochschule Luzern Wirtschaft studiert. Er verf\u00fcgt \u00fcber Weiterbildungen der Kellogg School of Management in Chicago sowie der INSEAD Business School in Fontainebleau.<\/p>                                <\/div>\n                            <\/div>\n                                                                                                <div class=\"mxm-employee-details\" id=\"mxm-employee-844b53b-1667649-desktop-details\">\n                                <div class=\"details-inner\">\n                                    <p>Roland Altwegg ist seit 2022 Mitglied des Verwaltungsrats. Seit September 2021 leitet er das Departement \u00abProdukte &amp; Investment Services\u00bb von Raiffeisen Schweiz. Davor war er w\u00e4hrend mehr als 10 Jahren in verschiedenen F\u00fchrungsfunktionen bei Raiffeisen Schweiz t\u00e4tig. Bevor er zu Raiffeisen wechselte, war er Head Market Risk bei der Bank Sarasin. Roland Altwegg hat Wirtschaftswissenschaften an der Universit\u00e4t Basel studiert, ist diplomierter Finanzanalytiker und Verm\u00f6gensverwalter sowie Certified International Investment Analyst (CIIA).<\/p>                                <\/div>\n                            <\/div>\n                                                                                                <div class=\"mxm-employee-details\" id=\"mxm-employee-844b53b-752199a-desktop-details\">\n                                <div class=\"details-inner\">\n                                    <p>Pedro Chapinal ist seit 2023 Mitglied des Verwaltungsrats. Seit 2016 ist er bei der EFG Bank AG, zuletzt in der Funktion als Chief of Staff of the Group COO und Senior Vice President. Vor seinem Wechsel zur EFG Bank war er von 2013 bis 2016 bei der Finter Bank Zurich Ltd. t\u00e4tig, zuletzt als COO, wo er unter anderem die Integration der Finter Bank in die Bank Vontobel AG im Rahmen der \u00dcbernahme verantwortete. Weitere Stationen waren bei der Arab Bank (Switzerland) Ltd., der BT Global Services in Amsterdam sowie bei der Credit Suisse in Z\u00fcrich. Pedro Chapinal hat Kommunikation und Informatik an der ZHAW studiert und h\u00e4lt einen Master in Business Administration der Universit\u00e4t Rochester.<\/p>                                <\/div>\n                            <\/div>\n                                                            <\/div>\n            <\/div>\n                        <div class=\"mxm-employee-row\">\n                <div class=\"mxm-employee-cards\">\n                                            <div class=\"mxm-employee-card\" id=\"mxm-employee-844b53b-24c9a0c-desktop-card\">\n                                                            <div class=\"mxm-employee-image\">\n                                    <img decoding=\"async\" src=\"https:\/\/viseca-payment.ch\/wp-content\/uploads\/2025\/05\/Corporate_Governance_Bild_4-1.jpg\"\n                                        alt=\"Manuel Kunzelmann, Mitglied\">\n                                <\/div>\n                            \n                                                            <div class=\"mxm-employee-title-wrapper\">\n                                    <span class=\"mxm-employee-title\">Manuel Kunzelmann, Mitglied<\/span>\n                                    <button class=\"mxm-employee-toggle-button\" data-target=\"#mxm-employee-844b53b-24c9a0c-desktop-details\">\n                                        <svg class=\"arrow-down\" xmlns=\"http:\/\/www.w3.org\/2000\/svg\" viewBox=\"0 0 512 512\" width=\"15\"\n                                            height=\"15\" fill=\"currentColor\">\n                                            <path\n                                                d=\"M256 417.9l17-17L465 209l17-17L448 158.1l-17 17-175 175L81 175l-17-17L30.1 192l17 17L239 401l17 17z\">\n                                            <\/path>\n                                        <\/svg>\n                                    <\/button>\n                                <\/div>\n                                                    <\/div>\n                                            <div class=\"mxm-employee-card\" id=\"mxm-employee-844b53b-3b643d4-desktop-card\">\n                                                            <div class=\"mxm-employee-image\">\n                                    <img decoding=\"async\" src=\"https:\/\/viseca-payment.ch\/wp-content\/uploads\/2026\/04\/Thomas_W_Paulsen.jpg\"\n                                        alt=\"Thomas W. Paulsen, Mitglied\">\n                                <\/div>\n                            \n                                                            <div class=\"mxm-employee-title-wrapper\">\n                                    <span class=\"mxm-employee-title\">Thomas W. Paulsen, Mitglied<\/span>\n                                    <button class=\"mxm-employee-toggle-button\" data-target=\"#mxm-employee-844b53b-3b643d4-desktop-details\">\n                                        <svg class=\"arrow-down\" xmlns=\"http:\/\/www.w3.org\/2000\/svg\" viewBox=\"0 0 512 512\" width=\"15\"\n                                            height=\"15\" fill=\"currentColor\">\n                                            <path\n                                                d=\"M256 417.9l17-17L465 209l17-17L448 158.1l-17 17-175 175L81 175l-17-17L30.1 192l17 17L239 401l17 17z\">\n                                            <\/path>\n                                        <\/svg>\n                                    <\/button>\n                                <\/div>\n                                                    <\/div>\n                                            <div class=\"mxm-employee-card\" id=\"mxm-employee-844b53b-9a09e22-desktop-card\">\n                                                            <div class=\"mxm-employee-image\">\n                                    <img decoding=\"async\" src=\"https:\/\/viseca-payment.ch\/wp-content\/uploads\/2025\/05\/Corporate_Governance_Bild_5-1.jpg\"\n                                        alt=\"Daniel Previdoli, Mitglied\">\n                                <\/div>\n                            \n                                                            <div class=\"mxm-employee-title-wrapper\">\n                                    <span class=\"mxm-employee-title\">Daniel Previdoli, Mitglied<\/span>\n                                    <button class=\"mxm-employee-toggle-button\" data-target=\"#mxm-employee-844b53b-9a09e22-desktop-details\">\n                                        <svg class=\"arrow-down\" xmlns=\"http:\/\/www.w3.org\/2000\/svg\" viewBox=\"0 0 512 512\" width=\"15\"\n                                            height=\"15\" fill=\"currentColor\">\n                                            <path\n                                                d=\"M256 417.9l17-17L465 209l17-17L448 158.1l-17 17-175 175L81 175l-17-17L30.1 192l17 17L239 401l17 17z\">\n                                            <\/path>\n                                        <\/svg>\n                                    <\/button>\n                                <\/div>\n                                                    <\/div>\n                                    <\/div>\n                <div class=\"mxm-employee-details-wrapper\">\n                                                                        <div class=\"mxm-employee-details\" id=\"mxm-employee-844b53b-24c9a0c-desktop-details\">\n                                <div class=\"details-inner\">\n                                    <p>Manuel Kunzelmann ist seit 2020 Mitglied des Verwaltungsrats. Seit Mai 2020 ist er CEO der Migros Bank AG. Vor seinem Wechsel zur Migros Bank war er ab 2009 in verschiedenen F\u00fchrungsfunktionen f\u00fcr die Basellandschaftliche Kantonalbank t\u00e4tig, zuletzt als Mitglied der Gesch\u00e4ftsleitung, wo er den Gesch\u00e4ftsbereich Strategie und Marktleistungen verantwortete. Davor arbeitete er zehn Jahre in verschiedenen Leitungsfunktionen f\u00fcr die UBS. Neben seiner T\u00e4tigkeit f\u00fcr die Viseca ist er Pr\u00e4sident der Vorsorgestiftung und der Freiz\u00fcgigkeitsstiftung der Migros Bank AG. Ferner ist er Vorstandspr\u00e4sident der CYP Association sowie Vorstandsmitglied bei der Koordination f\u00fcr Inlandbanken (KIB). Manuel Kunzelmann ist diplomierter Betriebs\u00f6konom FH, hat einen MAS FHO in Business Information Management absolviert und h\u00e4lt einen Executive Master of Business Administration der Universit\u00e4t Z\u00fcrich.<\/p>                                <\/div>\n                            <\/div>\n                                                                                                <div class=\"mxm-employee-details\" id=\"mxm-employee-844b53b-3b643d4-desktop-details\">\n                                <div class=\"details-inner\">\n                                    <p>Thomas W. Paulsen ist seit 2026 Mitglied des Verwaltungsrats. Seit 2009 ist er CFO der Banque Cantonale Vaudoise (BCV). Davor war er seit 2002 in der Funktion als Chief Risk Officer f\u00fcr die Entwicklung und Umsetzung des Risikomanagements zust\u00e4ndig. Vor seiner Zeit bei BCV arbeitete er w\u00e4hrend sieben Jahren als strategischer Berater bei McKinsey &amp; Co. Des Weiteren ist er Verwaltungsrats-Vizepr\u00e4sident der Privatbank Piguet Galland &amp; Cie und Verwaltungsrats-Mitglied der Pfandbriefzentrale. Er hat Volkswirtschaftslehre studiert und schloss mit einem Master of Science an der LSE London und einem PhD an der HEC Lausanne ab.<\/p>                                <\/div>\n                            <\/div>\n                                                                                                <div class=\"mxm-employee-details\" id=\"mxm-employee-844b53b-9a09e22-desktop-details\">\n                                <div class=\"details-inner\">\n                                    <p>Daniel Previdoli ist seit 2015 Mitglied des Verwaltungsrats. Seit 2007 ist er Mitglied der Generaldirektion der Z\u00fcrcher Kantonalbank und seit 2014 Leiter der Gesch\u00e4ftseinheit Products, Services und Directbanking. Davor war er w\u00e4hrend elf Jahren f\u00fcr die UBS und von 1987 bis 1996 f\u00fcr die Credit Suisse in verschiedenen Funktionen im In- und Ausland t\u00e4tig. Neben seiner T\u00e4tigkeit f\u00fcr die Viseca ist er Verwaltungsratspr\u00e4sident der Swisscanto Fondsleitung AG, Verwaltungsratsmitglied der Swisscanto Holding AG und Twint AG sowie Vizepr\u00e4sident der Stiftung Greater Zurich Area. Daniel Previdoli studierte Wirtschafts- und Sozialwissenschaften an der Universit\u00e4t Freiburg und schloss als lic. rer. pol. ab.<\/p>                                <\/div>\n                            <\/div>\n                                                            <\/div>\n            <\/div>\n                        <div class=\"mxm-employee-row\">\n                <div class=\"mxm-employee-cards\">\n                                            <div class=\"mxm-employee-card\" id=\"mxm-employee-844b53b-8d8e544-desktop-card\">\n                                                            <div class=\"mxm-employee-image\">\n                                    <img decoding=\"async\" src=\"https:\/\/viseca-payment.ch\/wp-content\/uploads\/2025\/05\/Corporate_Governance_Bild_7-1.jpg\"\n                                        alt=\"Christoph Wille, Mitglied\">\n                                <\/div>\n                            \n                                                            <div class=\"mxm-employee-title-wrapper\">\n                                    <span class=\"mxm-employee-title\">Christoph Wille, Mitglied<\/span>\n                                    <button class=\"mxm-employee-toggle-button\" data-target=\"#mxm-employee-844b53b-8d8e544-desktop-details\">\n                                        <svg class=\"arrow-down\" xmlns=\"http:\/\/www.w3.org\/2000\/svg\" viewBox=\"0 0 512 512\" width=\"15\"\n                                            height=\"15\" fill=\"currentColor\">\n                                            <path\n                                                d=\"M256 417.9l17-17L465 209l17-17L448 158.1l-17 17-175 175L81 175l-17-17L30.1 192l17 17L239 401l17 17z\">\n                                            <\/path>\n                                        <\/svg>\n                                    <\/button>\n                                <\/div>\n                                                    <\/div>\n                                    <\/div>\n                <div class=\"mxm-employee-details-wrapper\">\n                                                                        <div class=\"mxm-employee-details\" id=\"mxm-employee-844b53b-8d8e544-desktop-details\">\n                                <div class=\"details-inner\">\n                                    <p>Christoph Wille ist seit 2022 Mitglied des Verwaltungsrats. Seit April 2022 ist er Leiter Kundenservices und Produkte bei der Valiant Bank AG. Davor war er seit Januar 2015 Leiter Kundenservices und Kan\u00e4le, ebenfalls bei der Valiant Bank AG. Bevor er zur Valiant wechselte, war er in verschiedenen Funktionen bei der Cognizant GmbH und der IBM (Schweiz) AG t\u00e4tig. Christoph Wille hat Rechtswissenschaften an der Universit\u00e4t Z\u00fcrich studiert und verf\u00fcgt \u00fcber einen MBA des Henley Management College, England.<\/p>                                <\/div>\n                            <\/div>\n                                                            <\/div>\n            <\/div>\n                        <\/div>\n\n            <div class=\"mxm-employees-container mxm-employees-tablet\">\n                            <div class=\"mxm-employee-row\">\n                <div class=\"mxm-employee-cards\">\n                                            <div class=\"mxm-employee-card\" id=\"mxm-employee-844b53b-1873eb4-tablet-card\">\n                                                            <div class=\"mxm-employee-image\">\n                                    <img decoding=\"async\" src=\"https:\/\/viseca-payment.ch\/wp-content\/uploads\/2025\/05\/Corporate_Governance_Bild_6-1.jpg\"\n                                        alt=\"Daniel Salzmann, Pr\u00e4sident\">\n                                <\/div>\n                            \n                                                            <div class=\"mxm-employee-title-wrapper\">\n                                    <span class=\"mxm-employee-title\">Daniel Salzmann, Pr\u00e4sident<\/span>\n                                    <button class=\"mxm-employee-toggle-button\" data-target=\"#mxm-employee-844b53b-1873eb4-tablet-details\">\n                                        <svg class=\"arrow-down\" xmlns=\"http:\/\/www.w3.org\/2000\/svg\" viewBox=\"0 0 512 512\" width=\"15\"\n                                            height=\"15\" fill=\"currentColor\">\n                                            <path\n                                                d=\"M256 417.9l17-17L465 209l17-17L448 158.1l-17 17-175 175L81 175l-17-17L30.1 192l17 17L239 401l17 17z\">\n                                            <\/path>\n                                        <\/svg>\n                                    <\/button>\n                                <\/div>\n                                                    <\/div>\n                                            <div class=\"mxm-employee-card\" id=\"mxm-employee-844b53b-1667649-tablet-card\">\n                                                            <div class=\"mxm-employee-image\">\n                                    <img decoding=\"async\" src=\"https:\/\/viseca-payment.ch\/wp-content\/uploads\/2025\/05\/Corporate_Governance_Bild_2-1.jpg\"\n                                        alt=\"Roland Altwegg, Mitglied\">\n                                <\/div>\n                            \n                                                            <div class=\"mxm-employee-title-wrapper\">\n                                    <span class=\"mxm-employee-title\">Roland Altwegg, Mitglied<\/span>\n                                    <button class=\"mxm-employee-toggle-button\" data-target=\"#mxm-employee-844b53b-1667649-tablet-details\">\n                                        <svg class=\"arrow-down\" xmlns=\"http:\/\/www.w3.org\/2000\/svg\" viewBox=\"0 0 512 512\" width=\"15\"\n                                            height=\"15\" fill=\"currentColor\">\n                                            <path\n                                                d=\"M256 417.9l17-17L465 209l17-17L448 158.1l-17 17-175 175L81 175l-17-17L30.1 192l17 17L239 401l17 17z\">\n                                            <\/path>\n                                        <\/svg>\n                                    <\/button>\n                                <\/div>\n                                                    <\/div>\n                                    <\/div>\n                <div class=\"mxm-employee-details-wrapper\">\n                                                                        <div class=\"mxm-employee-details\" id=\"mxm-employee-844b53b-1873eb4-tablet-details\">\n                                <div class=\"details-inner\">\n                                    <p>Daniel Salzmann wurde 2025 Mitglied des Verwaltungsrats und ist seit 2026 Verwaltungsratspr\u00e4sident der Viseca Payment Services <span class=\"acronym-highlight\">SA<\/span>. Seit 2014 ist er CEO der Luzerner Kantonalbank (LUKB). Davor leitete er w\u00e4hrend zehn Jahren das Departement Privat- und Gewerbekunden. Vor seinem Wechsel zur Luzerner Kantonalbank war Daniel Salzmann Mitglied der Gesch\u00e4ftsleitung der Bank Coop sowie in verschiedenen F\u00fchrungsfunktionen im Retailbanking und Firmenkundengesch\u00e4ft bei der damaligen SBG (heute UBS) und der Credit Suisse t\u00e4tig. Daniel Salzmann hat an der Hochschule Luzern Wirtschaft studiert. Er verf\u00fcgt \u00fcber Weiterbildungen der Kellogg School of Management in Chicago sowie der INSEAD Business School in Fontainebleau.<\/p>                                <\/div>\n                            <\/div>\n                                                                                                <div class=\"mxm-employee-details\" id=\"mxm-employee-844b53b-1667649-tablet-details\">\n                                <div class=\"details-inner\">\n                                    <p>Roland Altwegg ist seit 2022 Mitglied des Verwaltungsrats. Seit September 2021 leitet er das Departement \u00abProdukte &amp; Investment Services\u00bb von Raiffeisen Schweiz. Davor war er w\u00e4hrend mehr als 10 Jahren in verschiedenen F\u00fchrungsfunktionen bei Raiffeisen Schweiz t\u00e4tig. Bevor er zu Raiffeisen wechselte, war er Head Market Risk bei der Bank Sarasin. Roland Altwegg hat Wirtschaftswissenschaften an der Universit\u00e4t Basel studiert, ist diplomierter Finanzanalytiker und Verm\u00f6gensverwalter sowie Certified International Investment Analyst (CIIA).<\/p>                                <\/div>\n                            <\/div>\n                                                            <\/div>\n            <\/div>\n                        <div class=\"mxm-employee-row\">\n                <div class=\"mxm-employee-cards\">\n                                            <div class=\"mxm-employee-card\" id=\"mxm-employee-844b53b-752199a-tablet-card\">\n                                                            <div class=\"mxm-employee-image\">\n                                    <img decoding=\"async\" src=\"https:\/\/viseca-payment.ch\/wp-content\/uploads\/2025\/05\/Corporate_Governance_Bild_3-1.jpg\"\n                                        alt=\"Pedro Chapinal, Mitglied\">\n                                <\/div>\n                            \n                                                            <div class=\"mxm-employee-title-wrapper\">\n                                    <span class=\"mxm-employee-title\">Pedro Chapinal, Mitglied<\/span>\n                                    <button class=\"mxm-employee-toggle-button\" data-target=\"#mxm-employee-844b53b-752199a-tablet-details\">\n                                        <svg class=\"arrow-down\" xmlns=\"http:\/\/www.w3.org\/2000\/svg\" viewBox=\"0 0 512 512\" width=\"15\"\n                                            height=\"15\" fill=\"currentColor\">\n                                            <path\n                                                d=\"M256 417.9l17-17L465 209l17-17L448 158.1l-17 17-175 175L81 175l-17-17L30.1 192l17 17L239 401l17 17z\">\n                                            <\/path>\n                                        <\/svg>\n                                    <\/button>\n                                <\/div>\n                                                    <\/div>\n                                            <div class=\"mxm-employee-card\" id=\"mxm-employee-844b53b-24c9a0c-tablet-card\">\n                                                            <div class=\"mxm-employee-image\">\n                                    <img decoding=\"async\" src=\"https:\/\/viseca-payment.ch\/wp-content\/uploads\/2025\/05\/Corporate_Governance_Bild_4-1.jpg\"\n                                        alt=\"Manuel Kunzelmann, Mitglied\">\n                                <\/div>\n                            \n                                                            <div class=\"mxm-employee-title-wrapper\">\n                                    <span class=\"mxm-employee-title\">Manuel Kunzelmann, Mitglied<\/span>\n                                    <button class=\"mxm-employee-toggle-button\" data-target=\"#mxm-employee-844b53b-24c9a0c-tablet-details\">\n                                        <svg class=\"arrow-down\" xmlns=\"http:\/\/www.w3.org\/2000\/svg\" viewBox=\"0 0 512 512\" width=\"15\"\n                                            height=\"15\" fill=\"currentColor\">\n                                            <path\n                                                d=\"M256 417.9l17-17L465 209l17-17L448 158.1l-17 17-175 175L81 175l-17-17L30.1 192l17 17L239 401l17 17z\">\n                                            <\/path>\n                                        <\/svg>\n                                    <\/button>\n                                <\/div>\n                                                    <\/div>\n                                    <\/div>\n                <div class=\"mxm-employee-details-wrapper\">\n                                                                        <div class=\"mxm-employee-details\" id=\"mxm-employee-844b53b-752199a-tablet-details\">\n                                <div class=\"details-inner\">\n                                    <p>Pedro Chapinal ist seit 2023 Mitglied des Verwaltungsrats. Seit 2016 ist er bei der EFG Bank AG, zuletzt in der Funktion als Chief of Staff of the Group COO und Senior Vice President. Vor seinem Wechsel zur EFG Bank war er von 2013 bis 2016 bei der Finter Bank Zurich Ltd. t\u00e4tig, zuletzt als COO, wo er unter anderem die Integration der Finter Bank in die Bank Vontobel AG im Rahmen der \u00dcbernahme verantwortete. Weitere Stationen waren bei der Arab Bank (Switzerland) Ltd., der BT Global Services in Amsterdam sowie bei der Credit Suisse in Z\u00fcrich. Pedro Chapinal hat Kommunikation und Informatik an der ZHAW studiert und h\u00e4lt einen Master in Business Administration der Universit\u00e4t Rochester.<\/p>                                <\/div>\n                            <\/div>\n                                                                                                <div class=\"mxm-employee-details\" id=\"mxm-employee-844b53b-24c9a0c-tablet-details\">\n                                <div class=\"details-inner\">\n                                    <p>Manuel Kunzelmann ist seit 2020 Mitglied des Verwaltungsrats. Seit Mai 2020 ist er CEO der Migros Bank AG. Vor seinem Wechsel zur Migros Bank war er ab 2009 in verschiedenen F\u00fchrungsfunktionen f\u00fcr die Basellandschaftliche Kantonalbank t\u00e4tig, zuletzt als Mitglied der Gesch\u00e4ftsleitung, wo er den Gesch\u00e4ftsbereich Strategie und Marktleistungen verantwortete. Davor arbeitete er zehn Jahre in verschiedenen Leitungsfunktionen f\u00fcr die UBS. Neben seiner T\u00e4tigkeit f\u00fcr die Viseca ist er Pr\u00e4sident der Vorsorgestiftung und der Freiz\u00fcgigkeitsstiftung der Migros Bank AG. Ferner ist er Vorstandspr\u00e4sident der CYP Association sowie Vorstandsmitglied bei der Koordination f\u00fcr Inlandbanken (KIB). Manuel Kunzelmann ist diplomierter Betriebs\u00f6konom FH, hat einen MAS FHO in Business Information Management absolviert und h\u00e4lt einen Executive Master of Business Administration der Universit\u00e4t Z\u00fcrich.<\/p>                                <\/div>\n                            <\/div>\n                                                            <\/div>\n            <\/div>\n                        <div class=\"mxm-employee-row\">\n                <div class=\"mxm-employee-cards\">\n                                            <div class=\"mxm-employee-card\" id=\"mxm-employee-844b53b-3b643d4-tablet-card\">\n                                                            <div class=\"mxm-employee-image\">\n                                    <img decoding=\"async\" src=\"https:\/\/viseca-payment.ch\/wp-content\/uploads\/2026\/04\/Thomas_W_Paulsen.jpg\"\n                                        alt=\"Thomas W. Paulsen, Mitglied\">\n                                <\/div>\n                            \n                                                            <div class=\"mxm-employee-title-wrapper\">\n                                    <span class=\"mxm-employee-title\">Thomas W. Paulsen, Mitglied<\/span>\n                                    <button class=\"mxm-employee-toggle-button\" data-target=\"#mxm-employee-844b53b-3b643d4-tablet-details\">\n                                        <svg class=\"arrow-down\" xmlns=\"http:\/\/www.w3.org\/2000\/svg\" viewBox=\"0 0 512 512\" width=\"15\"\n                                            height=\"15\" fill=\"currentColor\">\n                                            <path\n                                                d=\"M256 417.9l17-17L465 209l17-17L448 158.1l-17 17-175 175L81 175l-17-17L30.1 192l17 17L239 401l17 17z\">\n                                            <\/path>\n                                        <\/svg>\n                                    <\/button>\n                                <\/div>\n                                                    <\/div>\n                                            <div class=\"mxm-employee-card\" id=\"mxm-employee-844b53b-9a09e22-tablet-card\">\n                                                            <div class=\"mxm-employee-image\">\n                                    <img decoding=\"async\" src=\"https:\/\/viseca-payment.ch\/wp-content\/uploads\/2025\/05\/Corporate_Governance_Bild_5-1.jpg\"\n                                        alt=\"Daniel Previdoli, Mitglied\">\n                                <\/div>\n                            \n                                                            <div class=\"mxm-employee-title-wrapper\">\n                                    <span class=\"mxm-employee-title\">Daniel Previdoli, Mitglied<\/span>\n                                    <button class=\"mxm-employee-toggle-button\" data-target=\"#mxm-employee-844b53b-9a09e22-tablet-details\">\n                                        <svg class=\"arrow-down\" xmlns=\"http:\/\/www.w3.org\/2000\/svg\" viewBox=\"0 0 512 512\" width=\"15\"\n                                            height=\"15\" fill=\"currentColor\">\n                                            <path\n                                                d=\"M256 417.9l17-17L465 209l17-17L448 158.1l-17 17-175 175L81 175l-17-17L30.1 192l17 17L239 401l17 17z\">\n                                            <\/path>\n                                        <\/svg>\n                                    <\/button>\n                                <\/div>\n                                                    <\/div>\n                                    <\/div>\n                <div class=\"mxm-employee-details-wrapper\">\n                                                                        <div class=\"mxm-employee-details\" id=\"mxm-employee-844b53b-3b643d4-tablet-details\">\n                                <div class=\"details-inner\">\n                                    <p>Thomas W. Paulsen ist seit 2026 Mitglied des Verwaltungsrats. Seit 2009 ist er CFO der Banque Cantonale Vaudoise (BCV). Davor war er seit 2002 in der Funktion als Chief Risk Officer f\u00fcr die Entwicklung und Umsetzung des Risikomanagements zust\u00e4ndig. Vor seiner Zeit bei BCV arbeitete er w\u00e4hrend sieben Jahren als strategischer Berater bei McKinsey &amp; Co. Des Weiteren ist er Verwaltungsrats-Vizepr\u00e4sident der Privatbank Piguet Galland &amp; Cie und Verwaltungsrats-Mitglied der Pfandbriefzentrale. Er hat Volkswirtschaftslehre studiert und schloss mit einem Master of Science an der LSE London und einem PhD an der HEC Lausanne ab.<\/p>                                <\/div>\n                            <\/div>\n                                                                                                <div class=\"mxm-employee-details\" id=\"mxm-employee-844b53b-9a09e22-tablet-details\">\n                                <div class=\"details-inner\">\n                                    <p>Daniel Previdoli ist seit 2015 Mitglied des Verwaltungsrats. Seit 2007 ist er Mitglied der Generaldirektion der Z\u00fcrcher Kantonalbank und seit 2014 Leiter der Gesch\u00e4ftseinheit Products, Services und Directbanking. Davor war er w\u00e4hrend elf Jahren f\u00fcr die UBS und von 1987 bis 1996 f\u00fcr die Credit Suisse in verschiedenen Funktionen im In- und Ausland t\u00e4tig. Neben seiner T\u00e4tigkeit f\u00fcr die Viseca ist er Verwaltungsratspr\u00e4sident der Swisscanto Fondsleitung AG, Verwaltungsratsmitglied der Swisscanto Holding AG und Twint AG sowie Vizepr\u00e4sident der Stiftung Greater Zurich Area. Daniel Previdoli studierte Wirtschafts- und Sozialwissenschaften an der Universit\u00e4t Freiburg und schloss als lic. rer. pol. ab.<\/p>                                <\/div>\n                            <\/div>\n                                                            <\/div>\n            <\/div>\n                        <div class=\"mxm-employee-row\">\n                <div class=\"mxm-employee-cards\">\n                                            <div class=\"mxm-employee-card\" id=\"mxm-employee-844b53b-8d8e544-tablet-card\">\n                                                            <div class=\"mxm-employee-image\">\n                                    <img decoding=\"async\" src=\"https:\/\/viseca-payment.ch\/wp-content\/uploads\/2025\/05\/Corporate_Governance_Bild_7-1.jpg\"\n                                        alt=\"Christoph Wille, Mitglied\">\n                                <\/div>\n                            \n                                                            <div class=\"mxm-employee-title-wrapper\">\n                                    <span class=\"mxm-employee-title\">Christoph Wille, Mitglied<\/span>\n                                    <button class=\"mxm-employee-toggle-button\" data-target=\"#mxm-employee-844b53b-8d8e544-tablet-details\">\n                                        <svg class=\"arrow-down\" xmlns=\"http:\/\/www.w3.org\/2000\/svg\" viewBox=\"0 0 512 512\" width=\"15\"\n                                            height=\"15\" fill=\"currentColor\">\n                                            <path\n                                                d=\"M256 417.9l17-17L465 209l17-17L448 158.1l-17 17-175 175L81 175l-17-17L30.1 192l17 17L239 401l17 17z\">\n                                            <\/path>\n                                        <\/svg>\n                                    <\/button>\n                                <\/div>\n                                                    <\/div>\n                                    <\/div>\n                <div class=\"mxm-employee-details-wrapper\">\n                                                                        <div class=\"mxm-employee-details\" id=\"mxm-employee-844b53b-8d8e544-tablet-details\">\n                                <div class=\"details-inner\">\n                                    <p>Christoph Wille ist seit 2022 Mitglied des Verwaltungsrats. Seit April 2022 ist er Leiter Kundenservices und Produkte bei der Valiant Bank AG. Davor war er seit Januar 2015 Leiter Kundenservices und Kan\u00e4le, ebenfalls bei der Valiant Bank AG. Bevor er zur Valiant wechselte, war er in verschiedenen Funktionen bei der Cognizant GmbH und der IBM (Schweiz) AG t\u00e4tig. Christoph Wille hat Rechtswissenschaften an der Universit\u00e4t Z\u00fcrich studiert und verf\u00fcgt \u00fcber einen MBA des Henley Management College, England.<\/p>                                <\/div>\n                            <\/div>\n                                                            <\/div>\n            <\/div>\n                        <\/div>\n\n            <div class=\"mxm-employees-container mxm-employees-mobile\">\n                            <div class=\"mxm-employee-row\">\n                <div class=\"mxm-employee-cards\">\n                                            <div class=\"mxm-employee-card\" id=\"mxm-employee-844b53b-1873eb4-mobile-card\">\n                                                            <div class=\"mxm-employee-image\">\n                                    <img decoding=\"async\" src=\"https:\/\/viseca-payment.ch\/wp-content\/uploads\/2025\/05\/Corporate_Governance_Bild_6-1.jpg\"\n                                        alt=\"Daniel Salzmann, Pr\u00e4sident\">\n                                <\/div>\n                            \n                                                            <div class=\"mxm-employee-title-wrapper\">\n                                    <span class=\"mxm-employee-title\">Daniel Salzmann, Pr\u00e4sident<\/span>\n                                    <button class=\"mxm-employee-toggle-button\" data-target=\"#mxm-employee-844b53b-1873eb4-mobile-details\">\n                                        <svg class=\"arrow-down\" xmlns=\"http:\/\/www.w3.org\/2000\/svg\" viewBox=\"0 0 512 512\" width=\"15\"\n                                            height=\"15\" fill=\"currentColor\">\n                                            <path\n                                                d=\"M256 417.9l17-17L465 209l17-17L448 158.1l-17 17-175 175L81 175l-17-17L30.1 192l17 17L239 401l17 17z\">\n                                            <\/path>\n                                        <\/svg>\n                                    <\/button>\n                                <\/div>\n                                                    <\/div>\n                                    <\/div>\n                <div class=\"mxm-employee-details-wrapper\">\n                                                                        <div class=\"mxm-employee-details\" id=\"mxm-employee-844b53b-1873eb4-mobile-details\">\n                                <div class=\"details-inner\">\n                                    <p>Daniel Salzmann wurde 2025 Mitglied des Verwaltungsrats und ist seit 2026 Verwaltungsratspr\u00e4sident der Viseca Payment Services <span class=\"acronym-highlight\">SA<\/span>. Seit 2014 ist er CEO der Luzerner Kantonalbank (LUKB). Davor leitete er w\u00e4hrend zehn Jahren das Departement Privat- und Gewerbekunden. Vor seinem Wechsel zur Luzerner Kantonalbank war Daniel Salzmann Mitglied der Gesch\u00e4ftsleitung der Bank Coop sowie in verschiedenen F\u00fchrungsfunktionen im Retailbanking und Firmenkundengesch\u00e4ft bei der damaligen SBG (heute UBS) und der Credit Suisse t\u00e4tig. Daniel Salzmann hat an der Hochschule Luzern Wirtschaft studiert. Er verf\u00fcgt \u00fcber Weiterbildungen der Kellogg School of Management in Chicago sowie der INSEAD Business School in Fontainebleau.<\/p>                                <\/div>\n                            <\/div>\n                                                            <\/div>\n            <\/div>\n                        <div class=\"mxm-employee-row\">\n                <div class=\"mxm-employee-cards\">\n                                            <div class=\"mxm-employee-card\" id=\"mxm-employee-844b53b-1667649-mobile-card\">\n                                                            <div class=\"mxm-employee-image\">\n                                    <img decoding=\"async\" src=\"https:\/\/viseca-payment.ch\/wp-content\/uploads\/2025\/05\/Corporate_Governance_Bild_2-1.jpg\"\n                                        alt=\"Roland Altwegg, Mitglied\">\n                                <\/div>\n                            \n                                                            <div class=\"mxm-employee-title-wrapper\">\n                                    <span class=\"mxm-employee-title\">Roland Altwegg, Mitglied<\/span>\n                                    <button class=\"mxm-employee-toggle-button\" data-target=\"#mxm-employee-844b53b-1667649-mobile-details\">\n                                        <svg class=\"arrow-down\" xmlns=\"http:\/\/www.w3.org\/2000\/svg\" viewBox=\"0 0 512 512\" width=\"15\"\n                                            height=\"15\" fill=\"currentColor\">\n                                            <path\n                                                d=\"M256 417.9l17-17L465 209l17-17L448 158.1l-17 17-175 175L81 175l-17-17L30.1 192l17 17L239 401l17 17z\">\n                                            <\/path>\n                                        <\/svg>\n                                    <\/button>\n                                <\/div>\n                                                    <\/div>\n                                    <\/div>\n                <div class=\"mxm-employee-details-wrapper\">\n                                                                        <div class=\"mxm-employee-details\" id=\"mxm-employee-844b53b-1667649-mobile-details\">\n                                <div class=\"details-inner\">\n                                    <p>Roland Altwegg ist seit 2022 Mitglied des Verwaltungsrats. Seit September 2021 leitet er das Departement \u00abProdukte &amp; Investment Services\u00bb von Raiffeisen Schweiz. Davor war er w\u00e4hrend mehr als 10 Jahren in verschiedenen F\u00fchrungsfunktionen bei Raiffeisen Schweiz t\u00e4tig. Bevor er zu Raiffeisen wechselte, war er Head Market Risk bei der Bank Sarasin. Roland Altwegg hat Wirtschaftswissenschaften an der Universit\u00e4t Basel studiert, ist diplomierter Finanzanalytiker und Verm\u00f6gensverwalter sowie Certified International Investment Analyst (CIIA).<\/p>                                <\/div>\n                            <\/div>\n                                                            <\/div>\n            <\/div>\n                        <div class=\"mxm-employee-row\">\n                <div class=\"mxm-employee-cards\">\n                                            <div class=\"mxm-employee-card\" id=\"mxm-employee-844b53b-752199a-mobile-card\">\n                                                            <div class=\"mxm-employee-image\">\n                                    <img decoding=\"async\" src=\"https:\/\/viseca-payment.ch\/wp-content\/uploads\/2025\/05\/Corporate_Governance_Bild_3-1.jpg\"\n                                        alt=\"Pedro Chapinal, Mitglied\">\n                                <\/div>\n                            \n                                                            <div class=\"mxm-employee-title-wrapper\">\n                                    <span class=\"mxm-employee-title\">Pedro Chapinal, Mitglied<\/span>\n                                    <button class=\"mxm-employee-toggle-button\" data-target=\"#mxm-employee-844b53b-752199a-mobile-details\">\n                                        <svg class=\"arrow-down\" xmlns=\"http:\/\/www.w3.org\/2000\/svg\" viewBox=\"0 0 512 512\" width=\"15\"\n                                            height=\"15\" fill=\"currentColor\">\n                                            <path\n                                                d=\"M256 417.9l17-17L465 209l17-17L448 158.1l-17 17-175 175L81 175l-17-17L30.1 192l17 17L239 401l17 17z\">\n                                            <\/path>\n                                        <\/svg>\n                                    <\/button>\n                                <\/div>\n                                                    <\/div>\n                                    <\/div>\n                <div class=\"mxm-employee-details-wrapper\">\n                                                                        <div class=\"mxm-employee-details\" id=\"mxm-employee-844b53b-752199a-mobile-details\">\n                                <div class=\"details-inner\">\n                                    <p>Pedro Chapinal ist seit 2023 Mitglied des Verwaltungsrats. Seit 2016 ist er bei der EFG Bank AG, zuletzt in der Funktion als Chief of Staff of the Group COO und Senior Vice President. Vor seinem Wechsel zur EFG Bank war er von 2013 bis 2016 bei der Finter Bank Zurich Ltd. t\u00e4tig, zuletzt als COO, wo er unter anderem die Integration der Finter Bank in die Bank Vontobel AG im Rahmen der \u00dcbernahme verantwortete. Weitere Stationen waren bei der Arab Bank (Switzerland) Ltd., der BT Global Services in Amsterdam sowie bei der Credit Suisse in Z\u00fcrich. Pedro Chapinal hat Kommunikation und Informatik an der ZHAW studiert und h\u00e4lt einen Master in Business Administration der Universit\u00e4t Rochester.<\/p>                                <\/div>\n                            <\/div>\n                                                            <\/div>\n            <\/div>\n                        <div class=\"mxm-employee-row\">\n                <div class=\"mxm-employee-cards\">\n                                            <div class=\"mxm-employee-card\" id=\"mxm-employee-844b53b-24c9a0c-mobile-card\">\n                                                            <div class=\"mxm-employee-image\">\n                                    <img decoding=\"async\" src=\"https:\/\/viseca-payment.ch\/wp-content\/uploads\/2025\/05\/Corporate_Governance_Bild_4-1.jpg\"\n                                        alt=\"Manuel Kunzelmann, Mitglied\">\n                                <\/div>\n                            \n                                                            <div class=\"mxm-employee-title-wrapper\">\n                                    <span class=\"mxm-employee-title\">Manuel Kunzelmann, Mitglied<\/span>\n                                    <button class=\"mxm-employee-toggle-button\" data-target=\"#mxm-employee-844b53b-24c9a0c-mobile-details\">\n                                        <svg class=\"arrow-down\" xmlns=\"http:\/\/www.w3.org\/2000\/svg\" viewBox=\"0 0 512 512\" width=\"15\"\n                                            height=\"15\" fill=\"currentColor\">\n                                            <path\n                                                d=\"M256 417.9l17-17L465 209l17-17L448 158.1l-17 17-175 175L81 175l-17-17L30.1 192l17 17L239 401l17 17z\">\n                                            <\/path>\n                                        <\/svg>\n                                    <\/button>\n                                <\/div>\n                                                    <\/div>\n                                    <\/div>\n                <div class=\"mxm-employee-details-wrapper\">\n                                                                        <div class=\"mxm-employee-details\" id=\"mxm-employee-844b53b-24c9a0c-mobile-details\">\n                                <div class=\"details-inner\">\n                                    <p>Manuel Kunzelmann ist seit 2020 Mitglied des Verwaltungsrats. Seit Mai 2020 ist er CEO der Migros Bank AG. Vor seinem Wechsel zur Migros Bank war er ab 2009 in verschiedenen F\u00fchrungsfunktionen f\u00fcr die Basellandschaftliche Kantonalbank t\u00e4tig, zuletzt als Mitglied der Gesch\u00e4ftsleitung, wo er den Gesch\u00e4ftsbereich Strategie und Marktleistungen verantwortete. Davor arbeitete er zehn Jahre in verschiedenen Leitungsfunktionen f\u00fcr die UBS. Neben seiner T\u00e4tigkeit f\u00fcr die Viseca ist er Pr\u00e4sident der Vorsorgestiftung und der Freiz\u00fcgigkeitsstiftung der Migros Bank AG. Ferner ist er Vorstandspr\u00e4sident der CYP Association sowie Vorstandsmitglied bei der Koordination f\u00fcr Inlandbanken (KIB). Manuel Kunzelmann ist diplomierter Betriebs\u00f6konom FH, hat einen MAS FHO in Business Information Management absolviert und h\u00e4lt einen Executive Master of Business Administration der Universit\u00e4t Z\u00fcrich.<\/p>                                <\/div>\n                            <\/div>\n                                                            <\/div>\n            <\/div>\n                        <div class=\"mxm-employee-row\">\n                <div class=\"mxm-employee-cards\">\n                                            <div class=\"mxm-employee-card\" id=\"mxm-employee-844b53b-3b643d4-mobile-card\">\n                                                            <div class=\"mxm-employee-image\">\n                                    <img decoding=\"async\" src=\"https:\/\/viseca-payment.ch\/wp-content\/uploads\/2026\/04\/Thomas_W_Paulsen.jpg\"\n                                        alt=\"Thomas W. Paulsen, Mitglied\">\n                                <\/div>\n                            \n                                                            <div class=\"mxm-employee-title-wrapper\">\n                                    <span class=\"mxm-employee-title\">Thomas W. Paulsen, Mitglied<\/span>\n                                    <button class=\"mxm-employee-toggle-button\" data-target=\"#mxm-employee-844b53b-3b643d4-mobile-details\">\n                                        <svg class=\"arrow-down\" xmlns=\"http:\/\/www.w3.org\/2000\/svg\" viewBox=\"0 0 512 512\" width=\"15\"\n                                            height=\"15\" fill=\"currentColor\">\n                                            <path\n                                                d=\"M256 417.9l17-17L465 209l17-17L448 158.1l-17 17-175 175L81 175l-17-17L30.1 192l17 17L239 401l17 17z\">\n                                            <\/path>\n                                        <\/svg>\n                                    <\/button>\n                                <\/div>\n                                                    <\/div>\n                                    <\/div>\n                <div class=\"mxm-employee-details-wrapper\">\n                                                                        <div class=\"mxm-employee-details\" id=\"mxm-employee-844b53b-3b643d4-mobile-details\">\n                                <div class=\"details-inner\">\n                                    <p>Thomas W. Paulsen ist seit 2026 Mitglied des Verwaltungsrats. Seit 2009 ist er CFO der Banque Cantonale Vaudoise (BCV). Davor war er seit 2002 in der Funktion als Chief Risk Officer f\u00fcr die Entwicklung und Umsetzung des Risikomanagements zust\u00e4ndig. Vor seiner Zeit bei BCV arbeitete er w\u00e4hrend sieben Jahren als strategischer Berater bei McKinsey &amp; Co. Des Weiteren ist er Verwaltungsrats-Vizepr\u00e4sident der Privatbank Piguet Galland &amp; Cie und Verwaltungsrats-Mitglied der Pfandbriefzentrale. Er hat Volkswirtschaftslehre studiert und schloss mit einem Master of Science an der LSE London und einem PhD an der HEC Lausanne ab.<\/p>                                <\/div>\n                            <\/div>\n                                                            <\/div>\n            <\/div>\n                        <div class=\"mxm-employee-row\">\n                <div class=\"mxm-employee-cards\">\n                                            <div class=\"mxm-employee-card\" id=\"mxm-employee-844b53b-9a09e22-mobile-card\">\n                                                            <div class=\"mxm-employee-image\">\n                                    <img decoding=\"async\" src=\"https:\/\/viseca-payment.ch\/wp-content\/uploads\/2025\/05\/Corporate_Governance_Bild_5-1.jpg\"\n                                        alt=\"Daniel Previdoli, Mitglied\">\n                                <\/div>\n                            \n                                                            <div class=\"mxm-employee-title-wrapper\">\n                                    <span class=\"mxm-employee-title\">Daniel Previdoli, Mitglied<\/span>\n                                    <button class=\"mxm-employee-toggle-button\" data-target=\"#mxm-employee-844b53b-9a09e22-mobile-details\">\n                                        <svg class=\"arrow-down\" xmlns=\"http:\/\/www.w3.org\/2000\/svg\" viewBox=\"0 0 512 512\" width=\"15\"\n                                            height=\"15\" fill=\"currentColor\">\n                                            <path\n                                                d=\"M256 417.9l17-17L465 209l17-17L448 158.1l-17 17-175 175L81 175l-17-17L30.1 192l17 17L239 401l17 17z\">\n                                            <\/path>\n                                        <\/svg>\n                                    <\/button>\n                                <\/div>\n                                                    <\/div>\n                                    <\/div>\n                <div class=\"mxm-employee-details-wrapper\">\n                                                                        <div class=\"mxm-employee-details\" id=\"mxm-employee-844b53b-9a09e22-mobile-details\">\n                                <div class=\"details-inner\">\n                                    <p>Daniel Previdoli ist seit 2015 Mitglied des Verwaltungsrats. Seit 2007 ist er Mitglied der Generaldirektion der Z\u00fcrcher Kantonalbank und seit 2014 Leiter der Gesch\u00e4ftseinheit Products, Services und Directbanking. Davor war er w\u00e4hrend elf Jahren f\u00fcr die UBS und von 1987 bis 1996 f\u00fcr die Credit Suisse in verschiedenen Funktionen im In- und Ausland t\u00e4tig. Neben seiner T\u00e4tigkeit f\u00fcr die Viseca ist er Verwaltungsratspr\u00e4sident der Swisscanto Fondsleitung AG, Verwaltungsratsmitglied der Swisscanto Holding AG und Twint AG sowie Vizepr\u00e4sident der Stiftung Greater Zurich Area. Daniel Previdoli studierte Wirtschafts- und Sozialwissenschaften an der Universit\u00e4t Freiburg und schloss als lic. rer. pol. ab.<\/p>                                <\/div>\n                            <\/div>\n                                                            <\/div>\n            <\/div>\n                        <div class=\"mxm-employee-row\">\n                <div class=\"mxm-employee-cards\">\n                                            <div class=\"mxm-employee-card\" id=\"mxm-employee-844b53b-8d8e544-mobile-card\">\n                                                            <div class=\"mxm-employee-image\">\n                                    <img decoding=\"async\" src=\"https:\/\/viseca-payment.ch\/wp-content\/uploads\/2025\/05\/Corporate_Governance_Bild_7-1.jpg\"\n                                        alt=\"Christoph Wille, Mitglied\">\n                                <\/div>\n                            \n                                                            <div class=\"mxm-employee-title-wrapper\">\n                                    <span class=\"mxm-employee-title\">Christoph Wille, Mitglied<\/span>\n                                    <button class=\"mxm-employee-toggle-button\" data-target=\"#mxm-employee-844b53b-8d8e544-mobile-details\">\n                                        <svg class=\"arrow-down\" xmlns=\"http:\/\/www.w3.org\/2000\/svg\" viewBox=\"0 0 512 512\" width=\"15\"\n                                            height=\"15\" fill=\"currentColor\">\n                                            <path\n                                                d=\"M256 417.9l17-17L465 209l17-17L448 158.1l-17 17-175 175L81 175l-17-17L30.1 192l17 17L239 401l17 17z\">\n                                            <\/path>\n                                        <\/svg>\n                                    <\/button>\n                                <\/div>\n                                                    <\/div>\n                                    <\/div>\n                <div class=\"mxm-employee-details-wrapper\">\n                                                                        <div class=\"mxm-employee-details\" id=\"mxm-employee-844b53b-8d8e544-mobile-details\">\n                                <div class=\"details-inner\">\n                                    <p>Christoph Wille ist seit 2022 Mitglied des Verwaltungsrats. Seit April 2022 ist er Leiter Kundenservices und Produkte bei der Valiant Bank AG. Davor war er seit Januar 2015 Leiter Kundenservices und Kan\u00e4le, ebenfalls bei der Valiant Bank AG. Bevor er zur Valiant wechselte, war er in verschiedenen Funktionen bei der Cognizant GmbH und der IBM (Schweiz) AG t\u00e4tig. Christoph Wille hat Rechtswissenschaften an der Universit\u00e4t Z\u00fcrich studiert und verf\u00fcgt \u00fcber einen MBA des Henley Management College, England.<\/p>                                <\/div>\n                            <\/div>\n                                                            <\/div>\n            <\/div>\n                        <\/div>\n        <\/div>\n\n        <script>\n            document.addEventListener('DOMContentLoaded', function () {\n                if (document.body.classList.contains('mxm-employee-script-loaded')) {\n                    return;\n                }\n                document.body.classList.add('mxm-employee-script-loaded');\n\n                function resetAllCards() {\n                    document.querySelectorAll('.mxm-employee-card').forEach(c => c.classList.remove('active', 'inactive'));\n                    document.querySelectorAll('.mxm-employee-details').forEach(d => d.classList.remove('active'));\n                }\n\n                const observerCallback = (entries, observerInstance) => {\n                    entries.forEach(entry => {\n                        if (!entry.isIntersecting) {\n                            resetAllCards();\n                            observerInstance.unobserve(entry.target);\n                        }\n                    });\n                };\n                const observer = new IntersectionObserver(observerCallback);\n\n                document.body.addEventListener('click', function (event) {\n                    const cardEl = event.target.closest('.mxm-employee-card');\n                    if (!cardEl) return;\n\n                    event.preventDefault();\n\n                    const cardId = cardEl.id;\n                    const detailsId = cardId.replace('-card', '-details');\n                    const detailsEl = document.getElementById(detailsId);\n                    if (!detailsEl) return;\n\n                    const isAlreadyActive = cardEl.classList.contains('active');\n\n                    observer.disconnect();\n\n                    resetAllCards();\n\n                    if (!isAlreadyActive) {\n                        cardEl.classList.add('active');\n                        detailsEl.classList.add('active');\n\n                        document.querySelectorAll('.mxm-employee-card').forEach(c => {\n                            if (c !== cardEl) {\n                                c.classList.add('inactive');\n                            }\n                        });\n\n                        observer.observe(detailsEl);\n                    }\n                });\n            });\n        <\/script>\n        \t\t\t\t<\/div>\n\t\t\t\t<\/div>\n\t\t\t\t\t<\/div>\n\t\t<\/div>\n\t\t\t\t\t<\/div>\n\t\t<\/section>\n\t\t\t\t<section class=\"elementor-section elementor-top-section elementor-element elementor-element-a2f7bca elementor-section-boxed elementor-section-height-default elementor-section-height-default\" data-id=\"a2f7bca\" data-element_type=\"section\" data-e-type=\"section\">\n\t\t\t\t\t\t<div class=\"elementor-container elementor-column-gap-default\">\n\t\t\t\t\t<div class=\"elementor-column elementor-col-100 elementor-top-column elementor-element elementor-element-2b9c1e8\" data-id=\"2b9c1e8\" data-element_type=\"column\" data-e-type=\"column\">\n\t\t\t<div class=\"elementor-widget-wrap elementor-element-populated\">\n\t\t\t\t\t\t<div class=\"elementor-element elementor-element-801aca1 elementor-widget elementor-widget-spacer\" data-id=\"801aca1\" data-element_type=\"widget\" data-e-type=\"widget\" data-widget_type=\"spacer.default\">\n\t\t\t\t<div class=\"elementor-widget-container\">\n\t\t\t\t\t\t\t<div class=\"elementor-spacer\">\n\t\t\t<div class=\"elementor-spacer-inner\"><\/div>\n\t\t<\/div>\n\t\t\t\t\t\t<\/div>\n\t\t\t\t<\/div>\n\t\t\t\t\t<\/div>\n\t\t<\/div>\n\t\t\t\t\t<\/div>\n\t\t<\/section>\n\t\t\t\t<section class=\"elementor-section elementor-top-section elementor-element elementor-element-cfba99d elementor-section-boxed elementor-section-height-default elementor-section-height-default\" data-id=\"cfba99d\" data-element_type=\"section\" data-e-type=\"section\" data-settings=\"{&quot;background_background&quot;:&quot;classic&quot;}\">\n\t\t\t\t\t\t<div class=\"elementor-container elementor-column-gap-default\">\n\t\t\t\t\t<div class=\"elementor-column elementor-col-100 elementor-top-column elementor-element elementor-element-cc145d5\" data-id=\"cc145d5\" data-element_type=\"column\" data-e-type=\"column\">\n\t\t\t<div class=\"elementor-widget-wrap elementor-element-populated\">\n\t\t\t\t\t\t<div class=\"elementor-element elementor-element-c4d7952 elementor-widget elementor-widget-heading\" data-id=\"c4d7952\" data-element_type=\"widget\" data-e-type=\"widget\" data-widget_type=\"heading.default\">\n\t\t\t\t<div class=\"elementor-widget-container\">\n\t\t\t\t\t<h2 class=\"elementor-heading-title elementor-size-default\">Gesch\u00e4ftsleitung<\/h2>\t\t\t\t<\/div>\n\t\t\t\t<\/div>\n\t\t\t\t<div class=\"elementor-element elementor-element-fff1971 elementor-widget elementor-widget-text-editor\" data-id=\"fff1971\" data-element_type=\"widget\" data-e-type=\"widget\" data-widget_type=\"text-editor.default\">\n\t\t\t\t<div class=\"elementor-widget-container\">\n\t\t\t\t\t\t\t\t\t<p>Die Gesch\u00e4ftsleitung setzt die vom Verwaltungsrat beschlossene Strategie um und ist f\u00fcr die t\u00e4gliche Gesch\u00e4ftsf\u00fchrung zust\u00e4ndig. Sie besteht aus CEO und CFO, den Bereichsleitern Chief Product Officer, Chief Customer Officer und Chief Information Officer sowie dem Gesch\u00e4ftsf\u00fchrer der Viseca Card Services SA zusammen.<\/p>\t\t\t\t\t\t\t\t<\/div>\n\t\t\t\t<\/div>\n\t\t\t\t\t<\/div>\n\t\t<\/div>\n\t\t\t\t\t<\/div>\n\t\t<\/section>\n\t\t\t\t<section class=\"elementor-section elementor-top-section elementor-element elementor-element-dd322fa elementor-section-boxed elementor-section-height-default elementor-section-height-default\" data-id=\"dd322fa\" data-element_type=\"section\" data-e-type=\"section\">\n\t\t\t\t\t\t<div class=\"elementor-container elementor-column-gap-default\">\n\t\t\t\t\t<div class=\"elementor-column elementor-col-100 elementor-top-column elementor-element elementor-element-d0db713\" data-id=\"d0db713\" data-element_type=\"column\" data-e-type=\"column\">\n\t\t\t<div class=\"elementor-widget-wrap elementor-element-populated\">\n\t\t\t\t\t\t<div class=\"elementor-element elementor-element-3886aa6 elementor-widget elementor-widget-spacer\" data-id=\"3886aa6\" data-element_type=\"widget\" data-e-type=\"widget\" data-widget_type=\"spacer.default\">\n\t\t\t\t<div class=\"elementor-widget-container\">\n\t\t\t\t\t\t\t<div class=\"elementor-spacer\">\n\t\t\t<div class=\"elementor-spacer-inner\"><\/div>\n\t\t<\/div>\n\t\t\t\t\t\t<\/div>\n\t\t\t\t<\/div>\n\t\t\t\t\t<\/div>\n\t\t<\/div>\n\t\t\t\t\t<\/div>\n\t\t<\/section>\n\t\t\t\t<section class=\"elementor-section elementor-top-section elementor-element elementor-element-f368c68 elementor-section-boxed elementor-section-height-default elementor-section-height-default\" data-id=\"f368c68\" data-element_type=\"section\" data-e-type=\"section\">\n\t\t\t\t\t\t<div class=\"elementor-container elementor-column-gap-default\">\n\t\t\t\t\t<div class=\"elementor-column elementor-col-100 elementor-top-column elementor-element elementor-element-87d3fc3\" data-id=\"87d3fc3\" data-element_type=\"column\" data-e-type=\"column\">\n\t\t\t<div class=\"elementor-widget-wrap elementor-element-populated\">\n\t\t\t\t\t\t<div class=\"elementor-element elementor-element-1d9a920 elementor-widget elementor-widget-Employees\" data-id=\"1d9a920\" data-element_type=\"widget\" data-e-type=\"widget\" data-widget_type=\"Employees.default\">\n\t\t\t\t<div class=\"elementor-widget-container\">\n\t\t\t\t\t        <div class=\"mxm-employees-widget-wrapper\">\n            <div class=\"mxm-employees-container mxm-employees-desktop\">\n                            <div class=\"mxm-employee-row\">\n                <div class=\"mxm-employee-cards\">\n                                            <div class=\"mxm-employee-card\" id=\"mxm-employee-1d9a920-d749f8e-desktop-card\">\n                                                            <div class=\"mxm-employee-image\">\n                                    <img decoding=\"async\" src=\"https:\/\/viseca-payment.ch\/wp-content\/uploads\/2025\/05\/Corporate_Governance_Bild_8-1.jpg\"\n                                        alt=\"Max Sch\u00f6nholzer, Chief Executive Officer\">\n                                <\/div>\n                            \n                                                            <div class=\"mxm-employee-title-wrapper\">\n                                    <span class=\"mxm-employee-title\">Max Sch\u00f6nholzer, Chief Executive Officer<\/span>\n                                    <button class=\"mxm-employee-toggle-button\" data-target=\"#mxm-employee-1d9a920-d749f8e-desktop-details\">\n                                        <svg class=\"arrow-down\" xmlns=\"http:\/\/www.w3.org\/2000\/svg\" viewBox=\"0 0 512 512\" width=\"15\"\n                                            height=\"15\" fill=\"currentColor\">\n                                            <path\n                                                d=\"M256 417.9l17-17L465 209l17-17L448 158.1l-17 17-175 175L81 175l-17-17L30.1 192l17 17L239 401l17 17z\">\n                                            <\/path>\n                                        <\/svg>\n                                    <\/button>\n                                <\/div>\n                                                    <\/div>\n                                            <div class=\"mxm-employee-card\" id=\"mxm-employee-1d9a920-1667649-desktop-card\">\n                                                            <div class=\"mxm-employee-image\">\n                                    <img decoding=\"async\" src=\"https:\/\/viseca-payment.ch\/wp-content\/uploads\/2025\/05\/Corporate_Governance_Bild_9-1.jpg\"\n                                        alt=\"Michael Walther, Chief Financial Officer\">\n                                <\/div>\n                            \n                                                            <div class=\"mxm-employee-title-wrapper\">\n                                    <span class=\"mxm-employee-title\">Michael Walther, Chief Financial Officer<\/span>\n                                    <button class=\"mxm-employee-toggle-button\" data-target=\"#mxm-employee-1d9a920-1667649-desktop-details\">\n                                        <svg class=\"arrow-down\" xmlns=\"http:\/\/www.w3.org\/2000\/svg\" viewBox=\"0 0 512 512\" width=\"15\"\n                                            height=\"15\" fill=\"currentColor\">\n                                            <path\n                                                d=\"M256 417.9l17-17L465 209l17-17L448 158.1l-17 17-175 175L81 175l-17-17L30.1 192l17 17L239 401l17 17z\">\n                                            <\/path>\n                                        <\/svg>\n                                    <\/button>\n                                <\/div>\n                                                    <\/div>\n                                            <div class=\"mxm-employee-card\" id=\"mxm-employee-1d9a920-752199a-desktop-card\">\n                                                            <div class=\"mxm-employee-image\">\n                                    <img decoding=\"async\" src=\"https:\/\/viseca-payment.ch\/wp-content\/uploads\/2025\/05\/Corporate_Governance_Bild_10-1.jpg\"\n                                        alt=\"Stefan Brunner, Chief Product Officer\">\n                                <\/div>\n                            \n                                                            <div class=\"mxm-employee-title-wrapper\">\n                                    <span class=\"mxm-employee-title\">Stefan Brunner, Chief Product Officer<\/span>\n                                    <button class=\"mxm-employee-toggle-button\" data-target=\"#mxm-employee-1d9a920-752199a-desktop-details\">\n                                        <svg class=\"arrow-down\" xmlns=\"http:\/\/www.w3.org\/2000\/svg\" viewBox=\"0 0 512 512\" width=\"15\"\n                                            height=\"15\" fill=\"currentColor\">\n                                            <path\n                                                d=\"M256 417.9l17-17L465 209l17-17L448 158.1l-17 17-175 175L81 175l-17-17L30.1 192l17 17L239 401l17 17z\">\n                                            <\/path>\n                                        <\/svg>\n                                    <\/button>\n                                <\/div>\n                                                    <\/div>\n                                    <\/div>\n                <div class=\"mxm-employee-details-wrapper\">\n                                                                        <div class=\"mxm-employee-details\" id=\"mxm-employee-1d9a920-d749f8e-desktop-details\">\n                                <div class=\"details-inner\">\n                                    <p>Max Sch\u00f6nholzer ist seit September 2018 Chief Executive Officer der Viseca Payment Services SA. Zuvor war er unter anderem 15 Jahre f\u00fcr die Zurich Versicherung t\u00e4tig, zuletzt als Gesch\u00e4ftsleitungsmitglied und Leiter Schaden der Zurich Schweiz. Zwischen 2017 und 2018 leitete er die Krankenversicherung Sanitas als CEO. Max Sch\u00f6nholzer erwarb nach seinem Studium zum Dipl. Phys. ETH den Master of Business Administration an der Harvard Business School in Cambridge in den USA.<\/p>                                <\/div>\n                            <\/div>\n                                                                                                <div class=\"mxm-employee-details\" id=\"mxm-employee-1d9a920-1667649-desktop-details\">\n                                <div class=\"details-inner\">\n                                    <p>Michael Walther ist seit Januar 2021 Chief Financial Officer der Viseca Payment Services SA. Diese Funktion \u00fcbt er im Dienstleistungsauftrag auch f\u00fcr die Viseca Card Services SA aus. Zuvor war er w\u00e4hrend 9 Jahren bei der Arbonia t\u00e4tig, zuletzt als CFO der Division Fenster. Zwischen 2009 und 2011 arbeitete er als Group Controller \/ Leiter Controlling International Division bei der Stadler Rail Group. Davor war er rund 6 Jahre bei EY in der Wirtschaftspr\u00fcfung t\u00e4tig. Michael Walther ist diplomierter Wirtschaftspr\u00fcfer und h\u00e4lt einen Abschluss als Betriebs\u00f6konom FH der Fachhochschule Ostschweiz.<\/p>                                <\/div>\n                            <\/div>\n                                                                                                <div class=\"mxm-employee-details\" id=\"mxm-employee-1d9a920-752199a-desktop-details\">\n                                <div class=\"details-inner\">\n                                    <p>Stefan Brunner ist seit M\u00e4rz 2024 Chief Product Officer der Viseca Payment Services SA. Zuvor war er w\u00e4hrend mehr als 20 Jahren in verschiedenen Funktionen f\u00fcr die UBS t\u00e4tig, zuletzt im Rang eines Managing Directors als Crew Product Lead f\u00fcr die UBS Digital Banking Plattform und Digital Security. Weitere Stationen umfassten Chapter Lead Digital Banking Products und Head Digital Banking. Bevor er zur UBS wechselte, war er unter anderem f\u00fcr die Citibank N.A. t\u00e4tig, wo er auch seine kaufm\u00e4nnische Banklehre absolvierte. Stefan Brunner ist diplomierter Betriebs\u00f6konom FH und h\u00e4lt einen Bachelor-Abschluss in Betriebs\u00f6konomie mit Vertiefung in Wirtschaftsinformatik der ZHAW.<\/p>                                <\/div>\n                            <\/div>\n                                                            <\/div>\n            <\/div>\n                        <div class=\"mxm-employee-row\">\n                <div class=\"mxm-employee-cards\">\n                                            <div class=\"mxm-employee-card\" id=\"mxm-employee-1d9a920-9c167b8-desktop-card\">\n                                                            <div class=\"mxm-employee-image\">\n                                    <img decoding=\"async\" src=\"https:\/\/viseca-payment.ch\/wp-content\/uploads\/2025\/12\/Michel_Smith.jpg\"\n                                        alt=\"Michael Smith, Chief Customer Officer\">\n                                <\/div>\n                            \n                                                            <div class=\"mxm-employee-title-wrapper\">\n                                    <span class=\"mxm-employee-title\">Michael Smith, Chief Customer Officer<\/span>\n                                    <button class=\"mxm-employee-toggle-button\" data-target=\"#mxm-employee-1d9a920-9c167b8-desktop-details\">\n                                        <svg class=\"arrow-down\" xmlns=\"http:\/\/www.w3.org\/2000\/svg\" viewBox=\"0 0 512 512\" width=\"15\"\n                                            height=\"15\" fill=\"currentColor\">\n                                            <path\n                                                d=\"M256 417.9l17-17L465 209l17-17L448 158.1l-17 17-175 175L81 175l-17-17L30.1 192l17 17L239 401l17 17z\">\n                                            <\/path>\n                                        <\/svg>\n                                    <\/button>\n                                <\/div>\n                                                    <\/div>\n                                            <div class=\"mxm-employee-card\" id=\"mxm-employee-1d9a920-8475cd7-desktop-card\">\n                                                            <div class=\"mxm-employee-image\">\n                                    <img decoding=\"async\" src=\"https:\/\/viseca-payment.ch\/wp-content\/uploads\/2025\/05\/Corporate_Governance_Bild_12-2.jpg\"\n                                        alt=\"Rolf Fischer, Chief Information Officer\">\n                                <\/div>\n                            \n                                                            <div class=\"mxm-employee-title-wrapper\">\n                                    <span class=\"mxm-employee-title\">Rolf Fischer, Chief Information Officer<\/span>\n                                    <button class=\"mxm-employee-toggle-button\" data-target=\"#mxm-employee-1d9a920-8475cd7-desktop-details\">\n                                        <svg class=\"arrow-down\" xmlns=\"http:\/\/www.w3.org\/2000\/svg\" viewBox=\"0 0 512 512\" width=\"15\"\n                                            height=\"15\" fill=\"currentColor\">\n                                            <path\n                                                d=\"M256 417.9l17-17L465 209l17-17L448 158.1l-17 17-175 175L81 175l-17-17L30.1 192l17 17L239 401l17 17z\">\n                                            <\/path>\n                                        <\/svg>\n                                    <\/button>\n                                <\/div>\n                                                    <\/div>\n                                            <div class=\"mxm-employee-card\" id=\"mxm-employee-1d9a920-0b368e2-desktop-card\">\n                                                            <div class=\"mxm-employee-image\">\n                                    <img decoding=\"async\" src=\"https:\/\/viseca-payment.ch\/wp-content\/uploads\/2025\/05\/Corporate_Governance_Bild_13-1.jpg\"\n                                        alt=\"Reto Gross, Gesch\u00e4ftsf\u00fchrer der Viseca Card Services SA\">\n                                <\/div>\n                            \n                                                            <div class=\"mxm-employee-title-wrapper\">\n                                    <span class=\"mxm-employee-title\">Reto Gross, Gesch\u00e4ftsf\u00fchrer der Viseca Card Services SA<\/span>\n                                    <button class=\"mxm-employee-toggle-button\" data-target=\"#mxm-employee-1d9a920-0b368e2-desktop-details\">\n                                        <svg class=\"arrow-down\" xmlns=\"http:\/\/www.w3.org\/2000\/svg\" viewBox=\"0 0 512 512\" width=\"15\"\n                                            height=\"15\" fill=\"currentColor\">\n                                            <path\n                                                d=\"M256 417.9l17-17L465 209l17-17L448 158.1l-17 17-175 175L81 175l-17-17L30.1 192l17 17L239 401l17 17z\">\n                                            <\/path>\n                                        <\/svg>\n                                    <\/button>\n                                <\/div>\n                                                    <\/div>\n                                    <\/div>\n                <div class=\"mxm-employee-details-wrapper\">\n                                                                        <div class=\"mxm-employee-details\" id=\"mxm-employee-1d9a920-9c167b8-desktop-details\">\n                                <div class=\"details-inner\">\n                                    <p>Michael Smith ist seit Juli 2025 Chief Customer Officer der Viseca Payment Services SA. Er verf\u00fcgt \u00fcber mehr als zehn Jahre Erfahrung im Aufbau und in der F\u00fchrung einer grossen Customer Service-Gesch\u00e4ftseinheit. Von 2008 bis 2022 war er in verschiedenen Funktionen bei Digitec Galaxus t\u00e4tig, seit 2013 als Head of Customer Service. Ab Oktober 2022 war Michael Smith zudem als Customer Service Director und Mitglied der Gesch\u00e4ftsleitung f\u00fcr die Fuchs-Movesa AG t\u00e4tig, wo er die Weiterentwicklung des Kundendiensts verantwortete. Michael Smith verf\u00fcgt \u00fcber einen MBA als International Executive der ZHAW.<\/p>                                <\/div>\n                            <\/div>\n                                                                                                <div class=\"mxm-employee-details\" id=\"mxm-employee-1d9a920-8475cd7-desktop-details\">\n                                <div class=\"details-inner\">\n                                    <p>Rolf Fischer ist seit August 2020 Chief Information Officer der Viseca Payment Services SA. Zuvor war er CIO bei der Sanitas Krankenversicherung. Urspr\u00fcnglich im Bankensektor t\u00e4tig, arbeitete er danach w\u00e4hrend 19 Jahren bei der Zurich Versicherung. Dabei war er unter anderem Leiter IT der Zurich Versicherungsgruppe in Schweden, Norwegen, D\u00e4nemark, Finnland, Belgien, und Frankreich. Als Bereichsleiter war er zudem f\u00fcr den operativen Betrieb verschiedener Applikationen im Internationalen Grosskundenbereich der Zurich Versicherung zust\u00e4ndig und als Projektleiter f\u00fchrte er verschiedene Grossprojekte von der Rechenzentrums-Infrastruktur \u00fcber die Software-Entwicklung bis zu Big Data und Analytics durch. Rolf Fischer ist Dipl. Informatik Ing. der ETH Z\u00fcrich.<\/p>                                <\/div>\n                            <\/div>\n                                                                                                <div class=\"mxm-employee-details\" id=\"mxm-employee-1d9a920-0b368e2-desktop-details\">\n                                <div class=\"details-inner\">\n                                    <p>Reto Gross ist seit September 2020 Gesch\u00e4ftsf\u00fchrer der Viseca Card Services SA. Bevor er zur Viseca wechselte, war er zuletzt als Regional Head Sales Financial Services bei der Worldline (vormals SIX Payment Services) f\u00fcr die Schweiz, \u00d6sterreich und Osteuropa zust\u00e4ndig. Davor verantwortete er verschiedene Vertriebsorganisationen bei der Netcetera und der Swisscard AECS und agierte als selbst\u00e4ndiger Berater. Seine berufliche Laufbahn begann zwischen 1988 und 2004 in der Schweizer Luftfahrt. Reto Gross h\u00e4lt einen Abschluss in Betriebs\u00f6konomie der Fachhochschule beider Basel und einen Master of Advanced Studies in Digital Business der Hochschule Wirtschaft Z\u00fcrich.<\/p>                                <\/div>\n                            <\/div>\n                                                            <\/div>\n            <\/div>\n                        <\/div>\n\n            <div class=\"mxm-employees-container mxm-employees-tablet\">\n                            <div class=\"mxm-employee-row\">\n                <div class=\"mxm-employee-cards\">\n                                            <div class=\"mxm-employee-card\" id=\"mxm-employee-1d9a920-d749f8e-tablet-card\">\n                                                            <div class=\"mxm-employee-image\">\n                                    <img decoding=\"async\" src=\"https:\/\/viseca-payment.ch\/wp-content\/uploads\/2025\/05\/Corporate_Governance_Bild_8-1.jpg\"\n                                        alt=\"Max Sch\u00f6nholzer, Chief Executive Officer\">\n                                <\/div>\n                            \n                                                            <div class=\"mxm-employee-title-wrapper\">\n                                    <span class=\"mxm-employee-title\">Max Sch\u00f6nholzer, Chief Executive Officer<\/span>\n                                    <button class=\"mxm-employee-toggle-button\" data-target=\"#mxm-employee-1d9a920-d749f8e-tablet-details\">\n                                        <svg class=\"arrow-down\" xmlns=\"http:\/\/www.w3.org\/2000\/svg\" viewBox=\"0 0 512 512\" width=\"15\"\n                                            height=\"15\" fill=\"currentColor\">\n                                            <path\n                                                d=\"M256 417.9l17-17L465 209l17-17L448 158.1l-17 17-175 175L81 175l-17-17L30.1 192l17 17L239 401l17 17z\">\n                                            <\/path>\n                                        <\/svg>\n                                    <\/button>\n                                <\/div>\n                                                    <\/div>\n                                            <div class=\"mxm-employee-card\" id=\"mxm-employee-1d9a920-1667649-tablet-card\">\n                                                            <div class=\"mxm-employee-image\">\n                                    <img decoding=\"async\" src=\"https:\/\/viseca-payment.ch\/wp-content\/uploads\/2025\/05\/Corporate_Governance_Bild_9-1.jpg\"\n                                        alt=\"Michael Walther, Chief Financial Officer\">\n                                <\/div>\n                            \n                                                            <div class=\"mxm-employee-title-wrapper\">\n                                    <span class=\"mxm-employee-title\">Michael Walther, Chief Financial Officer<\/span>\n                                    <button class=\"mxm-employee-toggle-button\" data-target=\"#mxm-employee-1d9a920-1667649-tablet-details\">\n                                        <svg class=\"arrow-down\" xmlns=\"http:\/\/www.w3.org\/2000\/svg\" viewBox=\"0 0 512 512\" width=\"15\"\n                                            height=\"15\" fill=\"currentColor\">\n                                            <path\n                                                d=\"M256 417.9l17-17L465 209l17-17L448 158.1l-17 17-175 175L81 175l-17-17L30.1 192l17 17L239 401l17 17z\">\n                                            <\/path>\n                                        <\/svg>\n                                    <\/button>\n                                <\/div>\n                                                    <\/div>\n                                    <\/div>\n                <div class=\"mxm-employee-details-wrapper\">\n                                                                        <div class=\"mxm-employee-details\" id=\"mxm-employee-1d9a920-d749f8e-tablet-details\">\n                                <div class=\"details-inner\">\n                                    <p>Max Sch\u00f6nholzer ist seit September 2018 Chief Executive Officer der Viseca Payment Services SA. Zuvor war er unter anderem 15 Jahre f\u00fcr die Zurich Versicherung t\u00e4tig, zuletzt als Gesch\u00e4ftsleitungsmitglied und Leiter Schaden der Zurich Schweiz. Zwischen 2017 und 2018 leitete er die Krankenversicherung Sanitas als CEO. Max Sch\u00f6nholzer erwarb nach seinem Studium zum Dipl. Phys. ETH den Master of Business Administration an der Harvard Business School in Cambridge in den USA.<\/p>                                <\/div>\n                            <\/div>\n                                                                                                <div class=\"mxm-employee-details\" id=\"mxm-employee-1d9a920-1667649-tablet-details\">\n                                <div class=\"details-inner\">\n                                    <p>Michael Walther ist seit Januar 2021 Chief Financial Officer der Viseca Payment Services SA. Diese Funktion \u00fcbt er im Dienstleistungsauftrag auch f\u00fcr die Viseca Card Services SA aus. Zuvor war er w\u00e4hrend 9 Jahren bei der Arbonia t\u00e4tig, zuletzt als CFO der Division Fenster. Zwischen 2009 und 2011 arbeitete er als Group Controller \/ Leiter Controlling International Division bei der Stadler Rail Group. Davor war er rund 6 Jahre bei EY in der Wirtschaftspr\u00fcfung t\u00e4tig. Michael Walther ist diplomierter Wirtschaftspr\u00fcfer und h\u00e4lt einen Abschluss als Betriebs\u00f6konom FH der Fachhochschule Ostschweiz.<\/p>                                <\/div>\n                            <\/div>\n                                                            <\/div>\n            <\/div>\n                        <div class=\"mxm-employee-row\">\n                <div class=\"mxm-employee-cards\">\n                                            <div class=\"mxm-employee-card\" id=\"mxm-employee-1d9a920-752199a-tablet-card\">\n                                                            <div class=\"mxm-employee-image\">\n                                    <img decoding=\"async\" src=\"https:\/\/viseca-payment.ch\/wp-content\/uploads\/2025\/05\/Corporate_Governance_Bild_10-1.jpg\"\n                                        alt=\"Stefan Brunner, Chief Product Officer\">\n                                <\/div>\n                            \n                                                            <div class=\"mxm-employee-title-wrapper\">\n                                    <span class=\"mxm-employee-title\">Stefan Brunner, Chief Product Officer<\/span>\n                                    <button class=\"mxm-employee-toggle-button\" data-target=\"#mxm-employee-1d9a920-752199a-tablet-details\">\n                                        <svg class=\"arrow-down\" xmlns=\"http:\/\/www.w3.org\/2000\/svg\" viewBox=\"0 0 512 512\" width=\"15\"\n                                            height=\"15\" fill=\"currentColor\">\n                                            <path\n                                                d=\"M256 417.9l17-17L465 209l17-17L448 158.1l-17 17-175 175L81 175l-17-17L30.1 192l17 17L239 401l17 17z\">\n                                            <\/path>\n                                        <\/svg>\n                                    <\/button>\n                                <\/div>\n                                                    <\/div>\n                                            <div class=\"mxm-employee-card\" id=\"mxm-employee-1d9a920-9c167b8-tablet-card\">\n                                                            <div class=\"mxm-employee-image\">\n                                    <img decoding=\"async\" src=\"https:\/\/viseca-payment.ch\/wp-content\/uploads\/2025\/12\/Michel_Smith.jpg\"\n                                        alt=\"Michael Smith, Chief Customer Officer\">\n                                <\/div>\n                            \n                                                            <div class=\"mxm-employee-title-wrapper\">\n                                    <span class=\"mxm-employee-title\">Michael Smith, Chief Customer Officer<\/span>\n                                    <button class=\"mxm-employee-toggle-button\" data-target=\"#mxm-employee-1d9a920-9c167b8-tablet-details\">\n                                        <svg class=\"arrow-down\" xmlns=\"http:\/\/www.w3.org\/2000\/svg\" viewBox=\"0 0 512 512\" width=\"15\"\n                                            height=\"15\" fill=\"currentColor\">\n                                            <path\n                                                d=\"M256 417.9l17-17L465 209l17-17L448 158.1l-17 17-175 175L81 175l-17-17L30.1 192l17 17L239 401l17 17z\">\n                                            <\/path>\n                                        <\/svg>\n                                    <\/button>\n                                <\/div>\n                                                    <\/div>\n                                    <\/div>\n                <div class=\"mxm-employee-details-wrapper\">\n                                                                        <div class=\"mxm-employee-details\" id=\"mxm-employee-1d9a920-752199a-tablet-details\">\n                                <div class=\"details-inner\">\n                                    <p>Stefan Brunner ist seit M\u00e4rz 2024 Chief Product Officer der Viseca Payment Services SA. Zuvor war er w\u00e4hrend mehr als 20 Jahren in verschiedenen Funktionen f\u00fcr die UBS t\u00e4tig, zuletzt im Rang eines Managing Directors als Crew Product Lead f\u00fcr die UBS Digital Banking Plattform und Digital Security. Weitere Stationen umfassten Chapter Lead Digital Banking Products und Head Digital Banking. Bevor er zur UBS wechselte, war er unter anderem f\u00fcr die Citibank N.A. t\u00e4tig, wo er auch seine kaufm\u00e4nnische Banklehre absolvierte. Stefan Brunner ist diplomierter Betriebs\u00f6konom FH und h\u00e4lt einen Bachelor-Abschluss in Betriebs\u00f6konomie mit Vertiefung in Wirtschaftsinformatik der ZHAW.<\/p>                                <\/div>\n                            <\/div>\n                                                                                                <div class=\"mxm-employee-details\" id=\"mxm-employee-1d9a920-9c167b8-tablet-details\">\n                                <div class=\"details-inner\">\n                                    <p>Michael Smith ist seit Juli 2025 Chief Customer Officer der Viseca Payment Services SA. Er verf\u00fcgt \u00fcber mehr als zehn Jahre Erfahrung im Aufbau und in der F\u00fchrung einer grossen Customer Service-Gesch\u00e4ftseinheit. Von 2008 bis 2022 war er in verschiedenen Funktionen bei Digitec Galaxus t\u00e4tig, seit 2013 als Head of Customer Service. Ab Oktober 2022 war Michael Smith zudem als Customer Service Director und Mitglied der Gesch\u00e4ftsleitung f\u00fcr die Fuchs-Movesa AG t\u00e4tig, wo er die Weiterentwicklung des Kundendiensts verantwortete. Michael Smith verf\u00fcgt \u00fcber einen MBA als International Executive der ZHAW.<\/p>                                <\/div>\n                            <\/div>\n                                                            <\/div>\n            <\/div>\n                        <div class=\"mxm-employee-row\">\n                <div class=\"mxm-employee-cards\">\n                                            <div class=\"mxm-employee-card\" id=\"mxm-employee-1d9a920-8475cd7-tablet-card\">\n                                                            <div class=\"mxm-employee-image\">\n                                    <img decoding=\"async\" src=\"https:\/\/viseca-payment.ch\/wp-content\/uploads\/2025\/05\/Corporate_Governance_Bild_12-2.jpg\"\n                                        alt=\"Rolf Fischer, Chief Information Officer\">\n                                <\/div>\n                            \n                                                            <div class=\"mxm-employee-title-wrapper\">\n                                    <span class=\"mxm-employee-title\">Rolf Fischer, Chief Information Officer<\/span>\n                                    <button class=\"mxm-employee-toggle-button\" data-target=\"#mxm-employee-1d9a920-8475cd7-tablet-details\">\n                                        <svg class=\"arrow-down\" xmlns=\"http:\/\/www.w3.org\/2000\/svg\" viewBox=\"0 0 512 512\" width=\"15\"\n                                            height=\"15\" fill=\"currentColor\">\n                                            <path\n                                                d=\"M256 417.9l17-17L465 209l17-17L448 158.1l-17 17-175 175L81 175l-17-17L30.1 192l17 17L239 401l17 17z\">\n                                            <\/path>\n                                        <\/svg>\n                                    <\/button>\n                                <\/div>\n                                                    <\/div>\n                                            <div class=\"mxm-employee-card\" id=\"mxm-employee-1d9a920-0b368e2-tablet-card\">\n                                                            <div class=\"mxm-employee-image\">\n                                    <img decoding=\"async\" src=\"https:\/\/viseca-payment.ch\/wp-content\/uploads\/2025\/05\/Corporate_Governance_Bild_13-1.jpg\"\n                                        alt=\"Reto Gross, Gesch\u00e4ftsf\u00fchrer der Viseca Card Services SA\">\n                                <\/div>\n                            \n                                                            <div class=\"mxm-employee-title-wrapper\">\n                                    <span class=\"mxm-employee-title\">Reto Gross, Gesch\u00e4ftsf\u00fchrer der Viseca Card Services SA<\/span>\n                                    <button class=\"mxm-employee-toggle-button\" data-target=\"#mxm-employee-1d9a920-0b368e2-tablet-details\">\n                                        <svg class=\"arrow-down\" xmlns=\"http:\/\/www.w3.org\/2000\/svg\" viewBox=\"0 0 512 512\" width=\"15\"\n                                            height=\"15\" fill=\"currentColor\">\n                                            <path\n                                                d=\"M256 417.9l17-17L465 209l17-17L448 158.1l-17 17-175 175L81 175l-17-17L30.1 192l17 17L239 401l17 17z\">\n                                            <\/path>\n                                        <\/svg>\n                                    <\/button>\n                                <\/div>\n                                                    <\/div>\n                                    <\/div>\n                <div class=\"mxm-employee-details-wrapper\">\n                                                                        <div class=\"mxm-employee-details\" id=\"mxm-employee-1d9a920-8475cd7-tablet-details\">\n                                <div class=\"details-inner\">\n                                    <p>Rolf Fischer ist seit August 2020 Chief Information Officer der Viseca Payment Services SA. Zuvor war er CIO bei der Sanitas Krankenversicherung. Urspr\u00fcnglich im Bankensektor t\u00e4tig, arbeitete er danach w\u00e4hrend 19 Jahren bei der Zurich Versicherung. Dabei war er unter anderem Leiter IT der Zurich Versicherungsgruppe in Schweden, Norwegen, D\u00e4nemark, Finnland, Belgien, und Frankreich. Als Bereichsleiter war er zudem f\u00fcr den operativen Betrieb verschiedener Applikationen im Internationalen Grosskundenbereich der Zurich Versicherung zust\u00e4ndig und als Projektleiter f\u00fchrte er verschiedene Grossprojekte von der Rechenzentrums-Infrastruktur \u00fcber die Software-Entwicklung bis zu Big Data und Analytics durch. Rolf Fischer ist Dipl. Informatik Ing. der ETH Z\u00fcrich.<\/p>                                <\/div>\n                            <\/div>\n                                                                                                <div class=\"mxm-employee-details\" id=\"mxm-employee-1d9a920-0b368e2-tablet-details\">\n                                <div class=\"details-inner\">\n                                    <p>Reto Gross ist seit September 2020 Gesch\u00e4ftsf\u00fchrer der Viseca Card Services SA. Bevor er zur Viseca wechselte, war er zuletzt als Regional Head Sales Financial Services bei der Worldline (vormals SIX Payment Services) f\u00fcr die Schweiz, \u00d6sterreich und Osteuropa zust\u00e4ndig. Davor verantwortete er verschiedene Vertriebsorganisationen bei der Netcetera und der Swisscard AECS und agierte als selbst\u00e4ndiger Berater. Seine berufliche Laufbahn begann zwischen 1988 und 2004 in der Schweizer Luftfahrt. Reto Gross h\u00e4lt einen Abschluss in Betriebs\u00f6konomie der Fachhochschule beider Basel und einen Master of Advanced Studies in Digital Business der Hochschule Wirtschaft Z\u00fcrich.<\/p>                                <\/div>\n                            <\/div>\n                                                            <\/div>\n            <\/div>\n                        <\/div>\n\n            <div class=\"mxm-employees-container mxm-employees-mobile\">\n                            <div class=\"mxm-employee-row\">\n                <div class=\"mxm-employee-cards\">\n                                            <div class=\"mxm-employee-card\" id=\"mxm-employee-1d9a920-d749f8e-mobile-card\">\n                                                            <div class=\"mxm-employee-image\">\n                                    <img decoding=\"async\" src=\"https:\/\/viseca-payment.ch\/wp-content\/uploads\/2025\/05\/Corporate_Governance_Bild_8-1.jpg\"\n                                        alt=\"Max Sch\u00f6nholzer, Chief Executive Officer\">\n                                <\/div>\n                            \n                                                            <div class=\"mxm-employee-title-wrapper\">\n                                    <span class=\"mxm-employee-title\">Max Sch\u00f6nholzer, Chief Executive Officer<\/span>\n                                    <button class=\"mxm-employee-toggle-button\" data-target=\"#mxm-employee-1d9a920-d749f8e-mobile-details\">\n                                        <svg class=\"arrow-down\" xmlns=\"http:\/\/www.w3.org\/2000\/svg\" viewBox=\"0 0 512 512\" width=\"15\"\n                                            height=\"15\" fill=\"currentColor\">\n                                            <path\n                                                d=\"M256 417.9l17-17L465 209l17-17L448 158.1l-17 17-175 175L81 175l-17-17L30.1 192l17 17L239 401l17 17z\">\n                                            <\/path>\n                                        <\/svg>\n                                    <\/button>\n                                <\/div>\n                                                    <\/div>\n                                    <\/div>\n                <div class=\"mxm-employee-details-wrapper\">\n                                                                        <div class=\"mxm-employee-details\" id=\"mxm-employee-1d9a920-d749f8e-mobile-details\">\n                                <div class=\"details-inner\">\n                                    <p>Max Sch\u00f6nholzer ist seit September 2018 Chief Executive Officer der Viseca Payment Services SA. Zuvor war er unter anderem 15 Jahre f\u00fcr die Zurich Versicherung t\u00e4tig, zuletzt als Gesch\u00e4ftsleitungsmitglied und Leiter Schaden der Zurich Schweiz. Zwischen 2017 und 2018 leitete er die Krankenversicherung Sanitas als CEO. Max Sch\u00f6nholzer erwarb nach seinem Studium zum Dipl. Phys. ETH den Master of Business Administration an der Harvard Business School in Cambridge in den USA.<\/p>                                <\/div>\n                            <\/div>\n                                                            <\/div>\n            <\/div>\n                        <div class=\"mxm-employee-row\">\n                <div class=\"mxm-employee-cards\">\n                                            <div class=\"mxm-employee-card\" id=\"mxm-employee-1d9a920-1667649-mobile-card\">\n                                                            <div class=\"mxm-employee-image\">\n                                    <img decoding=\"async\" src=\"https:\/\/viseca-payment.ch\/wp-content\/uploads\/2025\/05\/Corporate_Governance_Bild_9-1.jpg\"\n                                        alt=\"Michael Walther, Chief Financial Officer\">\n                                <\/div>\n                            \n                                                            <div class=\"mxm-employee-title-wrapper\">\n                                    <span class=\"mxm-employee-title\">Michael Walther, Chief Financial Officer<\/span>\n                                    <button class=\"mxm-employee-toggle-button\" data-target=\"#mxm-employee-1d9a920-1667649-mobile-details\">\n                                        <svg class=\"arrow-down\" xmlns=\"http:\/\/www.w3.org\/2000\/svg\" viewBox=\"0 0 512 512\" width=\"15\"\n                                            height=\"15\" fill=\"currentColor\">\n                                            <path\n                                                d=\"M256 417.9l17-17L465 209l17-17L448 158.1l-17 17-175 175L81 175l-17-17L30.1 192l17 17L239 401l17 17z\">\n                                            <\/path>\n                                        <\/svg>\n                                    <\/button>\n                                <\/div>\n                                                    <\/div>\n                                    <\/div>\n                <div class=\"mxm-employee-details-wrapper\">\n                                                                        <div class=\"mxm-employee-details\" id=\"mxm-employee-1d9a920-1667649-mobile-details\">\n                                <div class=\"details-inner\">\n                                    <p>Michael Walther ist seit Januar 2021 Chief Financial Officer der Viseca Payment Services SA. Diese Funktion \u00fcbt er im Dienstleistungsauftrag auch f\u00fcr die Viseca Card Services SA aus. Zuvor war er w\u00e4hrend 9 Jahren bei der Arbonia t\u00e4tig, zuletzt als CFO der Division Fenster. Zwischen 2009 und 2011 arbeitete er als Group Controller \/ Leiter Controlling International Division bei der Stadler Rail Group. Davor war er rund 6 Jahre bei EY in der Wirtschaftspr\u00fcfung t\u00e4tig. Michael Walther ist diplomierter Wirtschaftspr\u00fcfer und h\u00e4lt einen Abschluss als Betriebs\u00f6konom FH der Fachhochschule Ostschweiz.<\/p>                                <\/div>\n                            <\/div>\n                                                            <\/div>\n            <\/div>\n                        <div class=\"mxm-employee-row\">\n                <div class=\"mxm-employee-cards\">\n                                            <div class=\"mxm-employee-card\" id=\"mxm-employee-1d9a920-752199a-mobile-card\">\n                                                            <div class=\"mxm-employee-image\">\n                                    <img decoding=\"async\" src=\"https:\/\/viseca-payment.ch\/wp-content\/uploads\/2025\/05\/Corporate_Governance_Bild_10-1.jpg\"\n                                        alt=\"Stefan Brunner, Chief Product Officer\">\n                                <\/div>\n                            \n                                                            <div class=\"mxm-employee-title-wrapper\">\n                                    <span class=\"mxm-employee-title\">Stefan Brunner, Chief Product Officer<\/span>\n                                    <button class=\"mxm-employee-toggle-button\" data-target=\"#mxm-employee-1d9a920-752199a-mobile-details\">\n                                        <svg class=\"arrow-down\" xmlns=\"http:\/\/www.w3.org\/2000\/svg\" viewBox=\"0 0 512 512\" width=\"15\"\n                                            height=\"15\" fill=\"currentColor\">\n                                            <path\n                                                d=\"M256 417.9l17-17L465 209l17-17L448 158.1l-17 17-175 175L81 175l-17-17L30.1 192l17 17L239 401l17 17z\">\n                                            <\/path>\n                                        <\/svg>\n                                    <\/button>\n                                <\/div>\n                                                    <\/div>\n                                    <\/div>\n                <div class=\"mxm-employee-details-wrapper\">\n                                                                        <div class=\"mxm-employee-details\" id=\"mxm-employee-1d9a920-752199a-mobile-details\">\n                                <div class=\"details-inner\">\n                                    <p>Stefan Brunner ist seit M\u00e4rz 2024 Chief Product Officer der Viseca Payment Services SA. Zuvor war er w\u00e4hrend mehr als 20 Jahren in verschiedenen Funktionen f\u00fcr die UBS t\u00e4tig, zuletzt im Rang eines Managing Directors als Crew Product Lead f\u00fcr die UBS Digital Banking Plattform und Digital Security. Weitere Stationen umfassten Chapter Lead Digital Banking Products und Head Digital Banking. Bevor er zur UBS wechselte, war er unter anderem f\u00fcr die Citibank N.A. t\u00e4tig, wo er auch seine kaufm\u00e4nnische Banklehre absolvierte. Stefan Brunner ist diplomierter Betriebs\u00f6konom FH und h\u00e4lt einen Bachelor-Abschluss in Betriebs\u00f6konomie mit Vertiefung in Wirtschaftsinformatik der ZHAW.<\/p>                                <\/div>\n                            <\/div>\n                                                            <\/div>\n            <\/div>\n                        <div class=\"mxm-employee-row\">\n                <div class=\"mxm-employee-cards\">\n                                            <div class=\"mxm-employee-card\" id=\"mxm-employee-1d9a920-9c167b8-mobile-card\">\n                                                            <div class=\"mxm-employee-image\">\n                                    <img decoding=\"async\" src=\"https:\/\/viseca-payment.ch\/wp-content\/uploads\/2025\/12\/Michel_Smith.jpg\"\n                                        alt=\"Michael Smith, Chief Customer Officer\">\n                                <\/div>\n                            \n                                                            <div class=\"mxm-employee-title-wrapper\">\n                                    <span class=\"mxm-employee-title\">Michael Smith, Chief Customer Officer<\/span>\n                                    <button class=\"mxm-employee-toggle-button\" data-target=\"#mxm-employee-1d9a920-9c167b8-mobile-details\">\n                                        <svg class=\"arrow-down\" xmlns=\"http:\/\/www.w3.org\/2000\/svg\" viewBox=\"0 0 512 512\" width=\"15\"\n                                            height=\"15\" fill=\"currentColor\">\n                                            <path\n                                                d=\"M256 417.9l17-17L465 209l17-17L448 158.1l-17 17-175 175L81 175l-17-17L30.1 192l17 17L239 401l17 17z\">\n                                            <\/path>\n                                        <\/svg>\n                                    <\/button>\n                                <\/div>\n                                                    <\/div>\n                                    <\/div>\n                <div class=\"mxm-employee-details-wrapper\">\n                                                                        <div class=\"mxm-employee-details\" id=\"mxm-employee-1d9a920-9c167b8-mobile-details\">\n                                <div class=\"details-inner\">\n                                    <p>Michael Smith ist seit Juli 2025 Chief Customer Officer der Viseca Payment Services SA. Er verf\u00fcgt \u00fcber mehr als zehn Jahre Erfahrung im Aufbau und in der F\u00fchrung einer grossen Customer Service-Gesch\u00e4ftseinheit. Von 2008 bis 2022 war er in verschiedenen Funktionen bei Digitec Galaxus t\u00e4tig, seit 2013 als Head of Customer Service. Ab Oktober 2022 war Michael Smith zudem als Customer Service Director und Mitglied der Gesch\u00e4ftsleitung f\u00fcr die Fuchs-Movesa AG t\u00e4tig, wo er die Weiterentwicklung des Kundendiensts verantwortete. Michael Smith verf\u00fcgt \u00fcber einen MBA als International Executive der ZHAW.<\/p>                                <\/div>\n                            <\/div>\n                                                            <\/div>\n            <\/div>\n                        <div class=\"mxm-employee-row\">\n                <div class=\"mxm-employee-cards\">\n                                            <div class=\"mxm-employee-card\" id=\"mxm-employee-1d9a920-8475cd7-mobile-card\">\n                                                            <div class=\"mxm-employee-image\">\n                                    <img decoding=\"async\" src=\"https:\/\/viseca-payment.ch\/wp-content\/uploads\/2025\/05\/Corporate_Governance_Bild_12-2.jpg\"\n                                        alt=\"Rolf Fischer, Chief Information Officer\">\n                                <\/div>\n                            \n                                                            <div class=\"mxm-employee-title-wrapper\">\n                                    <span class=\"mxm-employee-title\">Rolf Fischer, Chief Information Officer<\/span>\n                                    <button class=\"mxm-employee-toggle-button\" data-target=\"#mxm-employee-1d9a920-8475cd7-mobile-details\">\n                                        <svg class=\"arrow-down\" xmlns=\"http:\/\/www.w3.org\/2000\/svg\" viewBox=\"0 0 512 512\" width=\"15\"\n                                            height=\"15\" fill=\"currentColor\">\n                                            <path\n                                                d=\"M256 417.9l17-17L465 209l17-17L448 158.1l-17 17-175 175L81 175l-17-17L30.1 192l17 17L239 401l17 17z\">\n                                            <\/path>\n                                        <\/svg>\n                                    <\/button>\n                                <\/div>\n                                                    <\/div>\n                                    <\/div>\n                <div class=\"mxm-employee-details-wrapper\">\n                                                                        <div class=\"mxm-employee-details\" id=\"mxm-employee-1d9a920-8475cd7-mobile-details\">\n                                <div class=\"details-inner\">\n                                    <p>Rolf Fischer ist seit August 2020 Chief Information Officer der Viseca Payment Services SA. Zuvor war er CIO bei der Sanitas Krankenversicherung. Urspr\u00fcnglich im Bankensektor t\u00e4tig, arbeitete er danach w\u00e4hrend 19 Jahren bei der Zurich Versicherung. Dabei war er unter anderem Leiter IT der Zurich Versicherungsgruppe in Schweden, Norwegen, D\u00e4nemark, Finnland, Belgien, und Frankreich. Als Bereichsleiter war er zudem f\u00fcr den operativen Betrieb verschiedener Applikationen im Internationalen Grosskundenbereich der Zurich Versicherung zust\u00e4ndig und als Projektleiter f\u00fchrte er verschiedene Grossprojekte von der Rechenzentrums-Infrastruktur \u00fcber die Software-Entwicklung bis zu Big Data und Analytics durch. Rolf Fischer ist Dipl. Informatik Ing. der ETH Z\u00fcrich.<\/p>                                <\/div>\n                            <\/div>\n                                                            <\/div>\n            <\/div>\n                        <div class=\"mxm-employee-row\">\n                <div class=\"mxm-employee-cards\">\n                                            <div class=\"mxm-employee-card\" id=\"mxm-employee-1d9a920-0b368e2-mobile-card\">\n                                                            <div class=\"mxm-employee-image\">\n                                    <img decoding=\"async\" src=\"https:\/\/viseca-payment.ch\/wp-content\/uploads\/2025\/05\/Corporate_Governance_Bild_13-1.jpg\"\n                                        alt=\"Reto Gross, Gesch\u00e4ftsf\u00fchrer der Viseca Card Services SA\">\n                                <\/div>\n                            \n                                                            <div class=\"mxm-employee-title-wrapper\">\n                                    <span class=\"mxm-employee-title\">Reto Gross, Gesch\u00e4ftsf\u00fchrer der Viseca Card Services SA<\/span>\n                                    <button class=\"mxm-employee-toggle-button\" data-target=\"#mxm-employee-1d9a920-0b368e2-mobile-details\">\n                                        <svg class=\"arrow-down\" xmlns=\"http:\/\/www.w3.org\/2000\/svg\" viewBox=\"0 0 512 512\" width=\"15\"\n                                            height=\"15\" fill=\"currentColor\">\n                                            <path\n                                                d=\"M256 417.9l17-17L465 209l17-17L448 158.1l-17 17-175 175L81 175l-17-17L30.1 192l17 17L239 401l17 17z\">\n                                            <\/path>\n                                        <\/svg>\n                                    <\/button>\n                                <\/div>\n                                                    <\/div>\n                                    <\/div>\n                <div class=\"mxm-employee-details-wrapper\">\n                                                                        <div class=\"mxm-employee-details\" id=\"mxm-employee-1d9a920-0b368e2-mobile-details\">\n                                <div class=\"details-inner\">\n                                    <p>Reto Gross ist seit September 2020 Gesch\u00e4ftsf\u00fchrer der Viseca Card Services SA. Bevor er zur Viseca wechselte, war er zuletzt als Regional Head Sales Financial Services bei der Worldline (vormals SIX Payment Services) f\u00fcr die Schweiz, \u00d6sterreich und Osteuropa zust\u00e4ndig. Davor verantwortete er verschiedene Vertriebsorganisationen bei der Netcetera und der Swisscard AECS und agierte als selbst\u00e4ndiger Berater. Seine berufliche Laufbahn begann zwischen 1988 und 2004 in der Schweizer Luftfahrt. Reto Gross h\u00e4lt einen Abschluss in Betriebs\u00f6konomie der Fachhochschule beider Basel und einen Master of Advanced Studies in Digital Business der Hochschule Wirtschaft Z\u00fcrich.<\/p>                                <\/div>\n                            <\/div>\n                                                            <\/div>\n            <\/div>\n                        <\/div>\n        <\/div>\n\n        <script>\n            document.addEventListener('DOMContentLoaded', function () {\n                if (document.body.classList.contains('mxm-employee-script-loaded')) {\n                    return;\n                }\n                document.body.classList.add('mxm-employee-script-loaded');\n\n                function resetAllCards() {\n                    document.querySelectorAll('.mxm-employee-card').forEach(c => c.classList.remove('active', 'inactive'));\n                    document.querySelectorAll('.mxm-employee-details').forEach(d => d.classList.remove('active'));\n                }\n\n                const observerCallback = (entries, observerInstance) => {\n                    entries.forEach(entry => {\n                        if (!entry.isIntersecting) {\n                            resetAllCards();\n                            observerInstance.unobserve(entry.target);\n                        }\n                    });\n                };\n                const observer = new IntersectionObserver(observerCallback);\n\n                document.body.addEventListener('click', function (event) {\n                    const cardEl = event.target.closest('.mxm-employee-card');\n                    if (!cardEl) return;\n\n                    event.preventDefault();\n\n                    const cardId = cardEl.id;\n                    const detailsId = cardId.replace('-card', '-details');\n                    const detailsEl = document.getElementById(detailsId);\n                    if (!detailsEl) return;\n\n                    const isAlreadyActive = cardEl.classList.contains('active');\n\n                    observer.disconnect();\n\n                    resetAllCards();\n\n                    if (!isAlreadyActive) {\n                        cardEl.classList.add('active');\n                        detailsEl.classList.add('active');\n\n                        document.querySelectorAll('.mxm-employee-card').forEach(c => {\n                            if (c !== cardEl) {\n                                c.classList.add('inactive');\n                            }\n                        });\n\n                        observer.observe(detailsEl);\n                    }\n                });\n            });\n        <\/script>\n        \t\t\t\t<\/div>\n\t\t\t\t<\/div>\n\t\t\t\t\t<\/div>\n\t\t<\/div>\n\t\t\t\t\t<\/div>\n\t\t<\/section>\n\t\t\t\t<section class=\"elementor-section elementor-top-section elementor-element elementor-element-59b6f86 elementor-section-boxed elementor-section-height-default elementor-section-height-default\" data-id=\"59b6f86\" data-element_type=\"section\" data-e-type=\"section\">\n\t\t\t\t\t\t<div class=\"elementor-container elementor-column-gap-default\">\n\t\t\t\t\t<div class=\"elementor-column elementor-col-100 elementor-top-column elementor-element elementor-element-eb5570d\" data-id=\"eb5570d\" data-element_type=\"column\" data-e-type=\"column\">\n\t\t\t<div class=\"elementor-widget-wrap elementor-element-populated\">\n\t\t\t\t\t\t<div class=\"elementor-element elementor-element-712eed8 elementor-widget elementor-widget-spacer\" data-id=\"712eed8\" data-element_type=\"widget\" data-e-type=\"widget\" data-widget_type=\"spacer.default\">\n\t\t\t\t<div class=\"elementor-widget-container\">\n\t\t\t\t\t\t\t<div class=\"elementor-spacer\">\n\t\t\t<div class=\"elementor-spacer-inner\"><\/div>\n\t\t<\/div>\n\t\t\t\t\t\t<\/div>\n\t\t\t\t<\/div>\n\t\t\t\t\t<\/div>\n\t\t<\/div>\n\t\t\t\t\t<\/div>\n\t\t<\/section>\n\t\t\t\t<section class=\"elementor-section elementor-top-section elementor-element elementor-element-211d611 elementor-section-boxed elementor-section-height-default elementor-section-height-default\" data-id=\"211d611\" data-element_type=\"section\" data-e-type=\"section\">\n\t\t\t\t\t\t<div class=\"elementor-container elementor-column-gap-default\">\n\t\t\t\t\t<div class=\"elementor-column elementor-col-100 elementor-top-column elementor-element elementor-element-01974f4\" data-id=\"01974f4\" data-element_type=\"column\" data-e-type=\"column\">\n\t\t\t<div class=\"elementor-widget-wrap elementor-element-populated\">\n\t\t\t\t\t\t<div class=\"elementor-element elementor-element-d1252c2 elementor-widget elementor-widget-heading\" data-id=\"d1252c2\" data-element_type=\"widget\" data-e-type=\"widget\" data-widget_type=\"heading.default\">\n\t\t\t\t<div class=\"elementor-widget-container\">\n\t\t\t\t\t<h2 class=\"elementor-heading-title elementor-size-default\">Verhaltenskodex<\/h2>\t\t\t\t<\/div>\n\t\t\t\t<\/div>\n\t\t\t\t<div class=\"elementor-element elementor-element-15fd976 elementor-widget elementor-widget-text-editor\" data-id=\"15fd976\" data-element_type=\"widget\" data-e-type=\"widget\" data-widget_type=\"text-editor.default\">\n\t\t\t\t<div class=\"elementor-widget-container\">\n\t\t\t\t\t\t\t\t\t<p>Viseca legt grossen Wert auf verantwortungsvolles und professionelles Handeln. Dies spiegelt sich in unserem Verhaltenskodex wider, der auf unseren Werten und Prinzipien basiert. Der Kodex gilt f\u00fcr alle Mitarbeitenden bis hin zur Gesch\u00e4ftsleitung und unterst\u00fctzt uns dabei, ethische Entscheidungen zu treffen und die hohen Standards der Viseca zu wahren.<\/p>\t\t\t\t\t\t\t\t<\/div>\n\t\t\t\t<\/div>\n\t\t\t\t<div class=\"elementor-element elementor-element-2d5a890 elementor-widget elementor-widget-button\" data-id=\"2d5a890\" data-element_type=\"widget\" data-e-type=\"widget\" data-widget_type=\"button.default\">\n\t\t\t\t<div class=\"elementor-widget-container\">\n\t\t\t\t\t\t\t\t\t<div class=\"elementor-button-wrapper\">\n\t\t\t\t\t<a class=\"elementor-button elementor-button-link elementor-size-sm\" href=\"https:\/\/viseca-payment.ch\/wp-content\/uploads\/2025\/06\/2022_Verhaltenskodex_DE_Final.pdf\" target=\"_blank\">\n\t\t\t\t\t\t<span class=\"elementor-button-content-wrapper\">\n\t\t\t\t\t\t<span class=\"elementor-button-icon\">\n\t\t\t\t<i aria-hidden=\"true\" class=\"far fa-arrow-alt-circle-right\"><\/i>\t\t\t<\/span>\n\t\t\t\t\t\t\t\t\t<span class=\"elementor-button-text\">Download Verhaltenskodex (PDF)<\/span>\n\t\t\t\t\t<\/span>\n\t\t\t\t\t<\/a>\n\t\t\t\t<\/div>\n\t\t\t\t\t\t\t\t<\/div>\n\t\t\t\t<\/div>\n\t\t\t\t\t<\/div>\n\t\t<\/div>\n\t\t\t\t\t<\/div>\n\t\t<\/section>\n\t\t\t\t<section class=\"elementor-section elementor-top-section elementor-element elementor-element-e8373b1 elementor-section-boxed elementor-section-height-default elementor-section-height-default\" data-id=\"e8373b1\" data-element_type=\"section\" data-e-type=\"section\">\n\t\t\t\t\t\t<div class=\"elementor-container elementor-column-gap-default\">\n\t\t\t\t\t<div class=\"elementor-column elementor-col-100 elementor-top-column elementor-element elementor-element-f656a4c\" data-id=\"f656a4c\" data-element_type=\"column\" data-e-type=\"column\">\n\t\t\t<div class=\"elementor-widget-wrap elementor-element-populated\">\n\t\t\t\t\t\t<div class=\"elementor-element elementor-element-e650ef2 elementor-widget elementor-widget-spacer\" data-id=\"e650ef2\" data-element_type=\"widget\" data-e-type=\"widget\" data-widget_type=\"spacer.default\">\n\t\t\t\t<div class=\"elementor-widget-container\">\n\t\t\t\t\t\t\t<div class=\"elementor-spacer\">\n\t\t\t<div class=\"elementor-spacer-inner\"><\/div>\n\t\t<\/div>\n\t\t\t\t\t\t<\/div>\n\t\t\t\t<\/div>\n\t\t\t\t\t<\/div>\n\t\t<\/div>\n\t\t\t\t\t<\/div>\n\t\t<\/section>\n\t\t\t\t<\/div>\n\t\t","protected":false},"excerpt":{"rendered":"<p>Corporate Governance Die Viseca bekennt sich zu klaren, transparenten Informationen und zur Wahrung der Interessen von Aktion\u00e4ren und Kapitalgebern. Die zentralen F\u00fchrungsorgane bestehen aus Verwaltungsrat und Gesch\u00e4ftsleitung. Bei der Aus\u00fcbung ihrer T\u00e4tigkeiten orientieren sie sich am Verhaltenskodex der Viseca. Verwaltungsrat Der Verwaltungsrat \u00fcbt die Oberleitung der Viseca aus. Er ist befugt, \u00fcber alle Angelegenheiten Beschluss [&hellip;]<\/p>\n","protected":false},"author":1,"featured_media":0,"parent":7,"menu_order":0,"comment_status":"closed","ping_status":"closed","template":"","meta":{"_acf_changed":false,"footnotes":""},"class_list":["post-12604","page","type-page","status-publish","hentry"],"acf":[],"yoast_head":"<!-- This site is optimized with the Yoast SEO plugin v27.2 - https:\/\/yoast.com\/product\/yoast-seo-wordpress\/ -->\n<title>Viseca Payment Services<\/title>\n<meta name=\"description\" content=\"Die Viseca bekennt sich zu klaren, transparenten Informationen und zur Wahrung der Interessen von Aktion\u00e4ren und Kapitalgebern.\" \/>\n<meta name=\"robots\" content=\"index, follow, max-snippet:-1, max-image-preview:large, max-video-preview:-1\" \/>\n<link rel=\"canonical\" href=\"https:\/\/viseca-payment.ch\/de\/unternehmen\/corporate-governance\/\" \/>\n<meta property=\"og:locale\" content=\"de_DE\" \/>\n<meta property=\"og:type\" content=\"article\" \/>\n<meta property=\"og:title\" content=\"Viseca Payment Services\" \/>\n<meta property=\"og:description\" content=\"Die Viseca bekennt sich zu klaren, transparenten Informationen und zur Wahrung der Interessen von Aktion\u00e4ren und Kapitalgebern.\" \/>\n<meta property=\"og:url\" content=\"https:\/\/viseca-payment.ch\/de\/unternehmen\/corporate-governance\/\" \/>\n<meta property=\"og:site_name\" content=\"Viseca Payment Services\" \/>\n<meta property=\"article:modified_time\" content=\"2026-04-17T08:59:23+00:00\" \/>\n<meta property=\"og:image\" content=\"https:\/\/viseca-payment.ch\/wp-content\/uploads\/2026\/03\/Corporate_Governance_Header_1200x630px.jpg\" \/>\n\t<meta property=\"og:image:width\" content=\"1200\" \/>\n\t<meta property=\"og:image:height\" content=\"630\" \/>\n\t<meta property=\"og:image:type\" content=\"image\/jpeg\" \/>\n<meta name=\"twitter:card\" content=\"summary_large_image\" \/>\n<meta name=\"twitter:label1\" content=\"Gesch\u00e4tzte Lesezeit\" \/>\n\t<meta name=\"twitter:data1\" content=\"31\u00a0Minuten\" \/>\n<script type=\"application\/ld+json\" class=\"yoast-schema-graph\">{\"@context\":\"https:\/\/schema.org\",\"@graph\":[{\"@type\":\"WebPage\",\"@id\":\"https:\/\/viseca-payment.ch\/de\/unternehmen\/corporate-governance\/\",\"url\":\"https:\/\/viseca-payment.ch\/de\/unternehmen\/corporate-governance\/\",\"name\":\"Viseca Payment Services\",\"isPartOf\":{\"@id\":\"https:\/\/viseca-payment.ch\/de\/#website\"},\"primaryImageOfPage\":{\"@id\":\"https:\/\/viseca-payment.ch\/de\/unternehmen\/corporate-governance\/#primaryimage\"},\"image\":{\"@id\":\"https:\/\/viseca-payment.ch\/de\/unternehmen\/corporate-governance\/#primaryimage\"},\"thumbnailUrl\":\"https:\/\/viseca-payment.ch\/wp-content\/uploads\/2025\/05\/Corporate_Governance_Bild_6-1.jpg\",\"datePublished\":\"2025-05-12T09:11:55+00:00\",\"dateModified\":\"2026-04-17T08:59:23+00:00\",\"description\":\"Die Viseca bekennt sich zu klaren, transparenten Informationen und zur Wahrung der Interessen von Aktion\u00e4ren und Kapitalgebern.\",\"breadcrumb\":{\"@id\":\"https:\/\/viseca-payment.ch\/de\/unternehmen\/corporate-governance\/#breadcrumb\"},\"inLanguage\":\"de\",\"potentialAction\":[{\"@type\":\"ReadAction\",\"target\":[\"https:\/\/viseca-payment.ch\/de\/unternehmen\/corporate-governance\/\"]}]},{\"@type\":\"ImageObject\",\"inLanguage\":\"de\",\"@id\":\"https:\/\/viseca-payment.ch\/de\/unternehmen\/corporate-governance\/#primaryimage\",\"url\":\"https:\/\/viseca-payment.ch\/wp-content\/uploads\/2025\/05\/Corporate_Governance_Bild_6-1.jpg\",\"contentUrl\":\"https:\/\/viseca-payment.ch\/wp-content\/uploads\/2025\/05\/Corporate_Governance_Bild_6-1.jpg\"},{\"@type\":\"BreadcrumbList\",\"@id\":\"https:\/\/viseca-payment.ch\/de\/unternehmen\/corporate-governance\/#breadcrumb\",\"itemListElement\":[{\"@type\":\"ListItem\",\"position\":1,\"name\":\"Unternehmen\",\"item\":\"https:\/\/viseca-payment.ch\/de\/\"},{\"@type\":\"ListItem\",\"position\":2,\"name\":\"Corporate Governance\"}]},{\"@type\":\"WebSite\",\"@id\":\"https:\/\/viseca-payment.ch\/de\/#website\",\"url\":\"https:\/\/viseca-payment.ch\/de\/\",\"name\":\"Home | Viseca Payment Services\",\"description\":\"\",\"potentialAction\":[{\"@type\":\"SearchAction\",\"target\":{\"@type\":\"EntryPoint\",\"urlTemplate\":\"https:\/\/viseca-payment.ch\/de\/?s={search_term_string}\"},\"query-input\":{\"@type\":\"PropertyValueSpecification\",\"valueRequired\":true,\"valueName\":\"search_term_string\"}}],\"inLanguage\":\"de\"}]}<\/script>\n<!-- \/ Yoast SEO plugin. -->","yoast_head_json":{"title":"Viseca Payment Services","description":"Die Viseca bekennt sich zu klaren, transparenten Informationen und zur Wahrung der Interessen von Aktion\u00e4ren und Kapitalgebern.","robots":{"index":"index","follow":"follow","max-snippet":"max-snippet:-1","max-image-preview":"max-image-preview:large","max-video-preview":"max-video-preview:-1"},"canonical":"https:\/\/viseca-payment.ch\/de\/unternehmen\/corporate-governance\/","og_locale":"de_DE","og_type":"article","og_title":"Viseca Payment Services","og_description":"Die Viseca bekennt sich zu klaren, transparenten Informationen und zur Wahrung der Interessen von Aktion\u00e4ren und Kapitalgebern.","og_url":"https:\/\/viseca-payment.ch\/de\/unternehmen\/corporate-governance\/","og_site_name":"Viseca Payment Services","article_modified_time":"2026-04-17T08:59:23+00:00","og_image":[{"width":1200,"height":630,"url":"https:\/\/viseca-payment.ch\/wp-content\/uploads\/2026\/03\/Corporate_Governance_Header_1200x630px.jpg","type":"image\/jpeg"}],"twitter_card":"summary_large_image","twitter_misc":{"Gesch\u00e4tzte Lesezeit":"31\u00a0Minuten"},"schema":{"@context":"https:\/\/schema.org","@graph":[{"@type":"WebPage","@id":"https:\/\/viseca-payment.ch\/de\/unternehmen\/corporate-governance\/","url":"https:\/\/viseca-payment.ch\/de\/unternehmen\/corporate-governance\/","name":"Viseca Payment Services","isPartOf":{"@id":"https:\/\/viseca-payment.ch\/de\/#website"},"primaryImageOfPage":{"@id":"https:\/\/viseca-payment.ch\/de\/unternehmen\/corporate-governance\/#primaryimage"},"image":{"@id":"https:\/\/viseca-payment.ch\/de\/unternehmen\/corporate-governance\/#primaryimage"},"thumbnailUrl":"https:\/\/viseca-payment.ch\/wp-content\/uploads\/2025\/05\/Corporate_Governance_Bild_6-1.jpg","datePublished":"2025-05-12T09:11:55+00:00","dateModified":"2026-04-17T08:59:23+00:00","description":"Die Viseca bekennt sich zu klaren, transparenten Informationen und zur Wahrung der Interessen von Aktion\u00e4ren und Kapitalgebern.","breadcrumb":{"@id":"https:\/\/viseca-payment.ch\/de\/unternehmen\/corporate-governance\/#breadcrumb"},"inLanguage":"de","potentialAction":[{"@type":"ReadAction","target":["https:\/\/viseca-payment.ch\/de\/unternehmen\/corporate-governance\/"]}]},{"@type":"ImageObject","inLanguage":"de","@id":"https:\/\/viseca-payment.ch\/de\/unternehmen\/corporate-governance\/#primaryimage","url":"https:\/\/viseca-payment.ch\/wp-content\/uploads\/2025\/05\/Corporate_Governance_Bild_6-1.jpg","contentUrl":"https:\/\/viseca-payment.ch\/wp-content\/uploads\/2025\/05\/Corporate_Governance_Bild_6-1.jpg"},{"@type":"BreadcrumbList","@id":"https:\/\/viseca-payment.ch\/de\/unternehmen\/corporate-governance\/#breadcrumb","itemListElement":[{"@type":"ListItem","position":1,"name":"Unternehmen","item":"https:\/\/viseca-payment.ch\/de\/"},{"@type":"ListItem","position":2,"name":"Corporate Governance"}]},{"@type":"WebSite","@id":"https:\/\/viseca-payment.ch\/de\/#website","url":"https:\/\/viseca-payment.ch\/de\/","name":"Home | Viseca Payment Services","description":"","potentialAction":[{"@type":"SearchAction","target":{"@type":"EntryPoint","urlTemplate":"https:\/\/viseca-payment.ch\/de\/?s={search_term_string}"},"query-input":{"@type":"PropertyValueSpecification","valueRequired":true,"valueName":"search_term_string"}}],"inLanguage":"de"}]}},"_links":{"self":[{"href":"https:\/\/viseca-payment.ch\/de\/wp-json\/wp\/v2\/pages\/12604","targetHints":{"allow":["GET"]}}],"collection":[{"href":"https:\/\/viseca-payment.ch\/de\/wp-json\/wp\/v2\/pages"}],"about":[{"href":"https:\/\/viseca-payment.ch\/de\/wp-json\/wp\/v2\/types\/page"}],"author":[{"embeddable":true,"href":"https:\/\/viseca-payment.ch\/de\/wp-json\/wp\/v2\/users\/1"}],"replies":[{"embeddable":true,"href":"https:\/\/viseca-payment.ch\/de\/wp-json\/wp\/v2\/comments?post=12604"}],"version-history":[{"count":149,"href":"https:\/\/viseca-payment.ch\/de\/wp-json\/wp\/v2\/pages\/12604\/revisions"}],"predecessor-version":[{"id":17535,"href":"https:\/\/viseca-payment.ch\/de\/wp-json\/wp\/v2\/pages\/12604\/revisions\/17535"}],"up":[{"embeddable":true,"href":"https:\/\/viseca-payment.ch\/de\/wp-json\/wp\/v2\/pages\/7"}],"wp:attachment":[{"href":"https:\/\/viseca-payment.ch\/de\/wp-json\/wp\/v2\/media?parent=12604"}],"curies":[{"name":"wp","href":"https:\/\/api.w.org\/{rel}","templated":true}]}}