{"id":2606,"date":"2021-12-12T18:11:05","date_gmt":"2021-12-12T16:11:05","guid":{"rendered":"https:\/\/viseca-payment.ch\/viseca-holding\/medias\/"},"modified":"2026-04-17T10:34:13","modified_gmt":"2026-04-17T08:34:13","slug":"medias","status":"publish","type":"page","link":"https:\/\/viseca-payment.ch\/fr\/medias\/","title":{"rendered":"M\u00e9dias"},"content":{"rendered":"\t\t<div data-elementor-type=\"wp-page\" data-elementor-id=\"2606\" class=\"elementor elementor-2606 elementor-1070\" data-elementor-post-type=\"page\">\n\t\t\t\t\t\t<section class=\"elementor-section elementor-top-section elementor-element elementor-element-4ed70a5 elementor-section-height-min-height elementor-section-boxed elementor-section-height-default elementor-section-items-middle\" data-id=\"4ed70a5\" data-element_type=\"section\" data-e-type=\"section\" data-settings=\"{&quot;background_background&quot;:&quot;classic&quot;}\">\n\t\t\t\t\t\t<div class=\"elementor-container elementor-column-gap-default\">\n\t\t\t\t\t<div class=\"elementor-column elementor-col-100 elementor-top-column elementor-element elementor-element-83b4de9\" data-id=\"83b4de9\" data-element_type=\"column\" data-e-type=\"column\">\n\t\t\t<div class=\"elementor-widget-wrap elementor-element-populated\">\n\t\t\t\t\t\t<div class=\"elementor-element elementor-element-b0d2c8f elementor-widget elementor-widget-heading\" data-id=\"b0d2c8f\" data-element_type=\"widget\" data-e-type=\"widget\" data-widget_type=\"heading.default\">\n\t\t\t\t<div class=\"elementor-widget-container\">\n\t\t\t\t\t<h1 class=\"elementor-heading-title elementor-size-default\">M\u00e9dias<\/h1>\t\t\t\t<\/div>\n\t\t\t\t<\/div>\n\t\t\t\t\t<\/div>\n\t\t<\/div>\n\t\t\t\t\t<\/div>\n\t\t<\/section>\n\t\t\t\t<section class=\"elementor-section elementor-top-section elementor-element elementor-element-659442c elementor-section-boxed elementor-section-height-default elementor-section-height-default\" data-id=\"659442c\" data-element_type=\"section\" data-e-type=\"section\">\n\t\t\t\t\t\t<div class=\"elementor-container elementor-column-gap-default\">\n\t\t\t\t\t<div class=\"elementor-column elementor-col-100 elementor-top-column elementor-element elementor-element-76faa8c\" data-id=\"76faa8c\" data-element_type=\"column\" data-e-type=\"column\">\n\t\t\t<div class=\"elementor-widget-wrap elementor-element-populated\">\n\t\t\t\t\t\t<div class=\"elementor-element elementor-element-42f01aa elementor-widget elementor-widget-text-editor\" data-id=\"42f01aa\" data-element_type=\"widget\" data-e-type=\"widget\" data-widget_type=\"text-editor.default\">\n\t\t\t\t<div class=\"elementor-widget-container\">\n\t\t\t\t\t\t\t\t\t<p>Viseca attache une grande importance \u00e0 la transparence de la communication avec toutes les parties prenantes. Les journalistes et les personnes int\u00e9ress\u00e9es trouveront ci-dessous les communiqu\u00e9s de presse de Viseca ainsi que les donn\u00e9es de contact de notre service de presse. Si vous souhaitez \u00eatre ajout\u00e9 \u00e0 la liste de distribution de Viseca, veuillez compl\u00e9ter le formulaire de contact au bas de la page.<\/p>\n\t\t\t\t\t\t\t\t<\/div>\n\t\t\t\t<\/div>\n\t\t\t\t<div class=\"elementor-element elementor-element-0417a46 elementor-widget elementor-widget-html\" data-id=\"0417a46\" data-element_type=\"widget\" data-e-type=\"widget\" data-widget_type=\"html.default\">\n\t\t\t\t<div class=\"elementor-widget-container\">\n\t\t\t\t\t<script src=\"https:\/\/viseca-payment.ch\/wp-includes\/js\/dist\/i18n.min.js?ver=5f1269854226b4dd90450db411a12b79\"><\/script>\t\t\t\t<\/div>\n\t\t\t\t<\/div>\n\t\t\t\t\t<\/div>\n\t\t<\/div>\n\t\t\t\t\t<\/div>\n\t\t<\/section>\n\t\t\t\t<section class=\"elementor-section elementor-top-section elementor-element elementor-element-79277eb elementor-section-boxed elementor-section-height-default elementor-section-height-default\" data-id=\"79277eb\" data-element_type=\"section\" data-e-type=\"section\">\n\t\t\t\t\t\t<div class=\"elementor-container elementor-column-gap-default\">\n\t\t\t\t\t<div class=\"elementor-column elementor-col-100 elementor-top-column elementor-element elementor-element-de91474\" data-id=\"de91474\" data-element_type=\"column\" data-e-type=\"column\">\n\t\t\t<div class=\"elementor-widget-wrap elementor-element-populated\">\n\t\t\t\t\t\t<div class=\"elementor-element elementor-element-249b110 elementor-widget elementor-widget-heading\" data-id=\"249b110\" data-element_type=\"widget\" data-e-type=\"widget\" data-widget_type=\"heading.default\">\n\t\t\t\t<div class=\"elementor-widget-container\">\n\t\t\t\t\t<h1 class=\"elementor-heading-title elementor-size-default\">Communiqu\u00e9s de presse<\/h1>\t\t\t\t<\/div>\n\t\t\t\t<\/div>\n\t\t\t\t\t<\/div>\n\t\t<\/div>\n\t\t\t\t\t<\/div>\n\t\t<\/section>\n\t\t\t\t<section class=\"elementor-section elementor-top-section elementor-element elementor-element-5b55583f elementor-section-boxed elementor-section-height-default elementor-section-height-default\" data-id=\"5b55583f\" data-element_type=\"section\" data-e-type=\"section\">\n\t\t\t\t\t\t<div class=\"elementor-container elementor-column-gap-default\">\n\t\t\t\t\t<div class=\"elementor-column elementor-col-100 elementor-top-column elementor-element elementor-element-197156d7\" data-id=\"197156d7\" data-element_type=\"column\" data-e-type=\"column\">\n\t\t\t<div class=\"elementor-widget-wrap elementor-element-populated\">\n\t\t\t\t\t\t<div class=\"elementor-element elementor-element-39a0da5 elementor-widget elementor-widget-html\" data-id=\"39a0da5\" data-element_type=\"widget\" data-e-type=\"widget\" data-widget_type=\"html.default\">\n\t\t\t\t<div class=\"elementor-widget-container\">\n\t\t\t\t\t<div class=\"elementor-element elementor-element-171bccb4 elementor-widget elementor-widget-eael-adv-accordion\"\n    data-id=\"171bccb4\" data-element_type=\"widget\" data-widget_type=\"eael-adv-accordion.default\">\n    \n    <style>\n        #accordion-to-hide {\n                display: none !important;\n            }\n            \n        td {\n            background-color: transparent !important;\n            font-family: \"FrutigerLTStd-Light\", Sans-serif !important;\n            font-size: 16px !important;\n            font-weight: 700 !important;\n        }\n\n\n        .wp-image-2298 {\n            display: inline-block;\n            margin-left: 4px;\n        }\n\n        \n\n        \n\n        .eael-accordion-content.clearfix {\n            border: none !important;\n        }\n\n        .td-content {\n            \/*display: flex;*\/\n            justify-content: flex-start;\n            \/*padding-right: 0vw;*\/\n        }\n\n        \n\n        .td-content>p {\n            \/*background-color: red;*\/\n            width: 100%;\n\n        }\n\n        .eael-accordion-list {\n            width: 70%;\n        }\n\n\n        .eael-data-table {\n            width: 100%;\n        }\n\n        .eael-data-table tbody tr td {\n            padding: 5px 15px;\n        }\n\n        @media (max-width: 768px) {\n            .td-content>p {\n                width: 100%;\n            }\n\n            .eael-data-table {\n                width: 100%;\n            }\n\n            .eael-accordion-list {\n                width: 100%;\n            }\n        }\n            \/* --- AD HOC layout ----------------------------------------- *\/\n        .td-content a {\n            border-bottom: 1px solid #AEAEAE;\n            padding-bottom: 20px;\n            text-decoration: none;\n            display: block;\n        }\n        .td-content a:has(.ad-hoc-badge) {\n            display: flex;\n            flex-direction: row;\n            justify-content: space-between;\n            align-items: baseline;\n            gap: 16px;\n        }\n        .td-content a:has(.ad-hoc-badge) .link-title {\n            flex: 1;\n        }\n        .td-content a:has(.ad-hoc-badge) .ad-hoc-badge {\n            flex-shrink: 0;\n            font-size: 11px;\n            font-weight: 700;\n            letter-spacing: 0.08em;\n            text-transform: uppercase;\n            color: #000913;\n            background-color: #F6F6F6;\n            border-radius: 3px;\n            padding: 2px 7px;\n            white-space: nowrap;\n            align-self: center;\n        }\n        @media (max-width: 768px) {\n            .td-content a:has(.ad-hoc-badge) {\n                flex-direction: column;\n                gap: 6px;\n            }\n            .td-content a:has(.ad-hoc-badge) .ad-hoc-badge {\n                align-self: flex-start;\n                margin-top: 10px;\n            }\n        }\n        \/* ------------------------------------------------------------ *\/\n    <\/style>\n    <div class=\"elementor-widget-container\">\n        <div class=\"eael-adv-accordion\" id=\"eael-adv-accordion-171bccb4\" data-scroll-on-click=\"no\"\n            data-scroll-speed=\"300\" data-accordion-id=\"171bccb4\" data-accordion-type=\"accordion\"\n            data-toogle-speed=\"300\">\n                    <div id=\"vps-adhoc-filter\" style=\"margin-bottom:16px; display:flex; justify-content:flex-start; gap:16px;\">\n            <div id=\"vps-all-btn\"\n                onclick=\"vpsSetFilter('all')\"\n                style=\"cursor:pointer;color:#000913;text-decoration:none;\n                       font-family:'FrutigerLTStd-Light',Sans-serif;font-size:14px; line-height:1; letter-spacing:0;\n                       padding:8px 16px; display:flex; align-items:center; justify-content:center;\n                       transition:all 0.2s; outline:none; box-sizing:border-box;\n                       border:1px solid #000913; background-color:#F6F6F6; opacity:0.9;\"\n                data-active=\"1\">\n                <span style=\"height: 10px;\">TOUS<\/span>\n            <\/div>\n            <div id=\"vps-adhoc-btn\"\n                onclick=\"vpsSetFilter('adhoc')\"\n                style=\"cursor:pointer;color:#000913;text-decoration:none;\n                       font-family:'FrutigerLTStd-Light',Sans-serif;font-size:14px; line-height:1; letter-spacing:0;\n                       padding:8px 16px; display:flex; align-items:center; justify-content:center;\n                       transition:all 0.2s; outline:none; box-sizing:border-box;\n                       border:1px solid #000913; background-color:transparent; opacity:1;\"\n                data-active=\"0\">\n                <span style=\"height: 10px;\">AD HOC<\/span>\n            <\/div>\n        <\/div>\n        <script>\n        (function(){\n            function vpsSetFilter(type){\n                var btnAll = document.getElementById('vps-all-btn');\n                var btnAdhoc = document.getElementById('vps-adhoc-btn');\n                \n                var activeStyle = { border: '1px solid #000913', bg: '#F6F6F6', opacity: '0.9' };\n                var inactiveStyle = { border: '1px solid #000913', bg: 'transparent', opacity: '1' };\n\n                if(type === 'all'){\n                    btnAll.style.border = activeStyle.border;\n                    btnAll.style.backgroundColor = activeStyle.bg;\n                    btnAll.style.opacity = activeStyle.opacity;\n                    btnAll.setAttribute('data-active','1');\n                    \n                    btnAdhoc.style.border = inactiveStyle.border;\n                    btnAdhoc.style.backgroundColor = inactiveStyle.bg;\n                    btnAdhoc.style.opacity = inactiveStyle.opacity;\n                    btnAdhoc.setAttribute('data-active','0');\n                    \n                    document.querySelectorAll('.eael-data-table tbody tr').forEach(function(r){\n                        r.style.display='';\n                    });\n                } else {\n                    btnAdhoc.style.border = activeStyle.border;\n                    btnAdhoc.style.backgroundColor = activeStyle.bg;\n                    btnAdhoc.style.opacity = activeStyle.opacity;\n                    btnAdhoc.setAttribute('data-active','1');\n                    \n                    btnAll.style.border = inactiveStyle.border;\n                    btnAll.style.backgroundColor = inactiveStyle.bg;\n                    btnAll.style.opacity = inactiveStyle.opacity;\n                    btnAll.setAttribute('data-active','0');\n                    \n                    document.querySelectorAll('.eael-data-table tbody tr').forEach(function(r){\n                        r.style.display = r.querySelector('.ad-hoc-badge') ? '' : 'none';\n                    });\n                }\n            }\n            window.vpsSetFilter=vpsSetFilter;\n        })();\n        <\/script>\n<div class=\"eael-accordion-list\">\n                <div id=\"2026\" class=\"elementor-tab-title eael-accordion-header active-default show active\" tabindex=\"0\"\n                    data-tab=\"1\" aria-controls=\"elementor-tab-content-3872\"><span\n                        class=\"eael-accordion-tab-title\">2026<\/span><i aria-hidden=\"true\"\n                        class=\"fa-toggle fas fa-plus\"><\/i><\/div>\n                <div id=\"elementor-tab-content-3872\" class=\"eael-accordion-content clearfix active-default\" data-tab=\"1\"\n                    aria-labelledby=\"2026\" style=\"display: block;\">\n                    <table id=\"eael-data-table-1e404c6\" class=\"tablesorter eael-data-table left\">\n                        <tbody> \n                             <tr style=\"display: flex;\">\n                                <td id=\"\" class=\"\" colspan=\"\" rowspan=\"\">\n                                    <div class=\"td-content-wrapper\">\n                                        <div class=\"td-content\">17.04.2026<\/div>\n                                    <\/div>\n                                <\/td>\n                                <td id=\"\" class=\"\" colspan=\"\" rowspan=\"\" style=\"width: 100%;\">\n                                    <div class=\"td-content-wrapper\">\n                                        <div class=\"td-content\">\n\n                                            <a href=\"https:\/\/viseca-payment.ch\/wp-content\/uploads\/2026\/04\/20260417_Viseca_Medienmitteilung_VR-Wechsel_final_FR.pdf\"\n                                                target=\"_blank\" rel=\"noopener\"><span class=\"link-title\">Changement au sein du Conseil d\u2019administration de Viseca Payment\nServices SA<\/span><\/a>\n\n                                        <\/div>\n                                    <\/div>\n                                <\/td>\n                            <\/tr> \n                            <tr style=\"display: flex;\">\n                                <td id=\"\" class=\"\" colspan=\"\" rowspan=\"\">\n                                    <div class=\"td-content-wrapper\">\n                                        <div class=\"td-content\">24.03.2026<\/div>\n                                    <\/div>\n                                <\/td>\n                                <td id=\"\" class=\"\" colspan=\"\" rowspan=\"\" style=\"width: 100%;\">\n                                    <div class=\"td-content-wrapper\">\n                                        <div class=\"td-content\">\n\n                                            <a href=\"https:\/\/viseca-payment.ch\/wp-content\/uploads\/2026\/03\/20260324_Medienmitteilung_PayInit-AG_FR.pdf\"\n                                                target=\"_blank\" rel=\"noopener\"><span class=\"link-title\">Viseca et Corn\u00e8rcard d\u00e9veloppent ensemble une nouvelle solution de branche pour les virements instantan\u00e9s entre personnes dans le monde entier, bas\u00e9e sur les cartes de paiement<\/span><span class=\"ad-hoc-badge\">AD HOC<\/span><\/a>\n\n                                        <\/div>\n                                    <\/div>\n                                <\/td>\n                            <\/tr>\n                            <tr style=\"display: flex;\">\n                                <td id=\"\" class=\"\" colspan=\"\" rowspan=\"\">\n                                    <div class=\"td-content-wrapper\">\n                                        <div class=\"td-content\">11.03.2026<\/div>\n                                    <\/div>\n                                <\/td>\n                                <td id=\"\" class=\"\" colspan=\"\" rowspan=\"\" style=\"width: 100%;\">\n                                    <div class=\"td-content-wrapper\">\n                                        <div class=\"td-content\">\n\n                                            <a href=\"https:\/\/viseca-payment.ch\/wp-content\/uploads\/2026\/03\/20260311_Media_Release_FR.pdf\"\n                                                target=\"_blank\" rel=\"noopener\"><span class=\"link-title\">Viseca a connu une ann\u00e9e anniversaire couronn\u00e9e de succ\u00e8s<\/span><span class=\"ad-hoc-badge\">AD HOC<\/span><\/a>\n\n                                        <\/div>\n                                    <\/div>\n                                <\/td>\n                            <\/tr>\n                        <\/tbody>\n                    <\/table>\n                <\/div>\n            <\/div>\n\n            <div class=\"eael-accordion-list\">\n                <div id=\"2025\" class=\"elementor-tab-title eael-accordion-header\" tabindex=\"0\" data-tab=\"2\"\n                    aria-controls=\"elementor-tab-content-3872\"><span class=\"eael-accordion-tab-title\">2025<\/span><i\n                        aria-hidden=\"true\" class=\"fa-toggle fas fa-plus\"><\/i><\/div>\n                <div id=\"elementor-tab-content-3872\" class=\"eael-accordion-content clearfix\" data-tab=\"2\"\n                    aria-labelledby=\"2025\">\n                    <table id=\"eael-data-table-1e404c6\" class=\"tablesorter eael-data-table left\">\n                        <tbody>\n                             <tr style=\"display: flex;\">\n                                <td id=\"\" class=\"\" colspan=\"\" rowspan=\"\">\n                                    <div class=\"td-content-wrapper\">\n                                        <div class=\"td-content\">02.09.2025<\/div>\n                                    <\/div>\n                                <\/td>\n                                <td id=\"\" class=\"\" colspan=\"\" rowspan=\"\" style=\"width: 100%;\">\n                                    <div class=\"td-content-wrapper\">\n                                        <div class=\"td-content\">\n\n                                            <a href=\"https:\/\/viseca-payment.ch\/wp-content\/uploads\/2025\/09\/20250902_Medienmitteilung_PLC_Commercial_FR.pdf\"\n                                                target=\"_blank\" rel=\"noopener\"><span class=\"link-title\">Repositionnement des cartes de cr\u00e9dit d\u2019entreprise de Viseca<\/a>\n\n                                        <\/div>\n                                    <\/div>\n                                <\/td>\n                            <\/tr>\n                            <tr style=\"display: flex;\">\n                                <td id=\"\" class=\"\" colspan=\"\" rowspan=\"\">\n                                    <div class=\"td-content-wrapper\">\n                                        <div class=\"td-content\">29.08.2025<\/div>\n                                    <\/div>\n                                <\/td>\n                                <td id=\"\" class=\"\" colspan=\"\" rowspan=\"\" style=\"width: 100%;\">\n                                    <div class=\"td-content-wrapper\">\n                                        <div class=\"td-content\">\n\n                                            <a href=\"https:\/\/viseca-payment.ch\/wp-content\/uploads\/2025\/08\/20250829_Medienmitteilung_HJB25_FR.pdf\"\n                                                target=\"_blank\" rel=\"noopener\">Un premier semestre solide avec de nouveaux services et des d\u00e9veloppements dans one<\/span><span class=\"ad-hoc-badge\">AD HOC<\/span><\/a>\n\n                                        <\/div>\n                                    <\/div>\n                                <\/td>\n                            <\/tr>\n                            <tr style=\"display: flex;\">\n                                <td id=\"\" class=\"\" colspan=\"\" rowspan=\"\">\n                                    <div class=\"td-content-wrapper\">\n                                        <div class=\"td-content\">16.04.2025<\/div>\n                                    <\/div>\n                                <\/td>\n                                <td id=\"\" class=\"\" colspan=\"\" rowspan=\"\" style=\"width: 100%;\">\n                                    <div class=\"td-content-wrapper\">\n                                        <div class=\"td-content\">\n\n                                            <a href=\"https:\/\/viseca-payment.ch\/wp-content\/uploads\/2025\/04\/20250416_Viseca_Medienmitteilung_VR-Wechsel_final_FR.pdf\" target=\"_blank\" rel=\"noopener\"><span class=\"link-title\">Changement au sein du Conseil d\u2019administration de Viseca Payment\n                                                Services&nbsp;SA<\/a>\n\n                                        <\/div>\n                                    <\/div>\n                                <\/td>\n                            <\/tr>\n                            <tr style=\"display: flex;\">\n                                <td id=\"\" class=\"\" colspan=\"\" rowspan=\"\">\n                                    <div class=\"td-content-wrapper\">\n                                        <div class=\"td-content\">07.03.2025<\/div>\n                                    <\/div>\n                                <\/td>\n                                <td id=\"\" class=\"\" colspan=\"\" rowspan=\"\" style=\"width: 100%;\">\n                                    <div class=\"td-content-wrapper\">\n                                        <div class=\"td-content\">\n\n                                            <a href=\"https:\/\/viseca-payment.ch\/wp-content\/uploads\/2025\/03\/20250307_Media_Release_FR.pdf\"\n                                                target=\"_blank\" rel=\"noopener\">Viseca peut se targuer d\u2019un exercice 2024 solide<\/span><span class=\"ad-hoc-badge\">AD HOC<\/span><\/a>\n\n                                        <\/div>\n                                    <\/div>\n                                <\/td>\n                            <\/tr>\n                        <\/tbody>\n                    <\/table>\n                <\/div>\n            <\/div>\n            <div class=\"eael-accordion-list\">\n                <div id=\"2024\" class=\"elementor-tab-title eael-accordion-header\" tabindex=\"0\" data-tab=\"2\"\n                    aria-controls=\"elementor-tab-content-3872\"><span class=\"eael-accordion-tab-title\">2024<\/span><i\n                        aria-hidden=\"true\" class=\"fa-toggle fas fa-plus\"><\/i><\/div>\n                <div id=\"elementor-tab-content-3872\" class=\"eael-accordion-content clearfix\" data-tab=\"2\"\n                    aria-labelledby=\"2024\">\n                    <table id=\"eael-data-table-1e404c6\" class=\"tablesorter eael-data-table left\">\n                        <tbody>\n                            <tr style=\"display: flex;\">\n                                <td id=\"\" class=\"\" colspan=\"\" rowspan=\"\">\n                                    <div class=\"td-content-wrapper\">\n                                        <div class=\"td-content\">06.12.2024<\/div>\n                                    <\/div>\n                                <\/td>\n                                <td id=\"\" class=\"\" colspan=\"\" rowspan=\"\" style=\"width: 100%;\">\n                                    <div class=\"td-content-wrapper\">\n                                        <div class=\"td-content\">\n\n                                            <a href=\"https:\/\/viseca-payment.ch\/wp-content\/uploads\/2024\/12\/20241206_Medienmitteilung_CCO_final_FR.pdf\"\n                                                target=\"_blank\" rel=\"noopener\"><span class=\"link-title\">Michael Smith succ\u00e8de \u00e0 Stefan K\u00e4mpfer au poste de Chief Customer Officer<\/span><span class=\"ad-hoc-badge\">AD HOC<\/span><\/a>\n\n                                        <\/div>\n                                    <\/div>\n                                <\/td>\n                            <\/tr>\n                            <tr style=\"display: flex;\">\n                                <td id=\"\" class=\"\" colspan=\"\" rowspan=\"\">\n                                    <div class=\"td-content-wrapper\">\n                                        <div class=\"td-content\">14.10.2024<\/div>\n                                    <\/div>\n                                <\/td>\n                                <td id=\"\" class=\"\" colspan=\"\" rowspan=\"\" style=\"width: 100%;\">\n                                    <div class=\"td-content-wrapper\">\n                                        <div class=\"td-content\">\n\n                                            <a href=\"https:\/\/viseca-payment.ch\/wp-content\/uploads\/2024\/10\/20241014_Medienmitteilung_Bond_en.pdf\"\n                                                target=\"_blank\" rel=\"noopener\"><span class=\"link-title\">Viseca Payment Services SA \u00e9met un emprunt obligataire de 150 millions de francs suisses<\/span><span class=\"ad-hoc-badge\">AD HOC<\/span><\/a>\n\n                                        <\/div>\n                                    <\/div>\n                                <\/td>\n                            <\/tr>\n                            <tr style=\"display: flex;\">\n                                <td id=\"\" class=\"\" colspan=\"\" rowspan=\"\">\n                                    <div class=\"td-content-wrapper\">\n                                        <div class=\"td-content\">30.08.2024<\/div>\n                                    <\/div>\n                                <\/td>\n                                <td id=\"\" class=\"\" colspan=\"\" rowspan=\"\" style=\"width: 100%;\">\n                                    <div class=\"td-content-wrapper\">\n                                        <div class=\"td-content\">\n\n                                            <a href=\"https:\/\/viseca-payment.ch\/wp-content\/uploads\/2024\/08\/20240830_Medienmitteilung_HJB24_FR.pdf\"\n                                                target=\"_blank\" rel=\"noopener\"><span class=\"link-title\">Viseca a r\u00e9alis\u00e9 un premier semestre solide avec plusieurs\n                                                am\u00e9liorations de produits<\/span><span class=\"ad-hoc-badge\">AD HOC<\/span><\/a>\n\n                                        <\/div>\n                                    <\/div>\n                                <\/td>\n                            <\/tr>\n                            <tr style=\"display: flex;\">\n                                <td id=\"\" class=\"\" colspan=\"\" rowspan=\"\">\n                                    <div class=\"td-content-wrapper\">\n                                        <div class=\"td-content\">03.07.2024<\/div>\n                                    <\/div>\n                                <\/td>\n                                <td id=\"\" class=\"\" colspan=\"\" rowspan=\"\" style=\"width: 100%;\">\n                                    <div class=\"td-content-wrapper\">\n                                        <div class=\"td-content\">\n\n                                            <a href=\"https:\/\/viseca-payment.ch\/wp-content\/uploads\/2024\/07\/20240703_Medienmitteilung_Click-to-Pay_final_FR.pdf\"\n                                                target=\"_blank\" rel=\"noopener\"><span class=\"link-title\">Click to Pay disponible d\u00e8s maintenant\n                                                pour toutes les cartes de cr\u00e9dit et de d\u00e9bit de Viseca<\/a>\n\n                                        <\/div>\n                                    <\/div>\n                                <\/td>\n                            <\/tr>\n                            <tr style=\"display: flex;\">\n                                <td id=\"\" class=\"\" colspan=\"\" rowspan=\"\">\n                                    <div class=\"td-content-wrapper\">\n                                        <div class=\"td-content\">15.05.2024<\/div>\n                                    <\/div>\n                                <\/td>\n                                <td id=\"\" class=\"\" colspan=\"\" rowspan=\"\" style=\"width: 100%;\">\n                                    <div class=\"td-content-wrapper\">\n                                        <div class=\"td-content\">\n\n                                            <a href=\"https:\/\/viseca-payment.ch\/wp-content\/uploads\/2024\/05\/20240515_Medienmitteilung_Manor_final_FR.pdf\"\n                                                target=\"_blank\" rel=\"noopener\">Manor mise sur l\u2019onboarding num\u00e9rique de\n                                                Viseca pour la Manor World Mastercard<sup>\u00ae<\/sup><\/a>\n\n                                        <\/div>\n                                    <\/div>\n                                <\/td>\n                            <\/tr>\n                            <tr style=\"display: flex;\">\n                                <td id=\"\" class=\"\" colspan=\"\" rowspan=\"\">\n                                    <div class=\"td-content-wrapper\">\n                                        <div class=\"td-content\">08.05.2024<\/div>\n                                    <\/div>\n                                <\/td>\n                                <td id=\"\" class=\"\" colspan=\"\" rowspan=\"\" style=\"width: 100%;\">\n                                    <div class=\"td-content-wrapper\">\n                                        <div class=\"td-content\">\n\n                                            <a href=\"https:\/\/viseca-payment.ch\/wp-content\/uploads\/2024\/05\/20240508_Medienmitteilung_Bond_EN.pdf\"\n                                                target=\"_blank\" rel=\"noopener\">Viseca Payment Services SA \u00e9met un\n                                                emprunt obligataire de 165 millions de francs suisses<\/span><span class=\"ad-hoc-badge\">AD HOC<\/span><\/a>\n\n                                        <\/div>\n                                    <\/div>\n                                <\/td>\n                            <\/tr>\n                            <tr style=\"display: flex;\">\n                                <td id=\"\" class=\"\" colspan=\"\" rowspan=\"\">\n                                    <div class=\"td-content-wrapper\">\n                                        <div class=\"td-content\">02.05.2024<\/div>\n                                    <\/div>\n                                <\/td>\n                                <td id=\"\" class=\"\" colspan=\"\" rowspan=\"\" style=\"width: 100%;\">\n                                    <div class=\"td-content-wrapper\">\n                                        <div class=\"td-content\">\n\n                                            <a href=\"https:\/\/viseca-payment.ch\/wp-content\/uploads\/2024\/04\/20240502_Medienmitteilung_PLC_Silber_Gold_final_FR.pdf\"\n                                                target=\"_blank\" rel=\"noopener\"><span class=\"link-title\">Nouveau lancement des cartes de cr\u00e9dit\n                                                Argent et Or de Viseca<\/a>\n\n                                        <\/div>\n                                    <\/div>\n                                <\/td>\n                            <\/tr>\n                            <tr style=\"display: flex;\">\n                                <td id=\"\" class=\"\" colspan=\"\" rowspan=\"\">\n                                    <div class=\"td-content-wrapper\">\n                                        <div class=\"td-content\">25.03.2024<\/div>\n                                    <\/div>\n                                <\/td>\n                                <td id=\"\" class=\"\" colspan=\"\" rowspan=\"\" style=\"width: 100%;\">\n                                    <div class=\"td-content-wrapper\">\n                                        <div class=\"td-content\">\n\n                                            <a href=\"https:\/\/viseca-payment.ch\/wp-content\/uploads\/2024\/03\/Communique-de-presse-de-Viseca-2023.pdf\"\n                                                target=\"_blank\" rel=\"noopener\">Viseca a connu un exercice 2023\n                                                solide<\/span><span class=\"ad-hoc-badge\">AD HOC<\/span><\/a>\n\n                                        <\/div>\n                                    <\/div>\n                                <\/td>\n                            <\/tr>\n                        <\/tbody>\n                    <\/table>\n                <\/div>\n            <\/div>\n            <div class=\"eael-accordion-list\">\n                <div id=\"2023\" class=\"elementor-tab-title eael-accordion-header\" tabindex=\"0\" data-tab=\"2\"\n                    aria-controls=\"elementor-tab-content-3872\"><span class=\"eael-accordion-tab-title\">2023<\/span><i\n                        aria-hidden=\"true\" class=\"fa-toggle fas fa-plus\"><\/i><\/div>\n                <div id=\"elementor-tab-content-3872\" class=\"eael-accordion-content clearfix\" data-tab=\"2\"\n                    aria-labelledby=\"2023\">\n                    <table id=\"eael-data-table-1e404c6\" class=\"tablesorter eael-data-table left\">\n                        <tbody>\n                            <tr style=\"display: flex;\">\n                                <td id=\"\" class=\"\" colspan=\"\" rowspan=\"\">\n                                    <div class=\"td-content-wrapper\">\n                                        <div class=\"td-content\">13.11.2023<\/div>\n                                    <\/div>\n                                <\/td>\n                                <td id=\"\" class=\"\" colspan=\"\" rowspan=\"\" style=\"width: 100%;\">\n                                    <div class=\"td-content-wrapper\">\n                                        <div class=\"td-content\">\n\n                                            <a href=\"https:\/\/viseca-payment.ch\/wp-content\/uploads\/2023\/11\/20231113_Medienmitteilung_CPO_FR-1.pdf\"\n                                                target=\"_blank\" rel=\"noopener\"><span class=\"link-title\">Viseca Payment Services SA nomme Stefan\n                                                Brunner au poste de CPO<\/span><span class=\"ad-hoc-badge\">AD HOC<\/span><\/a>\n\n                                        <\/div>\n                                    <\/div>\n                                <\/td>\n                            <\/tr>\n                            <tr style=\"display: flex;\">\n                                <td id=\"\" class=\"\" colspan=\"\" rowspan=\"\">\n                                    <div class=\"td-content-wrapper\">\n                                        <div class=\"td-content\">04.10.2023<\/div>\n                                    <\/div>\n                                <\/td>\n                                <td id=\"\" class=\"\" colspan=\"\" rowspan=\"\" style=\"width: 100%;\">\n                                    <div class=\"td-content-wrapper\">\n                                        <div class=\"td-content\">\n\n                                            <a href=\"https:\/\/viseca-payment.ch\/wp-content\/uploads\/2023\/10\/Viseca_press_release_20231004_EN.pdf\"\n                                                target=\"_blank\" rel=\"noopener\"><span class=\"link-title\">Viseca Payment Services SA \u00e9met un\n                                                emprunt obligataire de 250 millions de CHF<\/span><span class=\"ad-hoc-badge\">AD HOC<\/span><\/a>\n\n                                        <\/div>\n                                    <\/div>\n                                <\/td>\n                            <\/tr>\n                            <tr style=\"display: flex;\">\n                                <td id=\"\" class=\"\" colspan=\"\" rowspan=\"\">\n                                    <div class=\"td-content-wrapper\">\n                                        <div class=\"td-content\">15.06.2023<\/div>\n                                    <\/div>\n                                <\/td>\n                                <td id=\"\" class=\"\" colspan=\"\" rowspan=\"\" style=\"width: 100%;\">\n                                    <div class=\"td-content-wrapper\">\n                                        <div class=\"td-content\">\n\n                                            <a href=\"https:\/\/viseca-payment.ch\/wp-content\/uploads\/2023\/06\/Medienmitteilung_VR-Wechsel_FR.pdf\"\n                                                target=\"_blank\" rel=\"noopener\"><span class=\"link-title\">Changement au sein du conseil\n                                                d\u2019administration de Viseca Payment\n                                                Services SA<\/a>\n\n                                        <\/div>\n                                    <\/div>\n                                <\/td>\n                            <\/tr>\n                            <tr style=\"display: flex;\">\n                                <td id=\"\" class=\"\" colspan=\"\" rowspan=\"\">\n                                    <div class=\"td-content-wrapper\">\n                                        <div class=\"td-content\">12.05.2023<\/div>\n                                    <\/div>\n                                <\/td>\n                                <td id=\"\" class=\"\" colspan=\"\" rowspan=\"\" style=\"width: 100%;\">\n                                    <div class=\"td-content-wrapper\">\n                                        <div class=\"td-content\">\n\n                                            <a href=\"https:\/\/viseca-payment.ch\/wp-content\/uploads\/2023\/05\/Media_Release_20230512__FR.pdf\"\n                                                target=\"_blank\" rel=\"noopener\">Le Digital Onboarding de la Banque Migros\n                                                et Viseca remporte deux\n                                                prix argents de \u00abBest of Swiss Web\u00bb dans les cat\u00e9gories\n                                                \u00abTechnology\u00bb et \u00abDigital Commerce\u00bb <\/a>\n\n                                        <\/div>\n                                    <\/div>\n                                <\/td>\n                            <\/tr>\n                            <tr style=\"display: flex;\">\n                                <td id=\"\" class=\"\" colspan=\"\" rowspan=\"\">\n                                    <div class=\"td-content-wrapper\">\n                                        <div class=\"td-content\">21.04.2023<\/div>\n                                    <\/div>\n                                <\/td>\n                                <td id=\"\" class=\"\" colspan=\"\" rowspan=\"\" style=\"width: 100%;\">\n                                    <div class=\"td-content-wrapper\">\n                                        <div class=\"td-content\">\n\n                                            <a href=\"https:\/\/viseca-payment.ch\/wp-content\/uploads\/2023\/04\/Communique-de-presse-rapport-annuel-2022.pdf\"\n                                                target=\"_blank\" rel=\"noopener\">Une ann\u00e9e record pour Viseca<\/span><span class=\"ad-hoc-badge\">AD HOC<\/span><\/a>\n\n                                        <\/div>\n                                    <\/div>\n                                <\/td>\n                            <\/tr>\n                        <\/tbody>\n                    <\/table>\n                <\/div>\n            <\/div>\n            <div class=\"eael-accordion-list\">\n                <div id=\"2022\" class=\"elementor-tab-title eael-accordion-header\" tabindex=\"0\" data-tab=\"3\"\n                    aria-controls=\"elementor-tab-content-3873\"><span class=\"eael-accordion-tab-title\">2022<\/span><i\n                        aria-hidden=\"true\" class=\"fa-toggle fas fa-plus\"><\/i><\/div>\n                <div id=\"elementor-tab-content-3873\" class=\"eael-accordion-content clearfix\" data-tab=\"3\"\n                    aria-labelledby=\"2022\">\n                    <table id=\"eael-data-table-1e404c6\" class=\"tablesorter eael-data-table left\">\n                        <tbody>\n                            <tr style=\"display: flex;\">\n                                <td id=\"\" class=\"\" colspan=\"\" rowspan=\"\">\n                                    <div class=\"td-content-wrapper\">\n                                        <div class=\"td-content\">03.06.2022<\/div>\n                                    <\/div>\n                                <\/td>\n                                <td id=\"\" class=\"\" colspan=\"\" rowspan=\"\" style=\"width: 100%;\">\n                                    <div class=\"td-content-wrapper\">\n                                        <div class=\"td-content\">\n\n                                            <a href=\"https:\/\/viseca-payment.ch\/wp-content\/uploads\/2022\/06\/Changement-au-sein-du-Conseil-dadministration-de-Viseca-Payment-Services-SA.pdf\"\n                                                target=\"_blank\" rel=\"noopener\"><span class=\"link-title\">Changement au sein du Conseil d\u2019administration de Viseca Payment\n                                                Services SA<\/a>\n\n                                        <\/div>\n                                    <\/div>\n                                <\/td>\n                            <\/tr>\n                            <tr style=\"display: flex;\">\n                                <td id=\"\" class=\"\" colspan=\"\" rowspan=\"\">\n                                    <div class=\"td-content-wrapper\">\n                                        <div class=\"td-content\">27.04.2022<\/div>\n                                    <\/div>\n                                <\/td>\n                                <td id=\"\" class=\"\" colspan=\"\" rowspan=\"\" style=\"width: 100%;\">\n                                    <div class=\"td-content-wrapper\">\n                                        <div class=\"td-content\">\n\n                                            <a href=\"https:\/\/viseca-payment.ch\/wp-content\/uploads\/2022\/04\/Communique-de-presse-rapport-annuel-2021.pdf\"\n                                                target=\"_blank\" rel=\"noopener\">Viseca cl\u00f4t l\u2019exercice 2021 avec un\n                                                b\u00e9n\u00e9fice solide<\/span><span class=\"ad-hoc-badge\">AD HOC<\/span><\/a>\n\n                                        <\/div>\n                                    <\/div>\n                                <\/td>\n                            <\/tr>\n                            <tr style=\"display: flex;\">\n                                <td id=\"\" class=\"\" colspan=\"\" rowspan=\"\">\n                                    <div class=\"td-content-wrapper\">\n                                        <div class=\"td-content\">06.04.2022<\/div>\n                                    <\/div>\n                                <\/td>\n                                <td id=\"\" class=\"\" colspan=\"\" rowspan=\"\" style=\"width: 100%;\">\n                                    <div class=\"td-content-wrapper\">\n                                        <div class=\"td-content\">\n\n                                            <a\n                                                href=\"https:\/\/viseca-payment.ch\/wp-content\/uploads\/2022\/04\/Medienmitteilung_Spendenkampagne_de_final_FR-2.pdf\"><span class=\"link-title\">Plus de CHF 235 000 de dons vers\u00e9s par la client\u00e8le de Viseca en\n                                                faveur de l\u2019Ukraine<\/a>\n\n                                        <\/div>\n                                    <\/div>\n                                <\/td>\n                            <\/tr>\n                        <\/tbody>\n                    <\/table>\n                <\/div>\n            <\/div>\n            <div class=\"eael-accordion-list\">\n                <div id=\"2021\" class=\"elementor-tab-title eael-accordion-header\" tabindex=\"0\" data-tab=\"4\"\n                    aria-controls=\"elementor-tab-content-3874\"><span class=\"eael-accordion-tab-title\">2021<\/span><i\n                        aria-hidden=\"true\" class=\"fa-toggle fas fa-plus\"><\/i><\/div>\n                <div id=\"elementor-tab-content-3874\" class=\"eael-accordion-content clearfix\" data-tab=\"4\"\n                    aria-labelledby=\"2021\">\n                    <table id=\"eael-data-table-1e404c6\" class=\"tablesorter eael-data-table left\">\n                        <tbody>\n                            <tr style=\"display: flex;\">\n                                <td id=\"\" class=\"\" colspan=\"\" rowspan=\"\">\n                                    <div class=\"td-content-wrapper\">\n                                        <div class=\"td-content\">16.12.2021<\/div>\n                                    <\/div>\n                                <\/td>\n                                <td id=\"\" class=\"\" colspan=\"\" rowspan=\"\" style=\"width: 100%;\">\n                                    <div class=\"td-content-wrapper\">\n                                        <div class=\"td-content\">\n\n                                            <a\n                                                href=\"https:\/\/viseca-payment.ch\/wp-content\/uploads\/2022\/02\/20211216_MM_Open-Finance_de_final_FR.pdf\">Viseca\n                                                lance sa premi\u00e8re offre d\u2019open finance<\/a>\n\n                                        <\/div>\n                                    <\/div>\n                                <\/td>\n                            <\/tr>\n                            <tr style=\"display: flex;\">\n                                <td id=\"\" class=\"\" colspan=\"\" rowspan=\"\">\n                                    <div class=\"td-content-wrapper\">\n                                        <div class=\"td-content\">27.08.2021<\/div>\n                                    <\/div>\n                                <\/td>\n                                <td id=\"\" class=\"\" colspan=\"\" rowspan=\"\" style=\"width: 100%;\">\n                                    <div class=\"td-content-wrapper\">\n                                        <div class=\"td-content\">\n\n                                            <a\n                                                href=\"https:\/\/viseca-payment.ch\/wp-content\/uploads\/2021\/12\/20210827_HJB21_fr.pdf\">Viseca:\n                                                un r\u00e9sultat positif et une valeur record pour le portefeuille de\n                                                cartes<\/span><span class=\"ad-hoc-badge\">AD HOC<\/span><\/a>\n\n                                        <\/div>\n                                    <\/div>\n                                <\/td>\n                            <\/tr>\n                            <tr style=\"display: flex;\">\n                                <td id=\"\" class=\"media-column-class\" colspan=\"\" rowspan=\"\">\n                                    <div class=\"td-content-wrapper\">\n                                        <div class=\"td-content\">02.08.2021<\/div>\n                                    <\/div>\n                                <\/td>\n                                <td id=\"\" class=\"\" colspan=\"\" rowspan=\"\" style=\"width: 100%;\">\n                                    <div class=\"td-content-wrapper\">\n                                        <div class=\"td-content\">\n\n                                            <a class=\"jumbo-link-class\"\n                                                href=\"https:\/\/viseca-payment.ch\/wp-content\/uploads\/2021\/12\/20210802_JUMBO_fr.pdf\"><span class=\"link-title\">Viseca et JUMBO lancent la JUMBO Mastercard<sup>\u00ae<\/sup><\/a>\n\n                                        <\/div>\n                                    <\/div>\n                                <\/td>\n                            <\/tr>\n                            <tr style=\"display: flex;\">\n                                <td id=\"\" class=\"\" colspan=\"\" rowspan=\"\">\n                                    <div class=\"td-content-wrapper\">\n                                        <div class=\"td-content\">16.04.2021<\/div>\n                                    <\/div>\n                                <\/td>\n                                <td id=\"\" class=\"\" colspan=\"\" rowspan=\"\" style=\"width: 100%;\">\n                                    <div class=\"td-content-wrapper\">\n                                        <div class=\"td-content\">\n\n                                            <a\n                                                href=\"https:\/\/viseca-payment.ch\/wp-content\/uploads\/2021\/12\/20210416_GB20_fr-1.pdf\">Viseca\n                                                enregistre un fort recul de son chiffre d\u2019affaires en raison de la\n                                                COVID-19<\/span><span class=\"ad-hoc-badge\">AD HOC<\/span><\/a>\n\n                                        <\/div>\n                                    <\/div>\n                                <\/td>\n                            <\/tr>\n                        <\/tbody>\n                    <\/table>\n                <\/div>\n            <\/div>\n        <\/div>\n    <\/div>\n<\/div>\t\t\t\t<\/div>\n\t\t\t\t<\/div>\n\t\t\t\t<div class=\"elementor-element elementor-element-2904c55 elementor-widget elementor-widget-spacer\" data-id=\"2904c55\" data-element_type=\"widget\" data-e-type=\"widget\" data-widget_type=\"spacer.default\">\n\t\t\t\t<div class=\"elementor-widget-container\">\n\t\t\t\t\t\t\t<div class=\"elementor-spacer\">\n\t\t\t<div class=\"elementor-spacer-inner\"><\/div>\n\t\t<\/div>\n\t\t\t\t\t\t<\/div>\n\t\t\t\t<\/div>\n\t\t\t\t<div class=\"elementor-element elementor-element-171bccb4 elementor-widget elementor-widget-eael-adv-accordion\" data-id=\"171bccb4\" data-element_type=\"widget\" data-e-type=\"widget\" id=\"accordion-to-hide\" data-widget_type=\"eael-adv-accordion.default\">\n\t\t\t\t<div class=\"elementor-widget-container\">\n\t\t\t\t\t            <div class=\"eael-adv-accordion\" id=\"eael-adv-accordion-171bccb4\" data-scroll-on-click=\"no\" data-scroll-speed=\"300\" data-accordion-id=\"171bccb4\" data-accordion-type=\"accordion\" data-toogle-speed=\"300\">\n            <div class=\"eael-accordion-list\">\n\t\t\t\t\t<div id=\"2024\" class=\"elementor-tab-title eael-accordion-header active-default\" tabindex=\"0\" data-tab=\"1\" aria-controls=\"elementor-tab-content-3871\"><span class=\"eael-accordion-tab-title\">2024<\/span><i aria-hidden=\"true\" class=\"fa-toggle fas fa-plus\"><\/i><\/div><div id=\"elementor-tab-content-3871\" class=\"eael-accordion-content clearfix active-default\" data-tab=\"1\" aria-labelledby=\"2024\"><table id=\"eael-data-table-1e404c6\" class=\"tablesorter eael-data-table left\">\n<tbody>\n<tr>\n<td id=\"\" class=\"\" colspan=\"\" rowspan=\"\">\n<div class=\"td-content-wrapper\">\n<div class=\"td-content\">03.07.2024<\/div>\n<\/div>\n<\/td>\n<td id=\"\" class=\"\" colspan=\"\" rowspan=\"\">\n<div class=\"td-content-wrapper\">\n<div class=\"td-content\">\n<p><a href=\"https:\/\/viseca-payment.ch\/wp-content\/uploads\/2024\/07\/20240703_Medienmitteilung_Click-to-Pay_final_DE.pdf\" target=\"_blank\" rel=\"noopener\">Click to Pay ab sofort fu\u0308r alle Kredit- und Debitkarten der Viseca verfu\u0308gbar<\/a><\/p>\n<\/div>\n<\/div>\n<\/td>\n<\/tr>\n<tr>\n<td id=\"\" class=\"\" colspan=\"\" rowspan=\"\">\n<div class=\"td-content-wrapper\">\n<div class=\"td-content\">15.05.2024<\/div>\n<\/div>\n<\/td>\n<td id=\"\" class=\"\" colspan=\"\" rowspan=\"\">\n<div class=\"td-content-wrapper\">\n<div class=\"td-content\">\n<p><a href=\"https:\/\/viseca-payment.ch\/wp-content\/uploads\/2024\/05\/20240515_Medienmitteilung_Manor_final_DE.pdf\" target=\"_blank\" rel=\"noopener\">Manor setzt bei der Manor World Mastercard<sup>\u00ae<\/sup> auf das digitale Onboarding der Viseca<\/a><\/p>\n<\/div>\n<\/div>\n<\/td>\n<\/tr>\n<tr>\n<td id=\"\" class=\"\" colspan=\"\" rowspan=\"\">\n<div class=\"td-content-wrapper\">\n<div class=\"td-content\">08.05.2024<\/div>\n<\/div>\n<\/td>\n<td id=\"\" class=\"\" colspan=\"\" rowspan=\"\">\n<div class=\"td-content-wrapper\">\n<div class=\"td-content\">\n<p><a href=\"https:\/\/viseca-payment.ch\/wp-content\/uploads\/2024\/05\/20240508_Medienmitteilung_Bond_DE.pdf\" target=\"_blank\" rel=\"noopener\">Viseca Payment Services SA emittiert Anleihe \u00fcber CHF 165 Mio.<\/a><\/p>\n<\/div>\n<\/div>\n<\/td>\n<\/tr>\n<tr>\n<td id=\"\" class=\"\" colspan=\"\" rowspan=\"\">\n<div class=\"td-content-wrapper\">\n<div class=\"td-content\">02.05.2024<\/div>\n<\/div>\n<\/td>\n<td id=\"\" class=\"\" colspan=\"\" rowspan=\"\">\n<div class=\"td-content-wrapper\">\n<div class=\"td-content\">\n<p><a href=\"https:\/\/viseca-payment.ch\/wp-content\/uploads\/2024\/04\/20240502_Medienmitteilung_PLC_Silber_Gold_final_DE.pdf\" target=\"_blank\" rel=\"noopener\">Relaunch der Silber- und Gold-Kreditkarten von Viseca<\/a><\/p>\n<\/div>\n<\/div>\n<\/td>\n<\/tr>\n<tr>\n<td id=\"\" class=\"\" colspan=\"\" rowspan=\"\">\n<div class=\"td-content-wrapper\">\n<div class=\"td-content\">25.03.2024<\/div>\n<\/div>\n<\/td>\n<td id=\"\" class=\"\" colspan=\"\" rowspan=\"\">\n<div class=\"td-content-wrapper\">\n<div class=\"td-content\">\n<p><a href=\"https:\/\/viseca-payment.ch\/wp-content\/uploads\/2024\/03\/Viseca-Medienmitteilung-2023-1.pdf\" target=\"_blank\" rel=\"noopener\">Viseca mit solidem 2023<\/a><\/p>\n<\/div>\n<\/div>\n<\/td>\n<\/tr>\n<\/tbody>\n<\/table>\n<\/div>\n\t\t\t\t\t<\/div><div class=\"eael-accordion-list\">\n\t\t\t\t\t<div id=\"2023\" class=\"elementor-tab-title eael-accordion-header\" tabindex=\"0\" data-tab=\"2\" aria-controls=\"elementor-tab-content-3872\"><span class=\"eael-accordion-tab-title\">2023<\/span><i aria-hidden=\"true\" class=\"fa-toggle fas fa-plus\"><\/i><\/div><div id=\"elementor-tab-content-3872\" class=\"eael-accordion-content clearfix\" data-tab=\"2\" aria-labelledby=\"2023\"><table id=\"eael-data-table-1e404c6\" class=\"tablesorter eael-data-table left\">\n<tbody>\n<tr>\n<td colspan=\"\" rowspan=\"\" class=\"\" id=\"\">\n<div class=\"td-content-wrapper\">\n<div class=\"td-content\">13.11.2023<\/div>\n<\/p><\/div>\n<\/td>\n<td colspan=\"\" rowspan=\"\" class=\"\" id=\"\">\n<div class=\"td-content-wrapper\">\n<div class=\"td-content\">\n<p><a href=\"https:\/\/viseca-payment.ch\/wp-content\/uploads\/2023\/11\/20231113_Medienmitteilung_CPO_DE-1.pdf\" target=\"_blank\" rel=\"noopener\">Viseca Payment Services SA ernennt Stefan Brunner zum CPO<\/a><\/p>\n<\/p><\/div>\n<\/p><\/div>\n<\/td>\n<\/tr>\n<tr>\n<td colspan=\"\" rowspan=\"\" class=\"\" id=\"\">\n<div class=\"td-content-wrapper\">\n<div class=\"td-content\">04.10.2023<\/div>\n<\/p><\/div>\n<\/td>\n<td colspan=\"\" rowspan=\"\" class=\"\" id=\"\">\n<div class=\"td-content-wrapper\">\n<div class=\"td-content\">\n<p><a href=\"https:\/\/viseca-payment.ch\/de\/viseca_press_release_20231004_de\/\" target=\"_blank\" rel=\"noopener\">Viseca Payment Services SA emittiert Anleihe u\u0308ber CHF 250 Mio.<\/a><\/p>\n<\/p><\/div>\n<\/p><\/div>\n<\/td>\n<\/tr>\n<tr>\n<td colspan=\"\" rowspan=\"\" class=\"\" id=\"\">\n<div class=\"td-content-wrapper\">\n<div class=\"td-content\">15.06.2023<\/div>\n<\/p><\/div>\n<\/td>\n<td colspan=\"\" rowspan=\"\" class=\"\" id=\"\">\n<div class=\"td-content-wrapper\">\n<div class=\"td-content\">\n<p><a href=\"https:\/\/viseca-payment.ch\/wp-content\/uploads\/2023\/06\/Medienmitteilung_VR-Wechsel_DE.pdf\" target=\"_blank\" rel=\"noopener\">Wechsel im Verwaltungsrat der Viseca Payment Services SA<\/a><\/p>\n<\/p><\/div>\n<\/p><\/div>\n<\/td>\n<\/tr>\n<tr>\n<td colspan=\"\" rowspan=\"\" class=\"\" id=\"\">\n<div class=\"td-content-wrapper\">\n<div class=\"td-content\">12.05.2023<\/div>\n<\/p><\/div>\n<\/td>\n<td colspan=\"\" rowspan=\"\" class=\"\" id=\"\">\n<div class=\"td-content-wrapper\">\n<div class=\"td-content\">\n<p><a href=\"https:\/\/viseca-payment.ch\/wp-content\/uploads\/2023\/05\/Media_Release_20230512_DE.pdf\" target=\"_blank\" rel=\"noopener\">Digital Onboarding von Migros Bank und Viseca gewinnt an den \u00abBest of Swiss Web\u00bb 2x Silber<\/a><\/p>\n<\/p><\/div>\n<\/p><\/div>\n<\/td>\n<\/tr>\n<tr>\n<td colspan=\"\" rowspan=\"\" class=\"\" id=\"\">\n<div class=\"td-content-wrapper\">\n<div class=\"td-content\">21.04.2023<\/div>\n<\/p><\/div>\n<\/td>\n<td colspan=\"\" rowspan=\"\" class=\"\" id=\"\">\n<div class=\"td-content-wrapper\">\n<div class=\"td-content\">\n<p><a href=\"https:\/\/viseca-payment.ch\/wp-content\/uploads\/2023\/04\/Medienmitteilung-Gescha\u0308ftsbericht-2022.pdf\" target=\"_blank\" rel=\"noopener\">Viseca blickt auf ein Rekordjahr zur\u00fcck<\/a>                                                      <\/p>\n<\/p><\/div>\n<\/p><\/div>\n<\/td>\n<\/tr>\n<\/tbody>\n<\/table>\n<\/div>\n\t\t\t\t\t<\/div><div class=\"eael-accordion-list\">\n\t\t\t\t\t<div id=\"2022\" class=\"elementor-tab-title eael-accordion-header\" tabindex=\"0\" data-tab=\"3\" aria-controls=\"elementor-tab-content-3873\"><span class=\"eael-accordion-tab-title\">2022<\/span><i aria-hidden=\"true\" class=\"fa-toggle fas fa-plus\"><\/i><\/div><div id=\"elementor-tab-content-3873\" class=\"eael-accordion-content clearfix\" data-tab=\"3\" aria-labelledby=\"2022\"><table id=\"eael-data-table-1e404c6\" class=\"tablesorter eael-data-table left\">\n<tbody>\n<tr>\n<td id=\"\" class=\"\" colspan=\"\" rowspan=\"\">\n<div class=\"td-content-wrapper\">\n<div class=\"td-content\">03.06.2022<\/div>\n<\/div>\n<\/td>\n<td id=\"\" class=\"\" colspan=\"\" rowspan=\"\">\n<div class=\"td-content-wrapper\">\n<div class=\"td-content\">\n<p><a href=\"https:\/\/viseca-payment.ch\/wp-content\/uploads\/2022\/06\/Wechsel-im-Verwaltungsrat-der-Viseca-Payment-Services-SA.pdf\" target=\"_blank\" rel=\"noopener\"><br \/>\nWechsel im Verwaltungsrat der Viseca Payment Services SA<\/a><\/p>\n<\/div>\n<\/div>\n<\/td>\n<\/tr>\n<tr>\n<td id=\"\" class=\"\" colspan=\"\" rowspan=\"\">\n<div class=\"td-content-wrapper\">\n<div class=\"td-content\">27.04.2022<\/div>\n<\/div>\n<\/td>\n<td id=\"\" class=\"\" colspan=\"\" rowspan=\"\">\n<div class=\"td-content-wrapper\">\n<div class=\"td-content\">\n<p><a href=\"https:\/\/viseca-payment.ch\/wp-content\/uploads\/2022\/04\/Medienmitteilung-Geschaeftsbericht-2021.pdf\" target=\"_blank\" rel=\"noopener\">Viseca schliesst 2021 mit einem soliden Gewinn ab<\/a><\/p>\n<\/div>\n<\/div>\n<\/td>\n<\/tr>\n<tr>\n<td id=\"\" class=\"\" colspan=\"\" rowspan=\"\">\n<div class=\"td-content-wrapper\">\n<div class=\"td-content\">06.04.2022<\/div>\n<\/div>\n<\/td>\n<td id=\"\" class=\"\" colspan=\"\" rowspan=\"\">\n<div class=\"td-content-wrapper\">\n<div class=\"td-content\">\n<p><a href=\"https:\/\/viseca-payment.ch\/wp-content\/uploads\/2022\/04\/Medienmitteilung_Spendenkampagne_de_final.pdf\">Kunden von Viseca spenden \u00fcber CHF 235&rsquo;000 f\u00fcr die Ukraine<\/a><\/p>\n<\/div>\n<\/div>\n<\/td>\n<\/tr>\n<\/tbody>\n<\/table>\n<\/div>\n\t\t\t\t\t<\/div><div class=\"eael-accordion-list\">\n\t\t\t\t\t<div id=\"2021\" class=\"elementor-tab-title eael-accordion-header\" tabindex=\"0\" data-tab=\"4\" aria-controls=\"elementor-tab-content-3874\"><span class=\"eael-accordion-tab-title\">2021<\/span><i aria-hidden=\"true\" class=\"fa-toggle fas fa-plus\"><\/i><\/div><div id=\"elementor-tab-content-3874\" class=\"eael-accordion-content clearfix\" data-tab=\"4\" aria-labelledby=\"2021\"><table id=\"eael-data-table-1e404c6\" class=\"tablesorter eael-data-table left\">\n<tbody>\n<tr>\n<td id=\"\" class=\"\" colspan=\"\" rowspan=\"\">\n<div class=\"td-content-wrapper\">\n<div class=\"td-content\">16.12.2021<\/div>\n<\/div>\n<\/td>\n<td id=\"\" class=\"\" colspan=\"\" rowspan=\"\">\n<div class=\"td-content-wrapper\">\n<div class=\"td-content\">\n<p><a href=\"https:\/\/viseca-payment.ch\/wp-content\/uploads\/2022\/02\/20211216_MM_Open-Finance_de_final.pdf\">Viseca lanciert erstes Open Finance Angebot<\/a><\/p>\n<\/div>\n<\/div>\n<\/td>\n<\/tr>\n<tr>\n<td id=\"\" class=\"\" colspan=\"\" rowspan=\"\">\n<div class=\"td-content-wrapper\">\n<div class=\"td-content\">27.08.2021<\/div>\n<\/div>\n<\/td>\n<td id=\"\" class=\"\" colspan=\"\" rowspan=\"\">\n<div class=\"td-content-wrapper\">\n<div class=\"td-content\">\n<p><a href=\"https:\/\/viseca-payment.ch\/wp-content\/uploads\/2021\/12\/20210827_HJB21_de.pdf\">Viseca mit positivem Resultat und Rekordwert beim Kartenbestand<\/a><\/p>\n<\/div>\n<\/div>\n<\/td>\n<\/tr>\n<tr>\n<td id=\"\" class=\"media-column-class\" colspan=\"\" rowspan=\"\">\n<div class=\"td-content-wrapper\">\n<div class=\"td-content\">02.08.2021<\/div>\n<\/div>\n<\/td>\n<td id=\"\" class=\"\" colspan=\"\" rowspan=\"\">\n<div class=\"td-content-wrapper\">\n<div class=\"td-content\">\n<p><a class=\"jumbo-link-class\" href=\"https:\/\/viseca-payment.ch\/wp-content\/uploads\/2021\/12\/20210802_JUMBO_de.pdf\">Viseca und JUMBO bringen die JUMBO Mastercard\u00ae auf den Markt<\/a><\/p>\n<\/div>\n<\/div>\n<\/td>\n<\/tr>\n<tr>\n<td id=\"\" class=\"\" colspan=\"\" rowspan=\"\">\n<div class=\"td-content-wrapper\">\n<div class=\"td-content\">16.04.2021<\/div>\n<\/div>\n<\/td>\n<td id=\"\" class=\"\" colspan=\"\" rowspan=\"\">\n<div class=\"td-content-wrapper\">\n<div class=\"td-content\">\n<p><a href=\"https:\/\/viseca-payment.ch\/wp-content\/uploads\/2021\/12\/20210416_GB20_de-1.pdf\">Viseca verzeichnet aufgrund von COVID-19 starken Umsatzr\u00fcckgang<\/a><\/p>\n<\/div>\n<\/div>\n<\/td>\n<\/tr>\n<\/tbody>\n<\/table>\n<\/div>\n\t\t\t\t\t<\/div><div class=\"eael-accordion-list\">\n\t\t\t\t\t<div id=\"2020\" class=\"elementor-tab-title eael-accordion-header\" tabindex=\"0\" data-tab=\"5\" aria-controls=\"elementor-tab-content-3875\"><span class=\"eael-accordion-tab-title\">2020<\/span><i aria-hidden=\"true\" class=\"fa-toggle fas fa-plus\"><\/i><\/div><div id=\"elementor-tab-content-3875\" class=\"eael-accordion-content clearfix\" data-tab=\"5\" aria-labelledby=\"2020\"><table id=\"eael-data-table-1e404c6\" class=\"tablesorter eael-data-table left\">\n<tbody>\n<tr>\n<td colspan=\"\" rowspan=\"\" class=\"\" id=\"\">\n<div class=\"td-content-wrapper\">\n<div class=\"td-content\">09.11.2020<\/div>\n<\/p><\/div>\n<\/td>\n<td colspan=\"\" rowspan=\"\" class=\"\" id=\"\">\n<div class=\"td-content-wrapper\">\n<div class=\"td-content\">\n<p><a href=\"https:\/\/viseca-payment.ch\/wp-content\/uploads\/2021\/12\/20201109_Spending-Target_de.pdf\" target=\"_blank\" rel=\"noopener\">Spending Target: neue Funktion der f\u00fchrenden Karten-App one von Viseca bietet Kunden noch mehr Kontrolle \u00fcber ihre Finanzen<\/a><\/p>\n<\/p><\/div>\n<\/p><\/div>\n<\/td>\n<\/tr>\n<tr>\n<td colspan=\"\" rowspan=\"\" class=\"\" id=\"\">\n<div class=\"td-content-wrapper\">\n<div class=\"td-content\">26.10.2020<\/div>\n<\/p><\/div>\n<\/td>\n<td colspan=\"\" rowspan=\"\" class=\"\" id=\"\">\n<div class=\"td-content-wrapper\">\n<div class=\"td-content\">\n<p><a href=\"https:\/\/viseca-payment.ch\/wp-content\/uploads\/2021\/12\/20201026_Firmenteilung_de.pdf\" target=\"_blank\" rel=\"noopener\">Viseca spaltet Kartengesch\u00e4ft in Issuing und einen Dienstleister<\/a><\/p>\n<\/p><\/div>\n<\/p><\/div>\n<\/td>\n<\/tr>\n<tr>\n<td colspan=\"\" rowspan=\"\" class=\"\" id=\"\">\n<div class=\"td-content-wrapper\">\n<div class=\"td-content\">28.08.2020<\/div>\n<\/p><\/div>\n<\/td>\n<td colspan=\"\" rowspan=\"\" class=\"\" id=\"\">\n<div class=\"td-content-wrapper\">\n<div class=\"td-content\">\n<p><a href=\"https:\/\/viseca-payment.ch\/wp-content\/uploads\/2021\/12\/20200828_HJB20_de.pdf\" target=\"_blank\" rel=\"noopener\">Aduno Gruppe wird zur Viseca<\/a><\/p>\n<\/p><\/div>\n<\/p><\/div>\n<\/td>\n<\/tr>\n<tr>\n<td colspan=\"\" rowspan=\"\" class=\"\" id=\"\">\n<div class=\"td-content-wrapper\">\n<div class=\"td-content\">30.07.2020<\/div>\n<\/p><\/div>\n<\/td>\n<td colspan=\"\" rowspan=\"\" class=\"\" id=\"\">\n<div class=\"td-content-wrapper\">\n<div class=\"td-content\">\n<p><a href=\"https:\/\/viseca-payment.ch\/wp-content\/uploads\/2021\/12\/20200730_GL-Wechsel_de.pdf\" target=\"_blank\" rel=\"noopener\">Wechsel im Management der Aduno Gruppe<\/a><\/p>\n<\/p><\/div>\n<\/p><\/div>\n<\/td>\n<\/tr>\n<tr>\n<td colspan=\"\" rowspan=\"\" class=\"\" id=\"\">\n<div class=\"td-content-wrapper\">\n<div class=\"td-content\">07.07.2020<\/div>\n<\/p><\/div>\n<\/td>\n<td colspan=\"\" rowspan=\"\" class=\"\" id=\"\">\n<div class=\"td-content-wrapper\">\n<div class=\"td-content\">\n<p><a href=\"https:\/\/viseca-payment.ch\/wp-content\/uploads\/2021\/12\/20200707_CFO_de.pdf\" target=\"_blank\" rel=\"noopener\">Michael Walther zum CFO der Aduno Gruppe ernannt<\/a><\/p>\n<\/p><\/div>\n<\/p><\/div>\n<\/td>\n<\/tr>\n<tr>\n<td colspan=\"\" rowspan=\"\" class=\"\" id=\"\">\n<div class=\"td-content-wrapper\">\n<div class=\"td-content\">24.06.2020<\/div>\n<\/p><\/div>\n<\/td>\n<td colspan=\"\" rowspan=\"\" class=\"\" id=\"\">\n<div class=\"td-content-wrapper\">\n<div class=\"td-content\">\n<p><a href=\"https:\/\/viseca-payment.ch\/wp-content\/uploads\/2021\/12\/20200624_Gesch\u0414ftsf\u0411hrer-VCS_de.pdf\" target=\"_blank\" rel=\"noopener\">Reto Gross wird Gesch\u00e4ftsf\u00fchrer der Viseca Card Services SA II<\/a><\/p>\n<\/p><\/div>\n<\/p><\/div>\n<\/td>\n<\/tr>\n<tr>\n<td colspan=\"\" rowspan=\"\" class=\"\" id=\"\">\n<div class=\"td-content-wrapper\">\n<div class=\"td-content\">17.06.2020<\/div>\n<\/p><\/div>\n<\/td>\n<td colspan=\"\" rowspan=\"\" class=\"\" id=\"\">\n<div class=\"td-content-wrapper\">\n<div class=\"td-content\">\n<p><a href=\"https:\/\/viseca-payment.ch\/wp-content\/uploads\/2021\/12\/20200617_VR-Wechsel_final_de.pdf\" target=\"_blank\" rel=\"noopener\">Wechsel im Verwaltungsrat der Aduno Holding AG<\/a><\/p>\n<\/p><\/div>\n<\/p><\/div>\n<\/td>\n<\/tr>\n<tr>\n<td colspan=\"\" rowspan=\"\" class=\"\" id=\"\">\n<div class=\"td-content-wrapper\">\n<div class=\"td-content\">15.06.2020<\/div>\n<\/p><\/div>\n<\/td>\n<td colspan=\"\" rowspan=\"\" class=\"\" id=\"\">\n<div class=\"td-content-wrapper\">\n<div class=\"td-content\">\n<p><a href=\"https:\/\/viseca-payment.ch\/wp-content\/uploads\/2021\/12\/20200615_Manor-World-Mastercard_de.pdf\" target=\"_blank\" rel=\"noopener\">Viseca und Manor lancieren die Manor World Mastercard\u00ae<\/a><\/p>\n<\/p><\/div>\n<\/p><\/div>\n<\/td>\n<\/tr>\n<tr>\n<td colspan=\"\" rowspan=\"\" class=\"\" id=\"\">\n<div class=\"td-content-wrapper\">\n<div class=\"td-content\">19.05.2020<\/div>\n<\/p><\/div>\n<\/td>\n<td colspan=\"\" rowspan=\"\" class=\"\" id=\"\">\n<div class=\"td-content-wrapper\">\n<div class=\"td-content\">\n<p><a href=\"https:\/\/viseca-payment.ch\/wp-content\/uploads\/2021\/12\/20200519_Dividende_de.pdf\" target=\"_blank\" rel=\"noopener\">Verwaltungsrat der Aduno Gruppe beantragt Dividende von CHF 60 Mio.<\/a><\/p>\n<\/p><\/div>\n<\/p><\/div>\n<\/td>\n<\/tr>\n<tr>\n<td colspan=\"\" rowspan=\"\" class=\"\" id=\"\">\n<div class=\"td-content-wrapper\">\n<div class=\"td-content\">24.04.2020<\/div>\n<\/p><\/div>\n<\/td>\n<td colspan=\"\" rowspan=\"\" class=\"\" id=\"\">\n<div class=\"td-content-wrapper\">\n<div class=\"td-content\">\n<p><a href=\"https:\/\/viseca-payment.ch\/wp-content\/uploads\/2021\/12\/20200424_GB19_de.pdf\" target=\"_blank\" rel=\"noopener\">Aduno Gruppe erneut mit solidem Resultat<\/a><\/p>\n<\/p><\/div>\n<\/p><\/div>\n<\/td>\n<\/tr>\n<tr>\n<td colspan=\"\" rowspan=\"\" class=\"\" id=\"\">\n<div class=\"td-content-wrapper\">\n<div class=\"td-content\">10.03.2020<\/div>\n<\/p><\/div>\n<\/td>\n<td colspan=\"\" rowspan=\"\" class=\"\" id=\"\">\n<div class=\"td-content-wrapper\">\n<div class=\"td-content\">\n<p><a href=\"https:\/\/viseca-payment.ch\/wp-content\/uploads\/2021\/12\/20200310_GooglePay_de.pdf\" target=\"_blank\" rel=\"noopener\">Google Pay: Viseca bietet als einzige Herausgeberin alle f\u00fchrenden mobilen Zahll\u00f6sungen f\u00fcr Kredit und Debit<\/a><\/p>\n<\/p><\/div>\n<\/p><\/div>\n<\/td>\n<\/tr>\n<tr>\n<td colspan=\"\" rowspan=\"\" class=\"\" id=\"\">\n<div class=\"td-content-wrapper\">\n<div class=\"td-content\">06.02.2020<\/div>\n<\/p><\/div>\n<\/td>\n<td colspan=\"\" rowspan=\"\" class=\"\" id=\"\">\n<div class=\"td-content-wrapper\">\n<div class=\"td-content\">\n<p><a href=\"https:\/\/viseca-payment.ch\/wp-content\/uploads\/2021\/12\/20200206_CFO_de.pdf\" target=\"_blank\" rel=\"noopener\">Markus Bertini wird Chief Financial Officer der Aduno Gruppe<\/a><\/p>\n<\/p><\/div>\n<\/p><\/div>\n<\/td>\n<\/tr>\n<\/tbody>\n<\/table>\n<\/div>\n\t\t\t\t\t<\/div><div class=\"eael-accordion-list\">\n\t\t\t\t\t<div id=\"2019\" class=\"elementor-tab-title eael-accordion-header\" tabindex=\"0\" data-tab=\"6\" aria-controls=\"elementor-tab-content-3876\"><span class=\"eael-accordion-tab-title\">2019<\/span><i aria-hidden=\"true\" class=\"fa-toggle fas fa-plus\"><\/i><\/div><div id=\"elementor-tab-content-3876\" class=\"eael-accordion-content clearfix\" data-tab=\"6\" aria-labelledby=\"2019\"><table id=\"eael-data-table-1e404c6\" class=\"tablesorter eael-data-table left\">\n<tbody>\n<tr>\n<td colspan=\"\" rowspan=\"\" class=\"\" id=\"\">\n<div class=\"td-content-wrapper\">\n<div class=\"td-content\">15.10.2019<\/div>\n<\/p><\/div>\n<\/td>\n<td colspan=\"\" rowspan=\"\" class=\"\" id=\"\">\n<div class=\"td-content-wrapper\">\n<div class=\"td-content\">\n<p><a href=\"https:\/\/viseca-payment.ch\/wp-content\/uploads\/2021\/12\/20191015_Apple-Pay_de.pdf\" target=\"_blank\" rel=\"noopener\">Apple Pay neu f\u00fcr Viseca Kunden<\/a><\/p>\n<\/p><\/div>\n<\/p><\/div>\n<\/td>\n<\/tr>\n<tr>\n<td colspan=\"\" rowspan=\"\" class=\"\" id=\"\">\n<div class=\"td-content-wrapper\">\n<div class=\"td-content\">02.09.2019<\/div>\n<\/p><\/div>\n<\/td>\n<td colspan=\"\" rowspan=\"\" class=\"\" id=\"\">\n<div class=\"td-content-wrapper\">\n<div class=\"td-content\">\n<p><a href=\"https:\/\/viseca-payment.ch\/wp-content\/uploads\/2021\/12\/20190902_cashgate-Closing_de.pdf\" target=\"_blank\" rel=\"noopener\">Verkauf der cashgate abgeschlossen<\/a><\/p>\n<\/p><\/div>\n<\/p><\/div>\n<\/td>\n<\/tr>\n<tr>\n<td colspan=\"\" rowspan=\"\" class=\"\" id=\"\">\n<div class=\"td-content-wrapper\">\n<div class=\"td-content\">22.08.2019<\/div>\n<\/p><\/div>\n<\/td>\n<td colspan=\"\" rowspan=\"\" class=\"\" id=\"\">\n<div class=\"td-content-wrapper\">\n<div class=\"td-content\">\n<p><a href=\"https:\/\/viseca-payment.ch\/wp-content\/uploads\/2021\/12\/20190822_HJB19_de.pdf\" target=\"_blank\" rel=\"noopener\">Aduno Gruppe mit starker Leistung im ersten Halbjahr 2019<\/a><\/p>\n<\/p><\/div>\n<\/p><\/div>\n<\/td>\n<\/tr>\n<tr>\n<td colspan=\"\" rowspan=\"\" class=\"\" id=\"\">\n<div class=\"td-content-wrapper\">\n<div class=\"td-content\">01.07.2019<\/div>\n<\/p><\/div>\n<\/td>\n<td colspan=\"\" rowspan=\"\" class=\"\" id=\"\">\n<div class=\"td-content-wrapper\">\n<div class=\"td-content\">\n<p><a href=\"https:\/\/viseca-payment.ch\/wp-content\/uploads\/2021\/12\/20190701_cashgate_de.pdf\" target=\"_blank\" rel=\"noopener\">Aduno Holding ver\u00e4ussert cashgate an Cembra Money Bank<\/a><\/p>\n<\/p><\/div>\n<\/p><\/div>\n<\/td>\n<\/tr>\n<tr>\n<td colspan=\"\" rowspan=\"\" class=\"\" id=\"\">\n<div class=\"td-content-wrapper\">\n<div class=\"td-content\">18.06.2019<\/div>\n<\/p><\/div>\n<\/td>\n<td colspan=\"\" rowspan=\"\" class=\"\" id=\"\">\n<div class=\"td-content-wrapper\">\n<div class=\"td-content\">\n<p><a href=\"https:\/\/viseca-payment.ch\/wp-content\/uploads\/2021\/12\/20190618_Samsung-Pay_de.pdf\" target=\"_blank\" rel=\"noopener\">Viseca erm\u00f6glicht mobiles Bezahlen mit Samsung Pay<\/a><\/p>\n<\/p><\/div>\n<\/p><\/div>\n<\/td>\n<\/tr>\n<tr>\n<td colspan=\"\" rowspan=\"\" class=\"\" id=\"\">\n<div class=\"td-content-wrapper\">\n<div class=\"td-content\">02.09.2019<\/div>\n<\/p><\/div>\n<\/td>\n<td colspan=\"\" rowspan=\"\" class=\"\" id=\"\">\n<div class=\"td-content-wrapper\">\n<div class=\"td-content\">\n<p><a href=\"https:\/\/viseca-payment.ch\/wp-content\/uploads\/2021\/12\/20190902_cashgate-Closing_de-1.pdf\" target=\"_blank\" rel=\"noopener\">cashgate ist neuer Hauptsponsor der ZSC Lions<\/a><\/p>\n<\/p><\/div>\n<\/p><\/div>\n<\/td>\n<\/tr>\n<tr>\n<td colspan=\"\" rowspan=\"\" class=\"\" id=\"\">\n<div class=\"td-content-wrapper\">\n<div class=\"td-content\">23.04.2019<\/div>\n<\/p><\/div>\n<\/td>\n<td colspan=\"\" rowspan=\"\" class=\"\" id=\"\">\n<div class=\"td-content-wrapper\">\n<div class=\"td-content\">\n<p><a href=\"https:\/\/viseca-payment.ch\/wp-content\/uploads\/2021\/12\/20190423_CFO_de.pdf\" target=\"_blank\" rel=\"noopener\">Christian Lazar zum CFO der Aduno Gruppe ernannt<\/a><\/p>\n<\/p><\/div>\n<\/p><\/div>\n<\/td>\n<\/tr>\n<tr>\n<td colspan=\"\" rowspan=\"\" class=\"\" id=\"\">\n<div class=\"td-content-wrapper\">\n<div class=\"td-content\">12.04.2019<\/div>\n<\/p><\/div>\n<\/td>\n<td colspan=\"\" rowspan=\"\" class=\"\" id=\"\">\n<div class=\"td-content-wrapper\">\n<div class=\"td-content\">\n<p><a href=\"https:\/\/viseca-payment.ch\/wp-content\/uploads\/2021\/12\/20190412_GB-2018_de.pdf\" target=\"_blank\" rel=\"noopener\">Aduno Gruppe 2018 weiter auf Wachstumskurs<\/a><\/p>\n<\/p><\/div>\n<\/p><\/div>\n<\/td>\n<\/tr>\n<\/tbody>\n<\/table>\n<\/div>\n\t\t\t\t\t<\/div><div class=\"eael-accordion-list\">\n\t\t\t\t\t<div id=\"2018\" class=\"elementor-tab-title eael-accordion-header\" tabindex=\"0\" data-tab=\"7\" aria-controls=\"elementor-tab-content-3877\"><span class=\"eael-accordion-tab-title\">2018<\/span><i aria-hidden=\"true\" class=\"fa-toggle fas fa-plus\"><\/i><\/div><div id=\"elementor-tab-content-3877\" class=\"eael-accordion-content clearfix\" data-tab=\"7\" aria-labelledby=\"2018\"><table id=\"eael-data-table-1e404c6\" class=\"tablesorter eael-data-table left\">\n<tbody>\n<tr>\n<td colspan=\"\" rowspan=\"\" class=\"\" id=\"\">\n<div class=\"td-content-wrapper\">\n<div class=\"td-content\">30.10.2018<\/div>\n<\/p><\/div>\n<\/td>\n<td colspan=\"\" rowspan=\"\" class=\"\" id=\"\">\n<div class=\"td-content-wrapper\">\n<div class=\"td-content\">\n<p><a href=\"https:\/\/viseca-payment.ch\/wp-content\/uploads\/2021\/12\/20181030_Anleihe_de.pdf\" target=\"_blank\" rel=\"noopener\">Aduno Holding AG emittiert Anleihe \u00fcber CHF 175 Mio.<\/a><\/p>\n<\/p><\/div>\n<\/p><\/div>\n<\/td>\n<\/tr>\n<tr>\n<td colspan=\"\" rowspan=\"\" class=\"\" id=\"\">\n<div class=\"td-content-wrapper\">\n<div class=\"td-content\">20.09.2018<\/div>\n<\/p><\/div>\n<\/td>\n<td colspan=\"\" rowspan=\"\" class=\"\" id=\"\">\n<div class=\"td-content-wrapper\">\n<div class=\"td-content\">\n<p><a href=\"https:\/\/viseca-payment.ch\/wp-content\/uploads\/2021\/12\/20180920_Accarda_de.pdf\" target=\"_blank\" rel=\"noopener\">Aduno Gruppe \u00fcbernimmt Accarda AG vollst\u00e4ndig<\/a><\/p>\n<\/p><\/div>\n<\/p><\/div>\n<\/td>\n<\/tr>\n<tr>\n<td colspan=\"\" rowspan=\"\" class=\"\" id=\"\">\n<div class=\"td-content-wrapper\">\n<div class=\"td-content\">16.08.2018<\/div>\n<\/p><\/div>\n<\/td>\n<td colspan=\"\" rowspan=\"\" class=\"\" id=\"\">\n<div class=\"td-content-wrapper\">\n<div class=\"td-content\">\n<p><a href=\"https:\/\/viseca-payment.ch\/wp-content\/uploads\/2021\/12\/20180816_GB-2018_de.pdf\" target=\"_blank\" rel=\"noopener\">Aduno Gruppe mit robustem Wachstum im ersten Halbjahr 2018<\/a><\/p>\n<\/p><\/div>\n<\/p><\/div>\n<\/td>\n<\/tr>\n<tr>\n<td colspan=\"\" rowspan=\"\" class=\"\" id=\"\">\n<div class=\"td-content-wrapper\">\n<div class=\"td-content\">12.07.2018<\/div>\n<\/p><\/div>\n<\/td>\n<td colspan=\"\" rowspan=\"\" class=\"\" id=\"\">\n<div class=\"td-content-wrapper\">\n<div class=\"td-content\">\n<p><a href=\"https:\/\/viseca-payment.ch\/wp-content\/uploads\/2021\/12\/20180712_neuer-CEO_de.pdf\" target=\"_blank\" rel=\"noopener\">Verwaltungsrat ernennt Max Sch\u00f6nholzer zum CEO der Aduno Gruppe<\/a><\/p>\n<\/p><\/div>\n<\/p><\/div>\n<\/td>\n<\/tr>\n<tr>\n<td colspan=\"\" rowspan=\"\" class=\"\" id=\"\">\n<div class=\"td-content-wrapper\">\n<div class=\"td-content\">25.04.2018<\/div>\n<\/p><\/div>\n<\/td>\n<td colspan=\"\" rowspan=\"\" class=\"\" id=\"\">\n<div class=\"td-content-wrapper\">\n<div class=\"td-content\">\n<p><a href=\"https:\/\/viseca-payment.ch\/wp-content\/uploads\/2021\/12\/20180425_CEO-ad-interim_de.pdf\" target=\"_blank\" rel=\"noopener\">Verwaltungsrat ernennt Conrad Auerbach zum CEO ad interim<\/a><\/p>\n<\/p><\/div>\n<\/p><\/div>\n<\/td>\n<\/tr>\n<tr>\n<td colspan=\"\" rowspan=\"\" class=\"\" id=\"\">\n<div class=\"td-content-wrapper\">\n<div class=\"td-content\">24.04.2018<\/div>\n<\/p><\/div>\n<\/td>\n<td colspan=\"\" rowspan=\"\" class=\"\" id=\"\">\n<div class=\"td-content-wrapper\">\n<div class=\"td-content\">\n<p><a href=\"https:\/\/viseca-payment.ch\/wp-content\/uploads\/2021\/12\/20180424_Mastercard_Flex_de.pdf\" target=\"_blank\" rel=\"noopener\">Freiburger Kantonalbank bietet als erste Bank in der Schweiz die neue Debitkarten-Generation der Viseca an<\/a><\/p>\n<\/p><\/div>\n<\/p><\/div>\n<\/td>\n<\/tr>\n<tr>\n<td colspan=\"\" rowspan=\"\" class=\"\" id=\"\">\n<div class=\"td-content-wrapper\">\n<div class=\"td-content\">20.04.2018<\/div>\n<\/p><\/div>\n<\/td>\n<td colspan=\"\" rowspan=\"\" class=\"\" id=\"\">\n<div class=\"td-content-wrapper\">\n<div class=\"td-content\">\n<p><a href=\"https:\/\/viseca-payment.ch\/wp-content\/uploads\/2021\/12\/20180420_GB-2017_DE.pdf\" target=\"_blank\" rel=\"noopener\">Aduno Gruppe zeigt eindr\u00fcckliche Leistung im Jahr 2017<\/a><\/p>\n<\/p><\/div>\n<\/p><\/div>\n<\/td>\n<\/tr>\n<tr>\n<td colspan=\"\" rowspan=\"\" class=\"\" id=\"\">\n<div class=\"td-content-wrapper\">\n<div class=\"td-content\">20.03.2018<\/div>\n<\/p><\/div>\n<\/td>\n<td colspan=\"\" rowspan=\"\" class=\"\" id=\"\">\n<div class=\"td-content-wrapper\">\n<div class=\"td-content\">\n<p><a href=\"https:\/\/viseca-payment.ch\/wp-content\/uploads\/2021\/12\/20180320_Wearables_de.pdf\" target=\"_blank\" rel=\"noopener\">Viseca erm\u00f6glicht kontaktloses Bezahlen mit Wearables<\/a><\/p>\n<\/p><\/div>\n<\/p><\/div>\n<\/td>\n<\/tr>\n<tr>\n<td colspan=\"\" rowspan=\"\" class=\"\" id=\"\">\n<div class=\"td-content-wrapper\">\n<div class=\"td-content\">28.02.2018<\/div>\n<\/p><\/div>\n<\/td>\n<td colspan=\"\" rowspan=\"\" class=\"\" id=\"\">\n<div class=\"td-content-wrapper\">\n<div class=\"td-content\">\n<p><a href=\"https:\/\/viseca-payment.ch\/wp-content\/uploads\/2021\/12\/20180218_Stellungnahme_DE.pdf\" target=\"_blank\" rel=\"noopener\">Stellungnahme Aduno Gruppe<\/a><\/p>\n<\/p><\/div>\n<\/p><\/div>\n<\/td>\n<\/tr>\n<\/tbody>\n<\/table>\n<\/div>\n\t\t\t\t\t<\/div><div class=\"eael-accordion-list\">\n\t\t\t\t\t<div id=\"2017\" class=\"elementor-tab-title eael-accordion-header\" tabindex=\"0\" data-tab=\"8\" aria-controls=\"elementor-tab-content-3878\"><span class=\"eael-accordion-tab-title\">2017<\/span><i aria-hidden=\"true\" class=\"fa-toggle fas fa-plus\"><\/i><\/div><div id=\"elementor-tab-content-3878\" class=\"eael-accordion-content clearfix\" data-tab=\"8\" aria-labelledby=\"2017\"><table id=\"eael-data-table-1e404c6\" class=\"tablesorter eael-data-table left\">\n<tbody>\n<tr>\n<td id=\"\" class=\"\" colspan=\"\" rowspan=\"\">\n<div class=\"td-content-wrapper\">\n<div class=\"td-content\">10.08.2017<\/div>\n<\/div>\n<\/td>\n<td id=\"\" class=\"\" colspan=\"\" rowspan=\"\">\n<div class=\"td-content-wrapper\">\n<div class=\"td-content\">\n<p><a href=\"https:\/\/viseca-payment.ch\/wp-content\/uploads\/2021\/12\/20170810_Aduno-SA_DE.pdf\" target=\"_blank\" rel=\"noopener\">Aduno Gruppe verkauft das Acquiring\/Terminal-Gesch\u00e4ft der Aduno<br \/>\nSA an SIX Payment Services AG<\/a><\/p>\n<\/div>\n<\/div>\n<\/td>\n<\/tr>\n<tr>\n<td id=\"\" class=\"\" colspan=\"\" rowspan=\"\">\n<div class=\"td-content-wrapper\">\n<div class=\"td-content\">03.08.2017<\/div>\n<\/div>\n<\/td>\n<td id=\"\" class=\"\" colspan=\"\" rowspan=\"\">\n<div class=\"td-content-wrapper\">\n<div class=\"td-content\">\n<p><a href=\"https:\/\/viseca-payment.ch\/wp-content\/uploads\/2021\/12\/20170803_Contovista_de.pdf\" target=\"_blank\" rel=\"noopener\">Aduno Gruppe \u00fcbernimmt Mehrheit an Contovista<\/a><\/p>\n<\/div>\n<\/div>\n<\/td>\n<\/tr>\n<tr>\n<td id=\"\" class=\"\" colspan=\"\" rowspan=\"\">\n<div class=\"td-content-wrapper\">\n<div class=\"td-content\">28.07.2017<\/div>\n<\/div>\n<\/td>\n<td id=\"\" class=\"\" colspan=\"\" rowspan=\"\">\n<div class=\"td-content-wrapper\">\n<div class=\"td-content\">\n<p><a href=\"https:\/\/viseca-payment.ch\/wp-content\/uploads\/2021\/12\/20170728_HJB-2017_de.pdf\" target=\"_blank\" rel=\"noopener\">Erfolgreiches erstes Halbjahr 2017 der Aduno Gruppe<\/a><\/p>\n<\/div>\n<\/div>\n<\/td>\n<\/tr>\n<tr>\n<td id=\"\" class=\"\" colspan=\"\" rowspan=\"\">\n<div class=\"td-content-wrapper\">\n<div class=\"td-content\">12.06.2017<\/div>\n<\/div>\n<\/td>\n<td id=\"\" class=\"\" colspan=\"\" rowspan=\"\">\n<div class=\"td-content-wrapper\">\n<div class=\"td-content\">\n<p><a href=\"https:\/\/viseca-payment.ch\/wp-content\/uploads\/2021\/12\/20170612_VR-AdunoGruppe_de.pdf\" target=\"_blank\" rel=\"noopener\">Neuer Verwaltungsratspr\u00e4sident f\u00fcr Aduno Holding AG<\/a><\/p>\n<\/div>\n<\/div>\n<\/td>\n<\/tr>\n<tr>\n<td id=\"\" class=\"\" colspan=\"\" rowspan=\"\">\n<div class=\"td-content-wrapper\">\n<div class=\"td-content\">12.05.2017<\/div>\n<\/div>\n<\/td>\n<td id=\"\" class=\"\" colspan=\"\" rowspan=\"\">\n<div class=\"td-content-wrapper\">\n<div class=\"td-content\">\n<p><a href=\"https:\/\/viseca-payment.ch\/wp-content\/uploads\/2021\/12\/20170512_Debit-Mastercard_de.pdf\" target=\"_blank\" rel=\"noopener\">Kantonalbanken lancieren gemeinsam mit Viseca die neue<br \/>\nGeneration der Debitkarte<\/a><\/p>\n<\/div>\n<\/div>\n<\/td>\n<\/tr>\n<tr>\n<td id=\"\" class=\"\" colspan=\"\" rowspan=\"\">\n<div class=\"td-content-wrapper\">\n<div class=\"td-content\">11.04.2017<\/div>\n<\/div>\n<\/td>\n<td id=\"\" class=\"\" colspan=\"\" rowspan=\"\">\n<div class=\"td-content-wrapper\">\n<div class=\"td-content\">\n<p><a href=\"https:\/\/viseca-payment.ch\/wp-content\/uploads\/2021\/12\/20170411_GB-2016_de.pdf\" target=\"_blank\" rel=\"noopener\">Aduno Gruppe mit \u00fcberzeugendem Jahresergebnis 2016<\/a><\/p>\n<\/div>\n<\/div>\n<\/td>\n<\/tr>\n<tr>\n<td id=\"\" class=\"\" colspan=\"\" rowspan=\"\">\n<div class=\"td-content-wrapper\">\n<div class=\"td-content\">31.01.2017<\/div>\n<\/div>\n<\/td>\n<td id=\"\" class=\"\" colspan=\"\" rowspan=\"\">\n<div class=\"td-content-wrapper\">\n<div class=\"td-content\">\n<p><a href=\"https:\/\/viseca-payment.ch\/wp-content\/uploads\/2021\/12\/20170131_Floater_de.pdf\" target=\"_blank\" rel=\"noopener\">Aduno Holding AG emittiert einen Floater \u00fcber CHF 100 Mio.<\/a><\/p>\n<\/div>\n<\/div>\n<\/td>\n<\/tr>\n<\/tbody>\n<\/table>\n<\/div>\n\t\t\t\t\t<\/div><\/div>\t\t\t\t<\/div>\n\t\t\t\t<\/div>\n\t\t\t\t\t<\/div>\n\t\t<\/div>\n\t\t\t\t\t<\/div>\n\t\t<\/section>\n\t\t\t\t<section class=\"elementor-section elementor-top-section elementor-element elementor-element-ad4ced1 elementor-section-boxed elementor-section-height-default elementor-section-height-default\" data-id=\"ad4ced1\" data-element_type=\"section\" data-e-type=\"section\">\n\t\t\t\t\t\t<div class=\"elementor-container elementor-column-gap-default\">\n\t\t\t\t\t<div class=\"elementor-column elementor-col-100 elementor-top-column elementor-element elementor-element-0ac0723\" data-id=\"0ac0723\" data-element_type=\"column\" data-e-type=\"column\">\n\t\t\t<div class=\"elementor-widget-wrap elementor-element-populated\">\n\t\t\t\t\t\t<div class=\"elementor-element elementor-element-5e3f63f elementor-widget elementor-widget-heading\" data-id=\"5e3f63f\" data-element_type=\"widget\" data-e-type=\"widget\" data-widget_type=\"heading.default\">\n\t\t\t\t<div class=\"elementor-widget-container\">\n\t\t\t\t\t<h2 class=\"elementor-heading-title elementor-size-default\">Contact m\u00e9dias<\/h2>\t\t\t\t<\/div>\n\t\t\t\t<\/div>\n\t\t\t\t<div class=\"elementor-element elementor-element-10f9db6 elementor-widget elementor-widget-text-editor\" data-id=\"10f9db6\" data-element_type=\"widget\" data-e-type=\"widget\" data-widget_type=\"text-editor.default\">\n\t\t\t\t<div class=\"elementor-widget-container\">\n\t\t\t\t\t\t\t\t\t<p>Le service de presse de Viseca se tient exclusivement \u00e0 la disposition des journalistes pour des renseignements relatifs aux m\u00e9dias. Les demandes de clients ne sont ni lues ni transf\u00e9r\u00e9es par celui-ci.<\/p>\n\t\t\t\t\t\t\t\t<\/div>\n\t\t\t\t<\/div>\n\t\t\t\t<div class=\"elementor-element elementor-element-f22b662 elementor-widget elementor-widget-text-editor\" data-id=\"f22b662\" data-element_type=\"widget\" data-e-type=\"widget\" data-widget_type=\"text-editor.default\">\n\t\t\t\t<div class=\"elementor-widget-container\">\n\t\t\t\t\t\t\t\t\t<p>Nicolas Kucera<br \/>Head of Communications<br \/>T +41 58 958 60 47<br \/><a href=\"mailto:media@viseca.ch\">media@viseca.ch<\/a><\/p>\n\t\t\t\t\t\t\t\t<\/div>\n\t\t\t\t<\/div>\n\t\t\t\t<div class=\"elementor-element elementor-element-17dec13 elementor-widget elementor-widget-spacer\" data-id=\"17dec13\" data-element_type=\"widget\" data-e-type=\"widget\" data-widget_type=\"spacer.default\">\n\t\t\t\t<div class=\"elementor-widget-container\">\n\t\t\t\t\t\t\t<div class=\"elementor-spacer\">\n\t\t\t<div class=\"elementor-spacer-inner\"><\/div>\n\t\t<\/div>\n\t\t\t\t\t\t<\/div>\n\t\t\t\t<\/div>\n\t\t\t\t\t<\/div>\n\t\t<\/div>\n\t\t\t\t\t<\/div>\n\t\t<\/section>\n\t\t\t\t<section class=\"elementor-section elementor-top-section elementor-element elementor-element-cc195c1 elementor-section-boxed elementor-section-height-default elementor-section-height-default\" data-id=\"cc195c1\" data-element_type=\"section\" data-e-type=\"section\">\n\t\t\t\t\t\t<div class=\"elementor-container elementor-column-gap-default\">\n\t\t\t\t\t<div class=\"elementor-column elementor-col-100 elementor-top-column elementor-element elementor-element-92a01b5\" data-id=\"92a01b5\" data-element_type=\"column\" data-e-type=\"column\">\n\t\t\t<div class=\"elementor-widget-wrap elementor-element-populated\">\n\t\t\t\t\t\t<div class=\"elementor-element elementor-element-5ec8e60 elementor-widget elementor-widget-heading\" data-id=\"5ec8e60\" data-element_type=\"widget\" data-e-type=\"widget\" data-widget_type=\"heading.default\">\n\t\t\t\t<div class=\"elementor-widget-container\">\n\t\t\t\t\t<h2 class=\"elementor-heading-title elementor-size-default\">S\u2019abonner aux communiqu\u00e9s de presse<\/h2>\t\t\t\t<\/div>\n\t\t\t\t<\/div>\n\t\t\t\t<div class=\"elementor-element elementor-element-2f50c85 eael-gravity-form-button-custom elementor-widget elementor-widget-eael-gravity-form\" data-id=\"2f50c85\" data-element_type=\"widget\" data-e-type=\"widget\" data-widget_type=\"eael-gravity-form.default\">\n\t\t\t\t<div class=\"elementor-widget-container\">\n\t\t\t\t\t\t\t\t<div class=\"eael-contact-form eael-gravity-form eael-contact-form-align-left\">\n\t\t        <script type=\"text\/javascript\">\n\/* <![CDATA[ *\/\nvar gform;gform||(document.addEventListener(\"gform_main_scripts_loaded\",function(){gform.scriptsLoaded=!0}),document.addEventListener(\"gform\/theme\/scripts_loaded\",function(){gform.themeScriptsLoaded=!0}),window.addEventListener(\"DOMContentLoaded\",function(){gform.domLoaded=!0}),gform={domLoaded:!1,scriptsLoaded:!1,themeScriptsLoaded:!1,isFormEditor:()=>\"function\"==typeof InitializeEditor,callIfLoaded:function(o){return!(!gform.domLoaded||!gform.scriptsLoaded||!gform.themeScriptsLoaded&&!gform.isFormEditor()||(gform.isFormEditor()&&console.warn(\"The use of gform.initializeOnLoaded() is deprecated in the form editor context and will be removed in Gravity Forms 3.1.\"),o(),0))},initializeOnLoaded:function(o){gform.callIfLoaded(o)||(document.addEventListener(\"gform_main_scripts_loaded\",()=>{gform.scriptsLoaded=!0,gform.callIfLoaded(o)}),document.addEventListener(\"gform\/theme\/scripts_loaded\",()=>{gform.themeScriptsLoaded=!0,gform.callIfLoaded(o)}),window.addEventListener(\"DOMContentLoaded\",()=>{gform.domLoaded=!0,gform.callIfLoaded(o)}))},hooks:{action:{},filter:{}},addAction:function(o,r,e,t){gform.addHook(\"action\",o,r,e,t)},addFilter:function(o,r,e,t){gform.addHook(\"filter\",o,r,e,t)},doAction:function(o){gform.doHook(\"action\",o,arguments)},applyFilters:function(o){return gform.doHook(\"filter\",o,arguments)},removeAction:function(o,r){gform.removeHook(\"action\",o,r)},removeFilter:function(o,r,e){gform.removeHook(\"filter\",o,r,e)},addHook:function(o,r,e,t,n){null==gform.hooks[o][r]&&(gform.hooks[o][r]=[]);var d=gform.hooks[o][r];null==n&&(n=r+\"_\"+d.length),gform.hooks[o][r].push({tag:n,callable:e,priority:t=null==t?10:t})},doHook:function(r,o,e){var t;if(e=Array.prototype.slice.call(e,1),null!=gform.hooks[r][o]&&((o=gform.hooks[r][o]).sort(function(o,r){return o.priority-r.priority}),o.forEach(function(o){\"function\"!=typeof(t=o.callable)&&(t=window[t]),\"action\"==r?t.apply(null,e):e[0]=t.apply(null,e)})),\"filter\"==r)return e[0]},removeHook:function(o,r,t,n){var e;null!=gform.hooks[o][r]&&(e=(e=gform.hooks[o][r]).filter(function(o,r,e){return!!(null!=n&&n!=o.tag||null!=t&&t!=o.priority)}),gform.hooks[o][r]=e)}});\n\/* ]]> *\/\n<\/script>\n\n                <div class='gf_browser_gecko gform_wrapper gravity-theme gform-theme--no-framework' data-form-theme='gravity-theme' data-form-index='0' id='gform_wrapper_1' >\n                        <div class='gform_heading'>\n                            <p class='gform_description'><\/p>\n\t\t\t\t\t\t\t<p class='gform_required_legend'>\u00ab\u00a0<span class=\"gfield_required gfield_required_asterisk\">*<\/span>\u00a0\u00bb indique les champs n\u00e9cessaires<\/p>\n                        <\/div><form method='post' enctype='multipart\/form-data'  id='gform_1'  action='\/fr\/wp-json\/wp\/v2\/pages\/2606' data-formid='1' novalidate>\n                        <div class='gform-body gform_body'><div id='gform_fields_1' class='gform_fields top_label form_sublabel_below description_below validation_below'><div id=\"field_1_1\" class=\"gfield gfield--type-select gfield--input-type-select gfield_contains_required field_sublabel_below gfield--no-description field_description_below field_validation_below gfield_visibility_visible\"  ><label class='gfield_label gform-field-label' for='input_1_1'>Salutation<span class=\"gfield_required\"><span class=\"gfield_required gfield_required_asterisk\">*<\/span><\/span><\/label><div class='ginput_container ginput_container_select'><select name='input_1' id='input_1_1' class='large gfield_select'    aria-required=\"true\" aria-invalid=\"false\" ><option value='Madame' >Madame<\/option><option value='Monsieur' >Monsieur<\/option><\/select><\/div><\/div><div id=\"field_1_2\" class=\"gfield gfield--type-text gfield--input-type-text gfield--width-full gfield_contains_required field_sublabel_below gfield--no-description field_description_below field_validation_below gfield_visibility_visible\"  ><label class='gfield_label gform-field-label' for='input_1_2'>Pr\u00e9nom:<span class=\"gfield_required\"><span class=\"gfield_required gfield_required_asterisk\">*<\/span><\/span><\/label><div class='ginput_container ginput_container_text'><input name='input_2' id='input_1_2' type='text' value='' class='large'     aria-required=\"true\" aria-invalid=\"false\"   \/><\/div><\/div><div id=\"field_1_3\" class=\"gfield gfield--type-text gfield--input-type-text gfield--width-full gfield_contains_required field_sublabel_below gfield--no-description field_description_below field_validation_below gfield_visibility_visible\"  ><label class='gfield_label gform-field-label' for='input_1_3'>Nom:<span class=\"gfield_required\"><span class=\"gfield_required gfield_required_asterisk\">*<\/span><\/span><\/label><div class='ginput_container ginput_container_text'><input name='input_3' id='input_1_3' type='text' value='' class='large'     aria-required=\"true\" aria-invalid=\"false\"   \/><\/div><\/div><div id=\"field_1_13\" class=\"gfield gfield--type-select gfield--input-type-select gfield--width-full gfield_contains_required field_sublabel_below gfield--no-description field_description_below field_validation_below gfield_visibility_visible\"  ><label class='gfield_label gform-field-label' for='input_1_13'>Langue de correspondance<span class=\"gfield_required\"><span class=\"gfield_required gfield_required_asterisk\">*<\/span><\/span><\/label><div class='ginput_container ginput_container_select'><select name='input_13' id='input_1_13' class='large gfield_select'    aria-required=\"true\" aria-invalid=\"false\" ><option value='DE' >DE<\/option><option value='FR' >FR<\/option><option value='IT' >IT<\/option><option value='EN' >EN<\/option><\/select><\/div><\/div><div id=\"field_1_7\" class=\"gfield gfield--type-email gfield--input-type-email gfield--width-full gfield_contains_required field_sublabel_below gfield--no-description field_description_below field_validation_below gfield_visibility_visible\"  ><label class='gfield_label gform-field-label' for='input_1_7'>E-mail<span class=\"gfield_required\"><span class=\"gfield_required gfield_required_asterisk\">*<\/span><\/span><\/label><div class='ginput_container ginput_container_email'>\n                            <input name='input_7' id='input_1_7' type='email' value='' class='large'    aria-required=\"true\" aria-invalid=\"false\"  \/>\n                        <\/div><\/div><\/div><\/div>\n        <div class='gform-footer gform_footer top_label'> <input type='submit' id='gform_submit_button_1' class='gform_button button' onclick='gform.submission.handleButtonClick(this);' data-submission-type='submit' value='Envoyer'  \/> \n            <input type='hidden' class='gform_hidden' name='gform_submission_method' data-js='gform_submission_method_1' value='postback' \/>\n            <input type='hidden' class='gform_hidden' name='gform_theme' data-js='gform_theme_1' id='gform_theme_1' value='gravity-theme' \/>\n            <input type='hidden' class='gform_hidden' name='gform_style_settings' data-js='gform_style_settings_1' id='gform_style_settings_1' value='' \/>\n            <input type='hidden' class='gform_hidden' name='is_submit_1' value='1' \/>\n            <input type='hidden' class='gform_hidden' name='gform_submit' value='1' \/>\n            \n            <input type='hidden' class='gform_hidden' name='gform_currency' data-currency='USD' value='Ot0PRaZf\/XDzGU2\/gndhDvpHc6UbA+5U20M1N\/aLdNNTXT+aZ4iUj9qR88\/jkvPglV6LqhzIY9oNHJuCQI\/AB7Mxr+aFjhRlGiLsoIV3tSoZIUg=' \/>\n            <input type='hidden' class='gform_hidden' name='gform_unique_id' value='' \/>\n            <input type='hidden' class='gform_hidden' name='state_1' value='WyJ7XCIxM1wiOltcIjVjOWE2ZWFmNTkzYzdlOTU5ZDVmNzJkYjc3MzVjOWU4XCIsXCIwMmJhMmViNDg5NWQ3MjMwZjdjYTU3N2M0Mjk5NGY5MVwiLFwiZjYwOWY5NGMzYmIwOTE4NGFkMmFiNjgwZDJiZjk5ZGFcIixcIjk4MmZmM2Q0OGM3NGI5YWJlZjYxMzY0ODY3YTFhNDEzXCJdfSIsImU5N2EzYWZlMjFlNzg5ZTk1MjcxM2VkNDNjMjRhMTI3Il0=' \/>\n            <input type='hidden' autocomplete='off' class='gform_hidden' name='gform_target_page_number_1' id='gform_target_page_number_1' value='0' \/>\n            <input type='hidden' autocomplete='off' class='gform_hidden' name='gform_source_page_number_1' id='gform_source_page_number_1' value='1' \/>\n            <input type='hidden' name='gform_field_values' value='' \/>\n            \n        <\/div>\n                        <\/form>\n                        <\/div><script type=\"text\/javascript\">\n\/* <![CDATA[ *\/\n gform.initializeOnLoaded( function() {gformInitSpinner( 1, 'https:\/\/viseca-payment.ch\/wp-content\/plugins\/gravityforms\/images\/spinner.svg', true );jQuery('#gform_ajax_frame_1').on('load',function(){var contents = jQuery(this).contents().find('*').html();var is_postback = contents.indexOf('GF_AJAX_POSTBACK') >= 0;if(!is_postback){return;}var form_content = jQuery(this).contents().find('#gform_wrapper_1');var is_confirmation = jQuery(this).contents().find('#gform_confirmation_wrapper_1').length > 0;var is_redirect = contents.indexOf('gformRedirect(){') >= 0;var is_form = form_content.length > 0 && ! is_redirect && ! is_confirmation;var mt = parseInt(jQuery('html').css('margin-top'), 10) + parseInt(jQuery('body').css('margin-top'), 10) + 100;if(is_form){jQuery('#gform_wrapper_1').html(form_content.html());if(form_content.hasClass('gform_validation_error')){jQuery('#gform_wrapper_1').addClass('gform_validation_error');} else {jQuery('#gform_wrapper_1').removeClass('gform_validation_error');}setTimeout( function() { \/* delay the scroll by 50 milliseconds to fix a bug in chrome *\/  }, 50 );if(window['gformInitDatepicker']) {gformInitDatepicker();}if(window['gformInitPriceFields']) {gformInitPriceFields();}var current_page = jQuery('#gform_source_page_number_1').val();gformInitSpinner( 1, 'https:\/\/viseca-payment.ch\/wp-content\/plugins\/gravityforms\/images\/spinner.svg', true );jQuery(document).trigger('gform_page_loaded', [1, current_page]);window['gf_submitting_1'] = false;}else if(!is_redirect){var confirmation_content = jQuery(this).contents().find('.GF_AJAX_POSTBACK').html();if(!confirmation_content){confirmation_content = contents;}jQuery('#gform_wrapper_1').replaceWith(confirmation_content);jQuery(document).trigger('gform_confirmation_loaded', [1]);window['gf_submitting_1'] = false;wp.a11y.speak(jQuery('#gform_confirmation_message_1').text());}else{jQuery('#gform_1').append(contents);if(window['gformRedirect']) {gformRedirect();}}jQuery(document).trigger(\"gform_pre_post_render\", [{ formId: \"1\", currentPage: \"current_page\", abort: function() { this.preventDefault(); } }]);        if (event && event.defaultPrevented) {                return;        }        const gformWrapperDiv = document.getElementById( \"gform_wrapper_1\" );        if ( gformWrapperDiv ) {            const visibilitySpan = document.createElement( \"span\" );            visibilitySpan.id = \"gform_visibility_test_1\";            gformWrapperDiv.insertAdjacentElement( \"afterend\", visibilitySpan );        }        const visibilityTestDiv = document.getElementById( \"gform_visibility_test_1\" );        let postRenderFired = false;        function triggerPostRender() {            if ( postRenderFired ) {                return;            }            postRenderFired = true;            gform.core.triggerPostRenderEvents( 1, current_page );            if ( visibilityTestDiv ) {                visibilityTestDiv.parentNode.removeChild( visibilityTestDiv );            }        }        function debounce( func, wait, immediate ) {            var timeout;            return function() {                var context = this, args = arguments;                var later = function() {                    timeout = null;                    if ( !immediate ) func.apply( context, args );                };                var callNow = immediate && !timeout;                clearTimeout( timeout );                timeout = setTimeout( later, wait );                if ( callNow ) func.apply( context, args );            };        }        const debouncedTriggerPostRender = debounce( function() {            triggerPostRender();        }, 200 );        if ( visibilityTestDiv && visibilityTestDiv.offsetParent === null ) {            const observer = new MutationObserver( ( mutations ) => {                mutations.forEach( ( mutation ) => {                    if ( mutation.type === 'attributes' && visibilityTestDiv.offsetParent !== null ) {                        debouncedTriggerPostRender();                        observer.disconnect();                    }                });            });            observer.observe( document.body, {                attributes: true,                childList: false,                subtree: true,                attributeFilter: [ 'style', 'class' ],            });        } else {            triggerPostRender();        }    } );} ); \n\/* ]]> *\/\n<\/script>\n\t\t\t<\/div>\n\n            <script type=\"text\/javascript\">\n                var gf_global = {\"gf_currency_config\":{\"name\":\"Dollar US\",\"symbol_left\":\"$\",\"symbol_right\":\"\",\"symbol_padding\":\"\",\"thousand_separator\":\",\",\"decimal_separator\":\".\",\"decimals\":2,\"code\":\"USD\"},\"base_url\":\"https:\\\/\\\/viseca-payment.ch\\\/wp-content\\\/plugins\\\/gravityforms\",\"number_formats\":[],\"spinnerUrl\":\"https:\\\/\\\/viseca-payment.ch\\\/wp-content\\\/plugins\\\/gravityforms\\\/images\\\/spinner.svg\",\"version_hash\":\"5c7e61dbc06521ab3ca8826f7cef14af\",\"strings\":{\"newRowAdded\":\"Nouvelle ligne ajout\\u00e9e.\",\"rowRemoved\":\"Rang\\u00e9e supprim\\u00e9e\",\"formSaved\":\"Le formulaire a \\u00e9t\\u00e9 enregistr\\u00e9. Le contenu contient le lien pour retourner et terminer le formulaire.\"}};\t\t\t\tvar gf_vars = {\"active\":\"Actif\",\"inactive\":\"Inactif\",\"save\":\"Enregistrer\",\"update\":\"Mettre \\u00e0 jour\",\"previousLabel\":\"Pr\\u00e9c\\u00e9dent\",\"selectFormat\":\"S\\u00e9lectionnez un format\",\"column\":\"Colonne\",\"editToViewAll\":\"5 \\u00e9l\\u00e9ments sur %d affich\\u00e9s. Modifiez le champ pour tout afficher.\",\"selectAll\":\"Tout s\\u00e9lectionner\",\"enterValue\":\"Saisir une valeur\",\"formTitle\":\"Formulaire sans titre\",\"formDescription\":\"N\\u2019h\\u00e9sitez pas \\u00e0 communiquer avec nous\\u00a0! Veuillez remplir ce formulaire et nous vous r\\u00e9pondrons sous peu.\",\"formConfirmationMessage\":\"Merci de nous avoir contact\\u00e9s\\u00a0! Nous vous r\\u00e9pondrons sous peu.\",\"buttonText\":\"Envoyer\",\"buttonDescription\":\"Le bouton d\\u2019envoi de ce formulaire\",\"loading\":\"Chargement\\u2026\",\"thisFieldIf\":\"ce champ si\",\"thisSectionIf\":\"cette section si\",\"thisPage\":\"cette page si\",\"thisFormButton\":\"ce bouton de formulaire si\",\"show\":\"Afficher\",\"hide\":\"Masquer\",\"enable\":\"Activer\",\"disable\":\"D\\u00e9sactiver\",\"enabled\":\"Activ\\u00e9\",\"disabled\":\"D\\u00e9sactiv\\u00e9\",\"configure\":\"Configurer\",\"conditional_logic_text\":\"Logique conditionnelle\",\"conditional_logic_desc\":\"La logique conditionnelle vous permet de modifier ce que l\\u2019utilisateur ou l\\u2019utilisatrice voit en fonction des champs s\\u00e9lectionn\\u00e9s.\",\"conditional_logic_a11y\":\"L\\u2019ajout d\\u2018une logique conditionnelle au bouton d\\u2019envoi du formulaire peut entra\\u00eener des probl\\u00e8mes d\\u2019utilisation pour certaines personnes et avoir un impact n\\u00e9gatif sur l\\u2019accessibilit\\u00e9 de votre formulaire. Pour en savoir plus sur la logique conditionnelle des boutons, consultez notre <a href=\\\"https:\\\/\\\/docs.gravityforms.com\\\/field-accessibility-warning\\\/\\\" target=\\\"_blank\\\" rel=\\\"noopener\\\">documentation<span class=\\\"screen-reader-text\\\">(s\\u2019ouvre dans un nouvel onglet)<\\\/span>&nbsp;<span class=\\\"gform-icon gform-icon--external-link\\\" aria-hidden=\\\"true\\\"><\\\/span><\\\/a>.\",\"page\":\"Page\",\"next_button\":\"Bouton suivant\",\"button\":\"Bouton d\\u2019envoi\",\"all\":\"Toutes\",\"any\":\"Certaines\",\"ofTheFollowingMatch\":\"l(d)es crit\\u00e8res suivants correspondent\\u00a0:\",\"is\":\"est\",\"isNot\":\"n\\u2019est pas\",\"greaterThan\":\"plus grand que\",\"lessThan\":\"plus petit que\",\"contains\":\"contient\",\"startsWith\":\"commence avec\",\"endsWith\":\"finit avec\",\"emptyChoice\":\"Vide (aucun choix s\\u00e9lectionn\\u00e9)\",\"alertLegacyMode\":\"Ce formulaire utilise d\\u2018anciennes balises et ne prend pas en charge le redimensionnement des champs dans l\\u2019\\u00e9diteur. Veuillez d\\u00e9sactiver l\\u2019ancien balisage dans les r\\u00e9glages du formulaire pour activer le redimensionnement en temps r\\u00e9el.\",\"thisConfirmation\":\"Utiliser cette confirmation si\",\"thisNotification\":\"Envoyer cette notification si\",\"confirmationSave\":\"Enregistrer\",\"confirmationSaving\":\"Enregistrement\\u2026\",\"confirmationAreYouSure\":\"Confirmez-vous l\\u2019annulation de ces modifications\\u00a0?\",\"confirmationIssueSaving\":\"Une erreur s\\u2019est produite lors de l\\u2019enregistrement de la confirmation.\",\"confirmationConfirmDelete\":\"Confirmez-vous la suppression de cette confirmation\\u00a0?\",\"confirmationIssueDeleting\":\"Une erreur s\\u2019est produite lors de la suppression de la confirmation.\",\"confirmationConfirmDiscard\":\"Les changements apport\\u00e9s \\u00e0 cette confirmation n\\u2019ont pas \\u00e9t\\u00e9 enregistr\\u00e9s. Voulez-vous vraiment annuler ces changements\\u00a0?\",\"confirmationDefaultName\":\"Confirmation sans titre\",\"confirmationDefaultMessage\":\"Merci de nous avoir contact\\u00e9s\\u00a0! Nous vous r\\u00e9pondrons sous peu.\",\"confirmationInvalidPageSelection\":\"Veuillez s\\u00e9lectionner une page.\",\"confirmationInvalidRedirect\":\"Veuillez saisir une URL.\",\"confirmationInvalidName\":\"Veuillez saisir un nom pour la confirmation.\",\"confirmationDeleteField\":\"La suppression de ce champ entrainera la suppression de toutes les donn\\u00e9es qui y sont associ\\u00e9es. \\u00ab OK \\u00bb pour supprimer, \\u00ab Annuler \\u00bb pour abandonner.\",\"confirmationDeleteDisplayField\":\"Vous \\u00eates sur le point de supprimer ce champ. \\u00ab\\u00a0Annuler\\u00a0\\u00bb pour arr\\u00eater. \\u00ab\\u00a0OK\\u00a0\\u00bb pour supprimer.\",\"confirmationDeleteDisplayFieldTitle\":\"Avertissement\",\"conditionalLogicDependency\":\"Avertissement ! Ce formulaire contient une logique conditionnelle {type} qui d\\u00e9pend de ce champ. La suppression de ce champ d\\u00e9sactivera ces r\\u00e8gles de logique conditionnelle et supprimera aussi toutes les entr\\u00e9es de donn\\u00e9es associ\\u00e9es \\u00e0 ce champ. \\u00ab\\u00a0OK\\u00a0\\u00bb pour supprimer, \\u00ab\\u00a0Annuler\\u00a0\\u00bb pour abandonner.\",\"conditionalLogicDependencyChoice\":\"Ce formulaire comporte des logiques conditionnelles {type} qui d\\u00e9pendent de ce choix. Confirmez-vous la suppression de ce choix ? \\u00ab\\u00a0OK\\u00a0\\u00bb pour supprimer, \\u00ab\\u00a0Annuler\\u00a0\\u00bb pour abandonner.\",\"conditionalLogicDependencyChoiceEdit\":\"Ce formulaire comporte des logiques conditionnelles {type} qui d\\u00e9pendent de ce choix. Confirmez-vous la modification de ce choix ? \\u00ab\\u00a0OK\\u00a0\\u00bb pour supprimer, \\u00ab\\u00a0Annuler\\u00a0\\u00bb pour abandonner.\",\"conditionalLogicDependencyAdminOnly\":\"Ce formulaire comporte des logiques conditionnelles {type} qui d\\u00e9pendent de ce choix. Confirmez-vous la modification de ce champ comme administratif ? \\u00ab\\u00a0OK\\u00a0\\u00bb pour continuer, \\u00ab\\u00a0Annuler\\u00a0\\u00bb pour abandonner.\",\"conditionalLogicRichTextEditorWarning\":\"Ce formulaire contient une logique conditionnelle qui d\\u00e9pend de ce champ. Cela ne fonctionnera plus si l\\u2019\\u00e9diteur de texte enrichi est activ\\u00e9. Confirmez-vous l\\u2019activation de l\\u2019\\u00e9diteur de texte enrichi\\u00a0? \\u00ab\\u00a0OK\\u00a0\\u00bb pour continuer, \\u00ab\\u00a0Annuler\\u00a0\\u00bb pour abandonner.\",\"conditionalLogicTypeButton\":\"bouton\",\"conditionalLogicTypeConfirmation\":\"confirmation\",\"conditionalLogicTypeNotification\":\"notification\",\"conditionalLogicTypeNoficationRouting\":\"acheminement des notifications\",\"conditionalLogicTypeField\":\"champ\",\"conditionalLogicTypeFeed\":\"flux\",\"conditionalLogicWarningTitle\":\"Avertissement de logique conditionnelle\",\"mergeTagsText\":\"Ins\\u00e9rer des balises de fusion\",\"baseUrl\":\"https:\\\/\\\/viseca-payment.ch\\\/wp-content\\\/plugins\\\/gravityforms\",\"gf_currency_config\":{\"name\":\"Dollar US\",\"symbol_left\":\"$\",\"symbol_right\":\"\",\"symbol_padding\":\"\",\"thousand_separator\":\",\",\"decimal_separator\":\".\",\"decimals\":2,\"code\":\"USD\"},\"otherChoiceValue\":\"Autre\",\"isFormTrash\":false,\"currentlyAddingField\":false,\"visibilityOptions\":[{\"label\":\"Visible\",\"value\":\"visible\",\"description\":\"Option par d\\u00e9faut. Ce champ est visible quand le formulaire est affich\\u00e9.\"},{\"label\":\"Masqu\\u00e9\",\"value\":\"hidden\",\"description\":\"Ce champ est masqu\\u00e9 quand le formulaire est affich\\u00e9. Utile si vous avez besoin de la fonctionnalit\\u00e9 de ce champ mais que vous ne voulez pas que l\\u2019utilisateur ou l\\u2019utilisatrice puisse le voir.\"},{\"label\":\"Administration\",\"value\":\"administrative\",\"description\":\"Ce champ est visible uniquement pendant l\\u2019administration des entr\\u00e9es envoy\\u00e9es. Ce champ n\\u2019est pas visible ou fonctionnel lorsque le formulaire est vu.\"}],\"addFieldFilter\":\"Ajouter une condition\",\"removeFieldFilter\":\"Retirer une condition\",\"filterAndAny\":\"{0} des crit\\u00e8res suivants correspondent\\u00a0:\",\"customChoices\":\"Choix personnalis\\u00e9s\",\"predefinedChoices\":\"Choix pr\\u00e9d\\u00e9finis\",\"fieldLabelAriaLabel\":\"{field_label} - {field_type}, aller aux r\\u00e9glages de ce fichier\",\"fieldCanBeAddedTitle\":\"Limite du champ\",\"fieldCanBeAddedCaptcha\":\"Un seul champ CAPTCHA peut \\u00eatre ajout\\u00e9 au formulaire.\",\"fieldCanBeAddedShipping\":\"Un seul champ livraison peut \\u00eatre ajout\\u00e9 au formulaire.\",\"fieldCanBeAddedPostContent\":\"Un seul champ corps d\\u2018article peut \\u00eatre ajout\\u00e9 au formulaire.\",\"fieldCanBeAddedPostTitle\":\"Un seul champ titre d\\u2018article peut \\u00eatre ajout\\u00e9 au formulaire.\",\"fieldCanBeAddedPostExcerpt\":\"Un seul champ extrait d\\u2018article peut \\u00eatre ajout\\u00e9 au formulaire.\",\"fieldCanBeAddedCreditCard\":\"Un seul champ carte bancaire peut \\u00eatre ajout\\u00e9 au formulaire.\",\"fieldCanBeAddedProductTitle\":\"Champ du produit manquant\",\"fieldCanBeAddedProduct\":\"Vous devez d\\u2019abord ajouter un champ de produit au formulaire.\",\"legacyMarkupTitle\":\"Balise non prise en charge\",\"fieldCanBeAddedMultipleChoice\":\"Vous ne pouvez pas ajouter un champ \\u00e0 choix multiple \\u00e0 un formulaire qui utilise des balises h\\u00e9rit\\u00e9es. Veuillez modifier les r\\u00e9glages du formulaire et inactiver l\\u2018ancien balisage.\",\"fieldCanBeAddedImageChoice\":\"Vous ne pouvez pas ajouter un champ de choix d\\u2018image \\u00e0 un formulaire qui utilise des balises h\\u00e9rit\\u00e9es. Veuillez modifier les r\\u00e9glages du formulaire et inactiver l\\u2018ancien balisage.\",\"FieldAjaxonErrorTitle\":\"Erreur\",\"StartAddFieldAjaxonError\":\"Erreur Ajax lors de l\\u2018ajout du champ. Veuillez actualiser la page et r\\u00e9essayer.\",\"StartChangeInputTypeAjaxonError\":\"Erreur Ajax lors du changement de type d\\u2018entr\\u00e9e. Veuillez actualiser la page et r\\u00e9essayer.\",\"MissingNameCustomChoicesTitle\":\"Nom manquant\",\"MissingNameCustomChoices\":\"Veuillez donner un nom \\u00e0 ce choix personnalis\\u00e9.\",\"DuplicateNameCustomChoicesTitle\":\"Dupliquer le nom\",\"DuplicateNameCustomChoices\":\"Ce nom de choix personnalis\\u00e9 est d\\u00e9j\\u00e0 utilis\\u00e9. Veuillez saisir un autre nom.\",\"DuplicateTitleMessageTitle\":\"Dupliquer le titre\",\"DuplicateTitleMessage\":\"Le titre de formulaire que vous avez saisi est d\\u00e9j\\u00e0 utilis\\u00e9. Veuillez saisir un titre unique.\",\"ValidateFormMissingFormTitleTitle\":\"Titre du formulaire manquant\",\"ValidateFormMissingFormTitle\":\"Veuillez saisir un titre pour ce formulaire. Lors de l\\u2019int\\u00e9gration du formulaire \\u00e0 un article ou une page, vous aurez la possibilit\\u00e9 de masquer ce titre.\",\"ValidateFormEmptyPageTitle\":\"Page vide\",\"ValidateFormEmptyPage\":\"Votre formulaire a actuellement une ou plusieurs pages sans aucun champ. Les pages vides sont le r\\u00e9sultat des sauts de page qui sont plac\\u00e9s au d\\u00e9but ou \\u00e0 la fin du formulaire ou l\\u2019un apr\\u00e8s l\\u2019autre. Veuillez ajuster vos sauts de page.\",\"ValidateFormMissingProductLabelTitle\":\"Libell\\u00e9 du produit manquant\",\"ValidateFormMissingProductLabel\":\"Ce formulaire poss\\u00e8de un champ de produit dont le libell\\u00e9 est vide. Veuillez saisir un libell\\u00e9 pour chaque champ de produit.\",\"ValidateFormMissingProductFieldTitle\":\"Champ du produit manquant\",\"ValidateFormMissingProductField\":\"Votre formulaire poss\\u00e8de un champ d\\u2019option sans champ de produit. Vous devez ajouter un champ de produit \\u00e0 votre formulaire.\",\"FormulaIsValidTitle\":\"Succ\\u00e8s\",\"FormulaIsValid\":\"La formule semble correcte.\",\"FormulaIsInvalid\":\"Il semble qu\\u2019il y ait un probl\\u00e8me avec votre formule.\",\"DeleteFormTitle\":\"Confirmer\",\"DeleteForm\":\"Vous \\u00eates sur le point de d\\u00e9placer ce formulaire dans la corbeille. \\u00ab OK \\u00bb pour supprimer, \\u00ab Annuler \\u00bb pour abandonner.\",\"DeleteCustomChoice\":\"Supprimer cette liste de choix personnalis\\u00e9e\\u00a0? \\u00ab OK \\u00bb pour supprimer, \\u00ab Annuler \\u00bb pour abandonner.\",\"FieldAdded\":\"&nbsp;champ ajout\\u00e9 au formulaire\",\"nameFieldDefaultPrefixes\":[{\"text\":\"Dr\",\"value\":\"Dr\"},{\"text\":\"M.\",\"value\":\"M.\"},{\"text\":\"MM.\",\"value\":\"MM.\"},{\"text\":\"Mlle\",\"value\":\"Mlle\"},{\"text\":\"Mme\",\"value\":\"Mme\"},{\"text\":\"Mmes\",\"value\":\"Mmes\"},{\"text\":\"Prof\",\"value\":\"Prof\"},{\"text\":\"Rev.\",\"value\":\"Rev.\"}]};\t\t\t<\/script>\n            \t\t\t\t<\/div>\n\t\t\t\t<\/div>\n\t\t\t\t<div class=\"elementor-element elementor-element-7f3b9da elementor-widget elementor-widget-spacer\" data-id=\"7f3b9da\" data-element_type=\"widget\" data-e-type=\"widget\" data-widget_type=\"spacer.default\">\n\t\t\t\t<div class=\"elementor-widget-container\">\n\t\t\t\t\t\t\t<div class=\"elementor-spacer\">\n\t\t\t<div class=\"elementor-spacer-inner\"><\/div>\n\t\t<\/div>\n\t\t\t\t\t\t<\/div>\n\t\t\t\t<\/div>\n\t\t\t\t\t<\/div>\n\t\t<\/div>\n\t\t\t\t\t<\/div>\n\t\t<\/section>\n\t\t\t\t<section class=\"elementor-section elementor-top-section elementor-element elementor-element-348ec70 elementor-section-boxed elementor-section-height-default elementor-section-height-default\" data-id=\"348ec70\" data-element_type=\"section\" data-e-type=\"section\">\n\t\t\t\t\t\t<div class=\"elementor-container elementor-column-gap-default\">\n\t\t\t\t\t<div class=\"elementor-column elementor-col-100 elementor-top-column elementor-element elementor-element-dd13265\" data-id=\"dd13265\" data-element_type=\"column\" data-e-type=\"column\">\n\t\t\t<div class=\"elementor-widget-wrap\">\n\t\t\t\t\t\t\t<\/div>\n\t\t<\/div>\n\t\t\t\t\t<\/div>\n\t\t<\/section>\n\t\t\t\t<\/div>\n\t\t","protected":false},"excerpt":{"rendered":"<p>M\u00e9dias Viseca attache une grande importance \u00e0 la transparence de la communication avec toutes les parties prenantes. Les journalistes et les personnes int\u00e9ress\u00e9es trouveront ci-dessous les communiqu\u00e9s de presse de Viseca ainsi que les donn\u00e9es de contact de notre service de presse. Si vous souhaitez \u00eatre ajout\u00e9 \u00e0 la liste de distribution de Viseca, veuillez [&hellip;]<\/p>\n","protected":false},"author":5,"featured_media":0,"parent":0,"menu_order":0,"comment_status":"closed","ping_status":"closed","template":"","meta":{"_acf_changed":false,"footnotes":""},"class_list":["post-2606","page","type-page","status-publish","hentry"],"acf":[],"yoast_head":"<!-- This site is optimized with the Yoast SEO plugin v27.2 - https:\/\/yoast.com\/product\/yoast-seo-wordpress\/ -->\n<title>Viseca Payment Services<\/title>\n<meta name=\"description\" content=\"Viseca attache une grande importance \u00e0 la transparence de la communication avec toutes les parties prenantes. Les journalistes et les personnes int\u00e9ress\u00e9es trouveront ci-dessous les communiqu\u00e9s de presse de Viseca ainsi que les donn\u00e9es de contact de notre service de presse. Si vous souhaitez \u00eatre ajout\u00e9 \u00e0 la liste de distribution de Viseca, veuillez compl\u00e9ter le formulaire de contact au bas de la page.\" \/>\n<meta name=\"robots\" content=\"index, follow, max-snippet:-1, max-image-preview:large, max-video-preview:-1\" \/>\n<link rel=\"canonical\" href=\"https:\/\/viseca-payment.ch\/de\/medien\/\" \/>\n<meta property=\"og:locale\" content=\"fr_FR\" \/>\n<meta property=\"og:type\" content=\"article\" \/>\n<meta property=\"og:title\" content=\"Viseca Payment Services\" \/>\n<meta property=\"og:description\" content=\"Viseca attache une grande importance \u00e0 la transparence de la communication avec toutes les parties prenantes. Les journalistes et les personnes int\u00e9ress\u00e9es trouveront ci-dessous les communiqu\u00e9s de presse de Viseca ainsi que les donn\u00e9es de contact de notre service de presse. Si vous souhaitez \u00eatre ajout\u00e9 \u00e0 la liste de distribution de Viseca, veuillez compl\u00e9ter le formulaire de contact au bas de la page.\" \/>\n<meta property=\"og:url\" content=\"https:\/\/viseca-payment.ch\/de\/medien\/\" \/>\n<meta property=\"og:site_name\" content=\"Viseca Payment Services\" \/>\n<meta property=\"article:modified_time\" content=\"2026-04-17T08:34:13+00:00\" \/>\n<meta property=\"og:image\" content=\"https:\/\/viseca-payment.ch\/wp-content\/uploads\/2026\/03\/Medien_Header_1200x630px.jpg\" \/>\n\t<meta property=\"og:image:width\" content=\"1200\" \/>\n\t<meta property=\"og:image:height\" content=\"630\" \/>\n\t<meta property=\"og:image:type\" content=\"image\/jpeg\" \/>\n<meta name=\"twitter:card\" content=\"summary_large_image\" \/>\n<meta name=\"twitter:label1\" content=\"Dur\u00e9e de lecture estim\u00e9e\" \/>\n\t<meta name=\"twitter:data1\" content=\"8 minutes\" \/>\n<script type=\"application\/ld+json\" class=\"yoast-schema-graph\">{\"@context\":\"https:\/\/schema.org\",\"@graph\":[{\"@type\":\"WebPage\",\"@id\":\"https:\/\/viseca-payment.ch\/fr\/medias\/\",\"url\":\"https:\/\/viseca-payment.ch\/de\/medien\/\",\"name\":\"Viseca Payment Services\",\"isPartOf\":{\"@id\":\"https:\/\/viseca-payment.ch\/de\/#website\"},\"datePublished\":\"2021-12-12T16:11:05+00:00\",\"dateModified\":\"2026-04-17T08:34:13+00:00\",\"description\":\"Viseca attache une grande importance \u00e0 la transparence de la communication avec toutes les parties prenantes. Les journalistes et les personnes int\u00e9ress\u00e9es trouveront ci-dessous les communiqu\u00e9s de presse de Viseca ainsi que les donn\u00e9es de contact de notre service de presse. Si vous souhaitez \u00eatre ajout\u00e9 \u00e0 la liste de distribution de Viseca, veuillez compl\u00e9ter le formulaire de contact au bas de la page.\",\"inLanguage\":\"fr-FR\",\"potentialAction\":[{\"@type\":\"ReadAction\",\"target\":[\"https:\/\/viseca-payment.ch\/de\/medien\/\"]}]},{\"@type\":\"WebSite\",\"@id\":\"https:\/\/viseca-payment.ch\/de\/#website\",\"url\":\"https:\/\/viseca-payment.ch\/de\/\",\"name\":\"Home | Viseca Payment Services\",\"description\":\"\",\"potentialAction\":[{\"@type\":\"SearchAction\",\"target\":{\"@type\":\"EntryPoint\",\"urlTemplate\":\"https:\/\/viseca-payment.ch\/de\/?s={search_term_string}\"},\"query-input\":{\"@type\":\"PropertyValueSpecification\",\"valueRequired\":true,\"valueName\":\"search_term_string\"}}],\"inLanguage\":\"fr-FR\"}]}<\/script>\n<!-- \/ Yoast SEO plugin. -->","yoast_head_json":{"title":"Viseca Payment Services","description":"Viseca attache une grande importance \u00e0 la transparence de la communication avec toutes les parties prenantes. Les journalistes et les personnes int\u00e9ress\u00e9es trouveront ci-dessous les communiqu\u00e9s de presse de Viseca ainsi que les donn\u00e9es de contact de notre service de presse. Si vous souhaitez \u00eatre ajout\u00e9 \u00e0 la liste de distribution de Viseca, veuillez compl\u00e9ter le formulaire de contact au bas de la page.","robots":{"index":"index","follow":"follow","max-snippet":"max-snippet:-1","max-image-preview":"max-image-preview:large","max-video-preview":"max-video-preview:-1"},"canonical":"https:\/\/viseca-payment.ch\/de\/medien\/","og_locale":"fr_FR","og_type":"article","og_title":"Viseca Payment Services","og_description":"Viseca attache une grande importance \u00e0 la transparence de la communication avec toutes les parties prenantes. Les journalistes et les personnes int\u00e9ress\u00e9es trouveront ci-dessous les communiqu\u00e9s de presse de Viseca ainsi que les donn\u00e9es de contact de notre service de presse. Si vous souhaitez \u00eatre ajout\u00e9 \u00e0 la liste de distribution de Viseca, veuillez compl\u00e9ter le formulaire de contact au bas de la page.","og_url":"https:\/\/viseca-payment.ch\/de\/medien\/","og_site_name":"Viseca Payment Services","article_modified_time":"2026-04-17T08:34:13+00:00","og_image":[{"width":1200,"height":630,"url":"https:\/\/viseca-payment.ch\/wp-content\/uploads\/2026\/03\/Medien_Header_1200x630px.jpg","type":"image\/jpeg"}],"twitter_card":"summary_large_image","twitter_misc":{"Dur\u00e9e de lecture estim\u00e9e":"8 minutes"},"schema":{"@context":"https:\/\/schema.org","@graph":[{"@type":"WebPage","@id":"https:\/\/viseca-payment.ch\/fr\/medias\/","url":"https:\/\/viseca-payment.ch\/de\/medien\/","name":"Viseca Payment Services","isPartOf":{"@id":"https:\/\/viseca-payment.ch\/de\/#website"},"datePublished":"2021-12-12T16:11:05+00:00","dateModified":"2026-04-17T08:34:13+00:00","description":"Viseca attache une grande importance \u00e0 la transparence de la communication avec toutes les parties prenantes. Les journalistes et les personnes int\u00e9ress\u00e9es trouveront ci-dessous les communiqu\u00e9s de presse de Viseca ainsi que les donn\u00e9es de contact de notre service de presse. Si vous souhaitez \u00eatre ajout\u00e9 \u00e0 la liste de distribution de Viseca, veuillez compl\u00e9ter le formulaire de contact au bas de la page.","inLanguage":"fr-FR","potentialAction":[{"@type":"ReadAction","target":["https:\/\/viseca-payment.ch\/de\/medien\/"]}]},{"@type":"WebSite","@id":"https:\/\/viseca-payment.ch\/de\/#website","url":"https:\/\/viseca-payment.ch\/de\/","name":"Home | Viseca Payment Services","description":"","potentialAction":[{"@type":"SearchAction","target":{"@type":"EntryPoint","urlTemplate":"https:\/\/viseca-payment.ch\/de\/?s={search_term_string}"},"query-input":{"@type":"PropertyValueSpecification","valueRequired":true,"valueName":"search_term_string"}}],"inLanguage":"fr-FR"}]}},"_links":{"self":[{"href":"https:\/\/viseca-payment.ch\/fr\/wp-json\/wp\/v2\/pages\/2606","targetHints":{"allow":["GET"]}}],"collection":[{"href":"https:\/\/viseca-payment.ch\/fr\/wp-json\/wp\/v2\/pages"}],"about":[{"href":"https:\/\/viseca-payment.ch\/fr\/wp-json\/wp\/v2\/types\/page"}],"author":[{"embeddable":true,"href":"https:\/\/viseca-payment.ch\/fr\/wp-json\/wp\/v2\/users\/5"}],"replies":[{"embeddable":true,"href":"https:\/\/viseca-payment.ch\/fr\/wp-json\/wp\/v2\/comments?post=2606"}],"version-history":[{"count":192,"href":"https:\/\/viseca-payment.ch\/fr\/wp-json\/wp\/v2\/pages\/2606\/revisions"}],"predecessor-version":[{"id":17519,"href":"https:\/\/viseca-payment.ch\/fr\/wp-json\/wp\/v2\/pages\/2606\/revisions\/17519"}],"wp:attachment":[{"href":"https:\/\/viseca-payment.ch\/fr\/wp-json\/wp\/v2\/media?parent=2606"}],"curies":[{"name":"wp","href":"https:\/\/api.w.org\/{rel}","templated":true}]}}